{"id":19826,"date":"2022-04-27T13:33:36","date_gmt":"2022-04-27T11:33:36","guid":{"rendered":"https:\/\/www.emmentaler.ch\/rezept\/avocado-sandwich"},"modified":"2024-07-24T13:17:12","modified_gmt":"2024-07-24T11:17:12","slug":"avocado-sandwich","status":"publish","type":"recipes","link":"https:\/\/www.emmentaler.ch\/de\/rezept\/avocado-sandwich","title":{"rendered":"Avocado Sandwich"},"author":2,"featured_media":19842,"menu_order":0,"template":"","meta":{"inline_featured_image":false},"tags":[788],"recipe_categories":[152],"et_countries":[],"recipe_main_ingredient":[123],"recipe_difficulty":[125],"recipe_preparation_time":[151],"recipe_diet_type":[133,132],"recipe_saison":[135,136],"acf":{"recipe_preparation_time":151,"recipe_categories":152,"recipe_time_txt":"","recipe_type":5203,"recipe_difficulty":125,"recipe_diet_type":[133,132],"recipe_main_ingredient":[123],"recipe_saison":[135,136],"recipe_count_portions":4,"recipe_ingedients":[{"recipe_ingedients_amount":"2","recipe_ingedients_unit":"Scheibe","recipe_ingedients_product":"Vollkorntoastbrot"},{"recipe_ingedients_amount":".5","recipe_ingedients_unit":"St\u00fcck","recipe_ingedients_product":"Avocados"},{"recipe_ingedients_amount":".25","recipe_ingedients_unit":"El","recipe_ingedients_product":"Zitronensaft"},{"recipe_ingedients_amount":".5","recipe_ingedients_unit":"Tl","recipe_ingedients_product":"Aceto balsamico"},{"recipe_ingedients_amount":"0.375","recipe_ingedients_unit":"El","recipe_ingedients_product":"Oliven\u00f6l"},{"recipe_ingedients_amount":".125","recipe_ingedients_unit":"St\u00fcck","recipe_ingedients_product":"Cicorino rosso"},{"recipe_ingedients_amount":"30","recipe_ingedients_unit":"g","recipe_ingedients_product":"Emmentaler AOP"},{"recipe_ingedients_amount":".5","recipe_ingedients_unit":"El","recipe_ingedients_product":"Senf"},{"recipe_ingedients_amount":"","recipe_ingedients_unit":"Bedarf","recipe_ingedients_product":"nach Bedarf: Salz, Pfeffer"}],"temporare_zutaten":"8 Scheiben Vollkorntoastbrot\r\n2 Avocados\r\n1 EL Zitronensaft\r\nSalz, Pfeffer\r\n2 TL Aceto balsamico\r\n1 \u00bd EL Oliven\u00f6l\r\n\u00bd Cicorino rosso\r\n120 g Emmentaler AOP\r\n2 EL Senf","recipe_preparation":"Toastbrot in einer Grillpfanne oder in einem Toaster r\u00f6sten.\r\n\r\nAvocados halbieren, Stein entfernen und Fruchtfleisch aus der Schale l\u00f6sen. Avocados mit Zitronensaft p\u00fcrieren, mit Salz und Pfeffer w\u00fcrzen. Aceto balsamico mit \u00d6l, Salz und Pfeffer verr\u00fchren. Radicchio in Streifen schneiden, mit der Sauce mischen. K\u00e4se in d\u00fcnne Scheiben schneiden.\r\n\r\nToasts mit Senf bestreichen. 4 Toasts mit Avocadop\u00fcree, Cicorino und K\u00e4se belegen. \u00dcbrige Toastscheiben darauf legen und leicht andr\u00fccken. Mit einem scharfen Messer diagonal in zwei Dreiecke schneiden.","recipe_images":[19837,19842]},"_links":{"self":[{"href":"https:\/\/www.emmentaler.ch\/de\/wp-json\/wp\/v2\/recipes\/19826"}],"collection":[{"href":"https:\/\/www.emmentaler.ch\/de\/wp-json\/wp\/v2\/recipes"}],"about":[{"href":"https:\/\/www.emmentaler.ch\/de\/wp-json\/wp\/v2\/types\/recipes"}],"author":[{"embeddable":true,"href":"https:\/\/www.emmentaler.ch\/de\/wp-json\/wp\/v2\/users\/2"}],"version-history":[{"count":1,"href":"https:\/\/www.emmentaler.ch\/de\/wp-json\/wp\/v2\/recipes\/19826\/revisions"}],"predecessor-version":[{"id":137865,"href":"https:\/\/www.emmentaler.ch\/de\/wp-json\/wp\/v2\/recipes\/19826\/revisions\/137865"}],"acf:attachment":[{"embeddable":true,"href":"https:\/\/www.emmentaler.ch\/de\/wp-json\/wp\/v2\/media\/19842"},{"embeddable":true,"href":"https:\/\/www.emmentaler.ch\/de\/wp-json\/wp\/v2\/media\/19837"}],"acf:term":[{"embeddable":true,"taxonomy":"recipe_saison","href":"https:\/\/www.emmentaler.ch\/de\/wp-json\/wp\/v2\/recipe_saison\/136"},{"embeddable":true,"taxonomy":"recipe_saison","href":"https:\/\/www.emmentaler.ch\/de\/wp-json\/wp\/v2\/recipe_saison\/135"},{"embeddable":true,"taxonomy":"recipe_main_ingredient","href":"https:\/\/www.emmentaler.ch\/de\/wp-json\/wp\/v2\/recipe_main_ingredient\/123"},{"embeddable":true,"taxonomy":"recipe_diet_type","href":"https:\/\/www.emmentaler.ch\/de\/wp-json\/wp\/v2\/recipe_diet_type\/132"},{"embeddable":true,"taxonomy":"recipe_diet_type","href":"https:\/\/www.emmentaler.ch\/de\/wp-json\/wp\/v2\/recipe_diet_type\/133"},{"embeddable":true,"taxonomy":"recipe_difficulty","href":"https:\/\/www.emmentaler.ch\/de\/wp-json\/wp\/v2\/recipe_difficulty\/125"},{"embeddable":true,"taxonomy":"recipe_categories","href":"https:\/\/www.emmentaler.ch\/de\/wp-json\/wp\/v2\/recipe_categories\/152"},{"embeddable":true,"taxonomy":"recipe_preparation_time","href":"https:\/\/www.emmentaler.ch\/de\/wp-json\/wp\/v2\/recipe_preparation_time\/151"}],"acf:post":[{"embeddable":true,"href":"https:\/\/www.emmentaler.ch\/de\/wp-json\/wp\/v2\/pages\/5203"}],"wp:featuredmedia":[{"embeddable":true,"href":"https:\/\/www.emmentaler.ch\/de\/wp-json\/wp\/v2\/media\/19842"}],"wp:attachment":[{"href":"https:\/\/www.emmentaler.ch\/de\/wp-json\/wp\/v2\/media?parent=19826"}],"wp:term":[{"taxonomy":"post_tag","embeddable":true,"href":"https:\/\/www.emmentaler.ch\/de\/wp-json\/wp\/v2\/tags?post=19826"},{"taxonomy":"recipe_categories","embeddable":true,"href":"https:\/\/www.emmentaler.ch\/de\/wp-json\/wp\/v2\/recipe_categories?post=19826"},{"taxonomy":"et_countries","embeddable":true,"href":"https:\/\/www.emmentaler.ch\/de\/wp-json\/wp\/v2\/et_countries?post=19826"},{"taxonomy":"recipe_main_ingredient","embeddable":true,"href":"https:\/\/www.emmentaler.ch\/de\/wp-json\/wp\/v2\/recipe_main_ingredient?post=19826"},{"taxonomy":"recipe_difficulty","embeddable":true,"href":"https:\/\/www.emmentaler.ch\/de\/wp-json\/wp\/v2\/recipe_difficulty?post=19826"},{"taxonomy":"recipe_preparation_time","embeddable":true,"href":"https:\/\/www.emmentaler.ch\/de\/wp-json\/wp\/v2\/recipe_preparation_time?post=19826"},{"taxonomy":"recipe_diet_type","embeddable":true,"href":"https:\/\/www.emmentaler.ch\/de\/wp-json\/wp\/v2\/recipe_diet_type?post=19826"},{"taxonomy":"recipe_saison","embeddable":true,"href":"https:\/\/www.emmentaler.ch\/de\/wp-json\/wp\/v2\/recipe_saison?post=19826"}],"curies":[{"name":"wp","href":"https:\/\/api.w.org\/{rel}","templated":true}]}}