{"id":19857,"date":"2022-04-27T13:33:36","date_gmt":"2022-04-27T11:33:36","guid":{"rendered":"https:\/\/www.emmentaler.ch\/rezept\/baerlauch-champignons-mit-emmentaler-aop"},"modified":"2024-07-24T13:25:10","modified_gmt":"2024-07-24T11:25:10","slug":"baerlauch-champignons-mit-emmentaler-aop","status":"publish","type":"recipes","link":"https:\/\/www.emmentaler.ch\/de\/rezept\/baerlauch-champignons-mit-emmentaler-aop","title":{"rendered":"B\u00e4rlauch-Champignons mit Emmentaler AOP"},"author":2,"featured_media":19873,"menu_order":0,"template":"","meta":{"inline_featured_image":false},"tags":[],"recipe_categories":[86],"et_countries":[],"recipe_main_ingredient":[],"recipe_difficulty":[125],"recipe_preparation_time":[162],"recipe_diet_type":[133,132],"recipe_saison":[138,140],"acf":{"recipe_preparation_time":162,"recipe_categories":86,"recipe_time_txt":"","recipe_type":5226,"recipe_difficulty":125,"recipe_diet_type":[133,132],"recipe_main_ingredient":false,"recipe_saison":[138,140],"recipe_count_portions":4,"recipe_ingedients":[{"recipe_ingedients_amount":"5","recipe_ingedients_unit":"St\u00fcck","recipe_ingedients_product":"Champignons, gross"},{"recipe_ingedients_amount":".5","recipe_ingedients_unit":"St\u00fcck","recipe_ingedients_product":"Knoblauchzehen"},{"recipe_ingedients_amount":".5","recipe_ingedients_unit":"El","recipe_ingedients_product":"Oliven\u00f6l"},{"recipe_ingedients_amount":"18.75","recipe_ingedients_unit":"g","recipe_ingedients_product":"B\u00e4rlauch"},{"recipe_ingedients_amount":"37.5","recipe_ingedients_unit":"g","recipe_ingedients_product":"Emmentaler AOP"},{"recipe_ingedients_amount":"12.5","recipe_ingedients_unit":"ml","recipe_ingedients_product":"Weisswein"},{"recipe_ingedients_amount":"12.5","recipe_ingedients_unit":"g","recipe_ingedients_product":"Paniermehl"},{"recipe_ingedients_amount":"","recipe_ingedients_unit":"Bedarf","recipe_ingedients_product":"nach Bedarf: Salz, Pfeffer"}],"temporare_zutaten":"20 grosse Champignons\r\n2 Knoblauchzehen\r\n2 EL Oliven\u00f6l\r\n75 g B\u00e4rlauch\r\n150 g Emmentaler AOP\r\n0.5 dl Weisswein\r\n50 g Paniermehl\r\nSalz, Pfeffer","recipe_preparation":"Stiele von den Champignons herausdrehen. Champignonsh\u00fcte mit der \u00d6ffnung nach unten im Dampf 3 Minuten garen. In eine ofenfeste Form verteilen, leicht salzen.\r\n\r\nKnoblauch und Champignonsstiele fein hacken und im heissen \u00d6l kurz d\u00fcnsten. B\u00e4rlauch sehr fein schneiden. Emmentaler AOP fein reiben, mit Weisswein, Paniermehl, B\u00e4rlauch und den Pilzstielen vermischen. Mit Salz und Pfeffer w\u00fcrzen.\r\n\r\nK\u00e4semischung bergartig in die Pilzk\u00f6pfe f\u00fcllen. Unter dem heissen Backofengrill ca. 7 Minuten \u00fcberbacken.\r\n\r\nMit Risotto oder Salat servieren.","recipe_images":[19868,19873]},"_links":{"self":[{"href":"https:\/\/www.emmentaler.ch\/de\/wp-json\/wp\/v2\/recipes\/19857"}],"collection":[{"href":"https:\/\/www.emmentaler.ch\/de\/wp-json\/wp\/v2\/recipes"}],"about":[{"href":"https:\/\/www.emmentaler.ch\/de\/wp-json\/wp\/v2\/types\/recipes"}],"author":[{"embeddable":true,"href":"https:\/\/www.emmentaler.ch\/de\/wp-json\/wp\/v2\/users\/2"}],"version-history":[{"count":1,"href":"https:\/\/www.emmentaler.ch\/de\/wp-json\/wp\/v2\/recipes\/19857\/revisions"}],"predecessor-version":[{"id":137866,"href":"https:\/\/www.emmentaler.ch\/de\/wp-json\/wp\/v2\/recipes\/19857\/revisions\/137866"}],"acf:attachment":[{"embeddable":true,"href":"https:\/\/www.emmentaler.ch\/de\/wp-json\/wp\/v2\/media\/19873"},{"embeddable":true,"href":"https:\/\/www.emmentaler.ch\/de\/wp-json\/wp\/v2\/media\/19868"}],"acf:term":[{"embeddable":true,"taxonomy":"recipe_saison","href":"https:\/\/www.emmentaler.ch\/de\/wp-json\/wp\/v2\/recipe_saison\/140"},{"embeddable":true,"taxonomy":"recipe_saison","href":"https:\/\/www.emmentaler.ch\/de\/wp-json\/wp\/v2\/recipe_saison\/138"},{"embeddable":true,"taxonomy":"recipe_diet_type","href":"https:\/\/www.emmentaler.ch\/de\/wp-json\/wp\/v2\/recipe_diet_type\/132"},{"embeddable":true,"taxonomy":"recipe_diet_type","href":"https:\/\/www.emmentaler.ch\/de\/wp-json\/wp\/v2\/recipe_diet_type\/133"},{"embeddable":true,"taxonomy":"recipe_difficulty","href":"https:\/\/www.emmentaler.ch\/de\/wp-json\/wp\/v2\/recipe_difficulty\/125"},{"embeddable":true,"taxonomy":"recipe_categories","href":"https:\/\/www.emmentaler.ch\/de\/wp-json\/wp\/v2\/recipe_categories\/86"},{"embeddable":true,"taxonomy":"recipe_preparation_time","href":"https:\/\/www.emmentaler.ch\/de\/wp-json\/wp\/v2\/recipe_preparation_time\/162"}],"acf:post":[{"embeddable":true,"href":"https:\/\/www.emmentaler.ch\/de\/wp-json\/wp\/v2\/pages\/5226"}],"wp:featuredmedia":[{"embeddable":true,"href":"https:\/\/www.emmentaler.ch\/de\/wp-json\/wp\/v2\/media\/19873"}],"wp:attachment":[{"href":"https:\/\/www.emmentaler.ch\/de\/wp-json\/wp\/v2\/media?parent=19857"}],"wp:term":[{"taxonomy":"post_tag","embeddable":true,"href":"https:\/\/www.emmentaler.ch\/de\/wp-json\/wp\/v2\/tags?post=19857"},{"taxonomy":"recipe_categories","embeddable":true,"href":"https:\/\/www.emmentaler.ch\/de\/wp-json\/wp\/v2\/recipe_categories?post=19857"},{"taxonomy":"et_countries","embeddable":true,"href":"https:\/\/www.emmentaler.ch\/de\/wp-json\/wp\/v2\/et_countries?post=19857"},{"taxonomy":"recipe_main_ingredient","embeddable":true,"href":"https:\/\/www.emmentaler.ch\/de\/wp-json\/wp\/v2\/recipe_main_ingredient?post=19857"},{"taxonomy":"recipe_difficulty","embeddable":true,"href":"https:\/\/www.emmentaler.ch\/de\/wp-json\/wp\/v2\/recipe_difficulty?post=19857"},{"taxonomy":"recipe_preparation_time","embeddable":true,"href":"https:\/\/www.emmentaler.ch\/de\/wp-json\/wp\/v2\/recipe_preparation_time?post=19857"},{"taxonomy":"recipe_diet_type","embeddable":true,"href":"https:\/\/www.emmentaler.ch\/de\/wp-json\/wp\/v2\/recipe_diet_type?post=19857"},{"taxonomy":"recipe_saison","embeddable":true,"href":"https:\/\/www.emmentaler.ch\/de\/wp-json\/wp\/v2\/recipe_saison?post=19857"}],"curies":[{"name":"wp","href":"https:\/\/api.w.org\/{rel}","templated":true}]}}