{"id":19950,"date":"2022-04-27T13:33:36","date_gmt":"2022-04-27T11:33:36","guid":{"rendered":"https:\/\/www.emmentaler.ch\/rezept\/bruschetta-mit-sprossen-ruehrei"},"modified":"2024-07-24T13:17:29","modified_gmt":"2024-07-24T11:17:29","slug":"bruschetta-mit-sprossen-ruehrei","status":"publish","type":"recipes","link":"https:\/\/www.emmentaler.ch\/de\/rezept\/bruschetta-mit-sprossen-ruehrei","title":{"rendered":"Bruschetta mit Sprossen-R\u00fchrei"},"author":2,"featured_media":19966,"menu_order":0,"template":"","meta":{"inline_featured_image":false},"tags":[788],"recipe_categories":[152],"et_countries":[],"recipe_main_ingredient":[],"recipe_difficulty":[125],"recipe_preparation_time":[151],"recipe_diet_type":[132],"recipe_saison":[142,143,140],"acf":{"recipe_preparation_time":151,"recipe_categories":152,"recipe_time_txt":"","recipe_type":5208,"recipe_difficulty":125,"recipe_diet_type":[132],"recipe_main_ingredient":false,"recipe_saison":[142,143,140],"recipe_count_portions":4,"recipe_ingedients":[{"recipe_ingedients_amount":".25","recipe_ingedients_unit":"Bd","recipe_ingedients_product":"Radieschen"},{"recipe_ingedients_amount":".25","recipe_ingedients_unit":"Bd","recipe_ingedients_product":"Schnittlauch"},{"recipe_ingedients_amount":"1.5","recipe_ingedients_unit":"St\u00fcck","recipe_ingedients_product":"Eier"},{"recipe_ingedients_amount":"25","recipe_ingedients_unit":"g","recipe_ingedients_product":"geriebener Emmentaler AOP"},{"recipe_ingedients_amount":"25","recipe_ingedients_unit":"g","recipe_ingedients_product":"Sprossen-Mix, z.B. Weizen-, Kichererbsen- und Linsen-Sprossen"},{"recipe_ingedients_amount":"1","recipe_ingedients_unit":"Scheibe","recipe_ingedients_product":"Bauernbrot, gross"},{"recipe_ingedients_amount":".25","recipe_ingedients_unit":"St\u00fcck","recipe_ingedients_product":"Knoblauchzehe"},{"recipe_ingedients_amount":".25","recipe_ingedients_unit":"El","recipe_ingedients_product":"Butter"},{"recipe_ingedients_amount":"","recipe_ingedients_unit":"Bedarf","recipe_ingedients_product":"nach Bedarf: Salz, Pfeffer"}],"temporare_zutaten":"1 Bund Radieschen\r\n1 Bund Schnittlauch\r\n6 Eier\r\n100 g geriebener Emmentaler AOP\r\n100 g Sprossen-Mix, z.B. Weizen-, Kichererbsen- und Linsen-Sprossen\r\nSalz, Pfeffer\r\n4 grosse Scheiben Bauernbrot\r\n1 Knoblauchzehe\r\n1 EL Butter","recipe_preparation":"Radieschen in d\u00fcnne R\u00e4dchen schneiden. Schnittlauch in R\u00f6llchen schneiden. Eier verquirlen. Eier mit Schnittlauch, K\u00e4se und Sprossen vermischen. Mit Salz und Pfeffer w\u00fcrzen.\r\n\r\nBrot in einer Bratpfanne ohne Fett knusprig r\u00f6sten. Brot herausnehmen und mit der Knoblauchzehe einreiben. Butter schmelzen, Eiermasse hineingiessen und bei kleiner Hitze mit einer Bratschaufel hin und her schieben. Sobald die Masse leicht fest ist, auf die Brotscheiben verteilen. Radieschen darauf legen und mit Pfeffer bestreuen.","recipe_images":[19966]},"_links":{"self":[{"href":"https:\/\/www.emmentaler.ch\/de\/wp-json\/wp\/v2\/recipes\/19950"}],"collection":[{"href":"https:\/\/www.emmentaler.ch\/de\/wp-json\/wp\/v2\/recipes"}],"about":[{"href":"https:\/\/www.emmentaler.ch\/de\/wp-json\/wp\/v2\/types\/recipes"}],"author":[{"embeddable":true,"href":"https:\/\/www.emmentaler.ch\/de\/wp-json\/wp\/v2\/users\/2"}],"version-history":[{"count":1,"href":"https:\/\/www.emmentaler.ch\/de\/wp-json\/wp\/v2\/recipes\/19950\/revisions"}],"predecessor-version":[{"id":137869,"href":"https:\/\/www.emmentaler.ch\/de\/wp-json\/wp\/v2\/recipes\/19950\/revisions\/137869"}],"acf:attachment":[{"embeddable":true,"href":"https:\/\/www.emmentaler.ch\/de\/wp-json\/wp\/v2\/media\/19966"}],"acf:term":[{"embeddable":true,"taxonomy":"recipe_saison","href":"https:\/\/www.emmentaler.ch\/de\/wp-json\/wp\/v2\/recipe_saison\/140"},{"embeddable":true,"taxonomy":"recipe_saison","href":"https:\/\/www.emmentaler.ch\/de\/wp-json\/wp\/v2\/recipe_saison\/143"},{"embeddable":true,"taxonomy":"recipe_saison","href":"https:\/\/www.emmentaler.ch\/de\/wp-json\/wp\/v2\/recipe_saison\/142"},{"embeddable":true,"taxonomy":"recipe_diet_type","href":"https:\/\/www.emmentaler.ch\/de\/wp-json\/wp\/v2\/recipe_diet_type\/132"},{"embeddable":true,"taxonomy":"recipe_difficulty","href":"https:\/\/www.emmentaler.ch\/de\/wp-json\/wp\/v2\/recipe_difficulty\/125"},{"embeddable":true,"taxonomy":"recipe_categories","href":"https:\/\/www.emmentaler.ch\/de\/wp-json\/wp\/v2\/recipe_categories\/152"},{"embeddable":true,"taxonomy":"recipe_preparation_time","href":"https:\/\/www.emmentaler.ch\/de\/wp-json\/wp\/v2\/recipe_preparation_time\/151"}],"acf:post":[{"embeddable":true,"href":"https:\/\/www.emmentaler.ch\/de\/wp-json\/wp\/v2\/pages\/5208"}],"wp:featuredmedia":[{"embeddable":true,"href":"https:\/\/www.emmentaler.ch\/de\/wp-json\/wp\/v2\/media\/19966"}],"wp:attachment":[{"href":"https:\/\/www.emmentaler.ch\/de\/wp-json\/wp\/v2\/media?parent=19950"}],"wp:term":[{"taxonomy":"post_tag","embeddable":true,"href":"https:\/\/www.emmentaler.ch\/de\/wp-json\/wp\/v2\/tags?post=19950"},{"taxonomy":"recipe_categories","embeddable":true,"href":"https:\/\/www.emmentaler.ch\/de\/wp-json\/wp\/v2\/recipe_categories?post=19950"},{"taxonomy":"et_countries","embeddable":true,"href":"https:\/\/www.emmentaler.ch\/de\/wp-json\/wp\/v2\/et_countries?post=19950"},{"taxonomy":"recipe_main_ingredient","embeddable":true,"href":"https:\/\/www.emmentaler.ch\/de\/wp-json\/wp\/v2\/recipe_main_ingredient?post=19950"},{"taxonomy":"recipe_difficulty","embeddable":true,"href":"https:\/\/www.emmentaler.ch\/de\/wp-json\/wp\/v2\/recipe_difficulty?post=19950"},{"taxonomy":"recipe_preparation_time","embeddable":true,"href":"https:\/\/www.emmentaler.ch\/de\/wp-json\/wp\/v2\/recipe_preparation_time?post=19950"},{"taxonomy":"recipe_diet_type","embeddable":true,"href":"https:\/\/www.emmentaler.ch\/de\/wp-json\/wp\/v2\/recipe_diet_type?post=19950"},{"taxonomy":"recipe_saison","embeddable":true,"href":"https:\/\/www.emmentaler.ch\/de\/wp-json\/wp\/v2\/recipe_saison?post=19950"}],"curies":[{"name":"wp","href":"https:\/\/api.w.org\/{rel}","templated":true}]}}