{"id":19981,"date":"2022-04-27T13:33:36","date_gmt":"2022-04-27T11:33:36","guid":{"rendered":"https:\/\/www.emmentaler.ch\/rezept\/bulgursalat"},"modified":"2024-07-24T13:17:33","modified_gmt":"2024-07-24T11:17:33","slug":"bulgursalat-mit-gemuese","status":"publish","type":"recipes","link":"https:\/\/www.emmentaler.ch\/de\/rezept\/bulgursalat-mit-gemuese","title":{"rendered":"Bulgursalat mit Gem\u00fcse"},"author":2,"featured_media":19997,"menu_order":0,"template":"","meta":{"inline_featured_image":false},"tags":[788],"recipe_categories":[86],"et_countries":[],"recipe_main_ingredient":[123],"recipe_difficulty":[125],"recipe_preparation_time":[151],"recipe_diet_type":[134,133,132],"recipe_saison":[143],"acf":{"recipe_preparation_time":151,"recipe_categories":86,"recipe_time_txt":"","recipe_type":5221,"recipe_difficulty":125,"recipe_diet_type":[134,133,132],"recipe_main_ingredient":[123],"recipe_saison":[143],"recipe_count_portions":4,"recipe_ingedients":[{"recipe_ingedients_amount":"125","recipe_ingedients_unit":"ml","recipe_ingedients_product":"Gem\u00fcsebouillon"},{"recipe_ingedients_amount":".25","recipe_ingedients_unit":"Tl","recipe_ingedients_product":"Tomatenp\u00fcree"},{"recipe_ingedients_amount":"50","recipe_ingedients_unit":"g","recipe_ingedients_product":"Bulgur"},{"recipe_ingedients_amount":".5","recipe_ingedients_unit":"Bd","recipe_ingedients_product":"Radieschen"},{"recipe_ingedients_amount":".25","recipe_ingedients_unit":"St\u00fcck","recipe_ingedients_product":"Kohlrabi"},{"recipe_ingedients_amount":".25","recipe_ingedients_unit":"Bd","recipe_ingedients_product":"Fr\u00fchlingszwiebeln"},{"recipe_ingedients_amount":"50","recipe_ingedients_unit":"g","recipe_ingedients_product":"Emmentaler AOP"},{"recipe_ingedients_amount":".25","recipe_ingedients_unit":"St\u00fcck","recipe_ingedients_product":"Zitrone"},{"recipe_ingedients_amount":".5","recipe_ingedients_unit":"El","recipe_ingedients_product":"Essig"},{"recipe_ingedients_amount":"1.25","recipe_ingedients_unit":"El","recipe_ingedients_product":"Oliven\u00f6l"},{"recipe_ingedients_amount":".5","recipe_ingedients_unit":"El","recipe_ingedients_product":"getrocknete Cranberrys"},{"recipe_ingedients_amount":"","recipe_ingedients_unit":"Bedarf","recipe_ingedients_product":"Nach Bedarf: Salz, Pfeffer"}],"temporare_zutaten":"5 dl Gem\u00fcsebouillon\r\n1 TL Tomatenp\u00fcree\r\n200 g Bulgur\r\n2 Bund Radischen\r\n1 Kohlrabi\r\n1 Bund Fr\u00fchlingszwiebeln\r\n200 g Emmentaler AOP\r\n1 Zitrone\r\n2 EL Essig\r\n5 EL Oliven\u00f6l\r\nSalz, Pfeffer\r\n2 EL getrocknete Cranberrys","recipe_preparation":"Bouillon mit Tomatenp\u00fcree aufkochen, Bulgur unterr\u00fchren, zugedeckt ca. 15 Minuten quellen lassen. Ausk\u00fchlen lassen.\r\n\r\nRadieschen in Viertel, Kohlrabi in kleine W\u00fcrfel und Fr\u00fchlingszwiebeln mit dem Gr\u00fcn in Ringe schneiden. Emmentaler AOP in St\u00e4ngeli schneiden.\r\n\r\nZitrone auspressen. Zitronensaft, Essig, \u00d6l, Salz und Pfeffer zu einer Sauce verr\u00fchren. S\u00e4mtliche Zutaten mit der Sauce vermischen.","recipe_images":[19992,19997]},"_links":{"self":[{"href":"https:\/\/www.emmentaler.ch\/de\/wp-json\/wp\/v2\/recipes\/19981"}],"collection":[{"href":"https:\/\/www.emmentaler.ch\/de\/wp-json\/wp\/v2\/recipes"}],"about":[{"href":"https:\/\/www.emmentaler.ch\/de\/wp-json\/wp\/v2\/types\/recipes"}],"author":[{"embeddable":true,"href":"https:\/\/www.emmentaler.ch\/de\/wp-json\/wp\/v2\/users\/2"}],"version-history":[{"count":2,"href":"https:\/\/www.emmentaler.ch\/de\/wp-json\/wp\/v2\/recipes\/19981\/revisions"}],"predecessor-version":[{"id":137870,"href":"https:\/\/www.emmentaler.ch\/de\/wp-json\/wp\/v2\/recipes\/19981\/revisions\/137870"}],"acf:attachment":[{"embeddable":true,"href":"https:\/\/www.emmentaler.ch\/de\/wp-json\/wp\/v2\/media\/19997"},{"embeddable":true,"href":"https:\/\/www.emmentaler.ch\/de\/wp-json\/wp\/v2\/media\/19992"}],"acf:term":[{"embeddable":true,"taxonomy":"recipe_saison","href":"https:\/\/www.emmentaler.ch\/de\/wp-json\/wp\/v2\/recipe_saison\/143"},{"embeddable":true,"taxonomy":"recipe_main_ingredient","href":"https:\/\/www.emmentaler.ch\/de\/wp-json\/wp\/v2\/recipe_main_ingredient\/123"},{"embeddable":true,"taxonomy":"recipe_diet_type","href":"https:\/\/www.emmentaler.ch\/de\/wp-json\/wp\/v2\/recipe_diet_type\/132"},{"embeddable":true,"taxonomy":"recipe_diet_type","href":"https:\/\/www.emmentaler.ch\/de\/wp-json\/wp\/v2\/recipe_diet_type\/133"},{"embeddable":true,"taxonomy":"recipe_diet_type","href":"https:\/\/www.emmentaler.ch\/de\/wp-json\/wp\/v2\/recipe_diet_type\/134"},{"embeddable":true,"taxonomy":"recipe_difficulty","href":"https:\/\/www.emmentaler.ch\/de\/wp-json\/wp\/v2\/recipe_difficulty\/125"},{"embeddable":true,"taxonomy":"recipe_categories","href":"https:\/\/www.emmentaler.ch\/de\/wp-json\/wp\/v2\/recipe_categories\/86"},{"embeddable":true,"taxonomy":"recipe_preparation_time","href":"https:\/\/www.emmentaler.ch\/de\/wp-json\/wp\/v2\/recipe_preparation_time\/151"}],"acf:post":[{"embeddable":true,"href":"https:\/\/www.emmentaler.ch\/de\/wp-json\/wp\/v2\/pages\/5221"}],"wp:featuredmedia":[{"embeddable":true,"href":"https:\/\/www.emmentaler.ch\/de\/wp-json\/wp\/v2\/media\/19997"}],"wp:attachment":[{"href":"https:\/\/www.emmentaler.ch\/de\/wp-json\/wp\/v2\/media?parent=19981"}],"wp:term":[{"taxonomy":"post_tag","embeddable":true,"href":"https:\/\/www.emmentaler.ch\/de\/wp-json\/wp\/v2\/tags?post=19981"},{"taxonomy":"recipe_categories","embeddable":true,"href":"https:\/\/www.emmentaler.ch\/de\/wp-json\/wp\/v2\/recipe_categories?post=19981"},{"taxonomy":"et_countries","embeddable":true,"href":"https:\/\/www.emmentaler.ch\/de\/wp-json\/wp\/v2\/et_countries?post=19981"},{"taxonomy":"recipe_main_ingredient","embeddable":true,"href":"https:\/\/www.emmentaler.ch\/de\/wp-json\/wp\/v2\/recipe_main_ingredient?post=19981"},{"taxonomy":"recipe_difficulty","embeddable":true,"href":"https:\/\/www.emmentaler.ch\/de\/wp-json\/wp\/v2\/recipe_difficulty?post=19981"},{"taxonomy":"recipe_preparation_time","embeddable":true,"href":"https:\/\/www.emmentaler.ch\/de\/wp-json\/wp\/v2\/recipe_preparation_time?post=19981"},{"taxonomy":"recipe_diet_type","embeddable":true,"href":"https:\/\/www.emmentaler.ch\/de\/wp-json\/wp\/v2\/recipe_diet_type?post=19981"},{"taxonomy":"recipe_saison","embeddable":true,"href":"https:\/\/www.emmentaler.ch\/de\/wp-json\/wp\/v2\/recipe_saison?post=19981"}],"curies":[{"name":"wp","href":"https:\/\/api.w.org\/{rel}","templated":true}]}}