{"id":20043,"date":"2022-04-27T13:33:36","date_gmt":"2022-04-27T11:33:36","guid":{"rendered":"https:\/\/www.emmentaler.ch\/rezept\/bunter-linsensalat"},"modified":"2024-07-24T13:31:14","modified_gmt":"2024-07-24T11:31:14","slug":"bunter-linsensalat","status":"publish","type":"recipes","link":"https:\/\/www.emmentaler.ch\/de\/rezept\/bunter-linsensalat","title":{"rendered":"Bunter Linsensalat"},"author":2,"featured_media":20059,"menu_order":0,"template":"","meta":{"inline_featured_image":false},"tags":[],"recipe_categories":[86],"et_countries":[],"recipe_main_ingredient":[124,123],"recipe_difficulty":[125],"recipe_preparation_time":[156],"recipe_diet_type":[134,133,132],"recipe_saison":[143,140],"acf":{"recipe_preparation_time":156,"recipe_categories":86,"recipe_time_txt":"","recipe_type":5195,"recipe_difficulty":125,"recipe_diet_type":[134,133,132],"recipe_main_ingredient":[124,123],"recipe_saison":[143,140],"recipe_count_portions":4,"recipe_ingedients":[{"recipe_ingedients_amount":"37.5","recipe_ingedients_unit":"g","recipe_ingedients_product":"gr\u00fcne Linsen"},{"recipe_ingedients_amount":".5","recipe_ingedients_unit":"St\u00fcck","recipe_ingedients_product":"Lorbeerbl\u00e4tter"},{"recipe_ingedients_amount":".5","recipe_ingedients_unit":"El","recipe_ingedients_product":"Rotweinessig"},{"recipe_ingedients_amount":".25","recipe_ingedients_unit":"El","recipe_ingedients_product":"Aceto balsamico"},{"recipe_ingedients_amount":".5","recipe_ingedients_unit":"El","recipe_ingedients_product":"Bouillon"},{"recipe_ingedients_amount":"1","recipe_ingedients_unit":"El","recipe_ingedients_product":"Raps\u00f6l"},{"recipe_ingedients_amount":".5","recipe_ingedients_unit":"Tl","recipe_ingedients_product":"Senf"},{"recipe_ingedients_amount":".25","recipe_ingedients_unit":"Bd","recipe_ingedients_product":"Radieschen"},{"recipe_ingedients_amount":".25","recipe_ingedients_unit":"St\u00fcck","recipe_ingedients_product":"rotschaliger Apfel"},{"recipe_ingedients_amount":"43.75","recipe_ingedients_unit":"g","recipe_ingedients_product":"Emmentaler AOP Bio"},{"recipe_ingedients_amount":"25","recipe_ingedients_unit":"g","recipe_ingedients_product":"Rucolasalat"},{"recipe_ingedients_amount":"","recipe_ingedients_unit":"Bedarf","recipe_ingedients_product":"Nach Bedarf: Salz, Pfeffer"}],"temporare_zutaten":"150 g gr\u00fcne Linsen\r\n2 Lorbeerbl\u00e4tter\r\n2 EL Rotweinessig\r\n1 EL Aceto balsamico\r\n2 EL Bouillon\r\n4 EL Raps\u00f6l\r\n2 TL Senf\r\nSalz, Pfeffer\r\n1 Bund Radieschen\r\n1 rotschaliger Apfel\r\n175 g Bio Emmentaler AOP\r\n100 g Rucolasalat","recipe_preparation":"Linsen und Lorbeerbl\u00e4tter mit Wasser bedeckt aufkochen und bei kleiner Hitze 20-30 Minuten weich kochen. Linsen in ein Sieb geben und abtropfen lassen. Lorbeerbl\u00e4tter entfernen.\r\n\r\nEssig, Bouillon und \u00d6l mischen, mit Senf, Salz und Pfeffer w\u00fcrzen. Warme Linsen unter die Sauce mischen.\r\n\r\nRadieschen in R\u00e4dchen schneiden. Apfel vierteln, entkernen und in Schnitze schneiden. Bio Emmentaler AOP in d\u00fcnne Scheibchen schneiden. S\u00e4mtliche Zutaten zu den Linsen geben und mischen.","recipe_images":[20054,20059]},"_links":{"self":[{"href":"https:\/\/www.emmentaler.ch\/de\/wp-json\/wp\/v2\/recipes\/20043"}],"collection":[{"href":"https:\/\/www.emmentaler.ch\/de\/wp-json\/wp\/v2\/recipes"}],"about":[{"href":"https:\/\/www.emmentaler.ch\/de\/wp-json\/wp\/v2\/types\/recipes"}],"author":[{"embeddable":true,"href":"https:\/\/www.emmentaler.ch\/de\/wp-json\/wp\/v2\/users\/2"}],"version-history":[{"count":1,"href":"https:\/\/www.emmentaler.ch\/de\/wp-json\/wp\/v2\/recipes\/20043\/revisions"}],"predecessor-version":[{"id":137872,"href":"https:\/\/www.emmentaler.ch\/de\/wp-json\/wp\/v2\/recipes\/20043\/revisions\/137872"}],"acf:attachment":[{"embeddable":true,"href":"https:\/\/www.emmentaler.ch\/de\/wp-json\/wp\/v2\/media\/20059"},{"embeddable":true,"href":"https:\/\/www.emmentaler.ch\/de\/wp-json\/wp\/v2\/media\/20054"}],"acf:term":[{"embeddable":true,"taxonomy":"recipe_saison","href":"https:\/\/www.emmentaler.ch\/de\/wp-json\/wp\/v2\/recipe_saison\/140"},{"embeddable":true,"taxonomy":"recipe_saison","href":"https:\/\/www.emmentaler.ch\/de\/wp-json\/wp\/v2\/recipe_saison\/143"},{"embeddable":true,"taxonomy":"recipe_main_ingredient","href":"https:\/\/www.emmentaler.ch\/de\/wp-json\/wp\/v2\/recipe_main_ingredient\/123"},{"embeddable":true,"taxonomy":"recipe_main_ingredient","href":"https:\/\/www.emmentaler.ch\/de\/wp-json\/wp\/v2\/recipe_main_ingredient\/124"},{"embeddable":true,"taxonomy":"recipe_diet_type","href":"https:\/\/www.emmentaler.ch\/de\/wp-json\/wp\/v2\/recipe_diet_type\/132"},{"embeddable":true,"taxonomy":"recipe_diet_type","href":"https:\/\/www.emmentaler.ch\/de\/wp-json\/wp\/v2\/recipe_diet_type\/133"},{"embeddable":true,"taxonomy":"recipe_diet_type","href":"https:\/\/www.emmentaler.ch\/de\/wp-json\/wp\/v2\/recipe_diet_type\/134"},{"embeddable":true,"taxonomy":"recipe_difficulty","href":"https:\/\/www.emmentaler.ch\/de\/wp-json\/wp\/v2\/recipe_difficulty\/125"},{"embeddable":true,"taxonomy":"recipe_categories","href":"https:\/\/www.emmentaler.ch\/de\/wp-json\/wp\/v2\/recipe_categories\/86"},{"embeddable":true,"taxonomy":"recipe_preparation_time","href":"https:\/\/www.emmentaler.ch\/de\/wp-json\/wp\/v2\/recipe_preparation_time\/156"}],"acf:post":[{"embeddable":true,"href":"https:\/\/www.emmentaler.ch\/de\/wp-json\/wp\/v2\/pages\/5195"}],"wp:featuredmedia":[{"embeddable":true,"href":"https:\/\/www.emmentaler.ch\/de\/wp-json\/wp\/v2\/media\/20059"}],"wp:attachment":[{"href":"https:\/\/www.emmentaler.ch\/de\/wp-json\/wp\/v2\/media?parent=20043"}],"wp:term":[{"taxonomy":"post_tag","embeddable":true,"href":"https:\/\/www.emmentaler.ch\/de\/wp-json\/wp\/v2\/tags?post=20043"},{"taxonomy":"recipe_categories","embeddable":true,"href":"https:\/\/www.emmentaler.ch\/de\/wp-json\/wp\/v2\/recipe_categories?post=20043"},{"taxonomy":"et_countries","embeddable":true,"href":"https:\/\/www.emmentaler.ch\/de\/wp-json\/wp\/v2\/et_countries?post=20043"},{"taxonomy":"recipe_main_ingredient","embeddable":true,"href":"https:\/\/www.emmentaler.ch\/de\/wp-json\/wp\/v2\/recipe_main_ingredient?post=20043"},{"taxonomy":"recipe_difficulty","embeddable":true,"href":"https:\/\/www.emmentaler.ch\/de\/wp-json\/wp\/v2\/recipe_difficulty?post=20043"},{"taxonomy":"recipe_preparation_time","embeddable":true,"href":"https:\/\/www.emmentaler.ch\/de\/wp-json\/wp\/v2\/recipe_preparation_time?post=20043"},{"taxonomy":"recipe_diet_type","embeddable":true,"href":"https:\/\/www.emmentaler.ch\/de\/wp-json\/wp\/v2\/recipe_diet_type?post=20043"},{"taxonomy":"recipe_saison","embeddable":true,"href":"https:\/\/www.emmentaler.ch\/de\/wp-json\/wp\/v2\/recipe_saison?post=20043"}],"curies":[{"name":"wp","href":"https:\/\/api.w.org\/{rel}","templated":true}]}}