{"id":20380,"date":"2022-04-27T13:34:07","date_gmt":"2022-04-27T11:34:07","guid":{"rendered":"https:\/\/www.emmentaler.ch\/rezept\/ebly-auflauf-mit-schinken-und-ananas"},"modified":"2022-11-17T18:43:18","modified_gmt":"2022-11-17T17:43:18","slug":"ebly-auflauf-mit-schinken-und-ananas","status":"publish","type":"recipes","link":"https:\/\/www.emmentaler.ch\/de\/rezept\/ebly-auflauf-mit-schinken-und-ananas","title":{"rendered":"Ebly-Auflauf mit Schinken und Ananas"},"author":2,"featured_media":20406,"menu_order":0,"template":"","meta":{"inline_featured_image":false},"tags":[],"recipe_categories":[86],"et_countries":[],"recipe_main_ingredient":[120,124],"recipe_difficulty":[126],"recipe_preparation_time":[153],"recipe_diet_type":[134],"recipe_saison":[143],"acf":{"recipe_preparation_time":153,"recipe_categories":86,"recipe_time_txt":"30 Minuten, plus 20 Minuten zum Backen","recipe_type":5221,"recipe_difficulty":126,"recipe_diet_type":[134],"recipe_main_ingredient":[120,124],"recipe_saison":[143],"recipe_count_portions":4,"recipe_ingedients":[{"recipe_ingedients_amount":"1","recipe_ingedients_unit":"St\u00fcck","recipe_ingedients_product":"R\u00fcebli"},{"recipe_ingedients_amount":"125","recipe_ingedients_unit":"ml","recipe_ingedients_product":"Gem\u00fcsebouillon"},{"recipe_ingedients_amount":"37.5","recipe_ingedients_unit":"g","recipe_ingedients_product":"Erbsli, frisch oder tiefgek\u00fchlt"},{"recipe_ingedients_amount":"62.5","recipe_ingedients_unit":"g","recipe_ingedients_product":"Ebly"},{"recipe_ingedients_amount":"1.5","recipe_ingedients_unit":"St\u00fcck","recipe_ingedients_product":"Ananasscheiben, frisch oder aus der Dose"},{"recipe_ingedients_amount":"37.5","recipe_ingedients_unit":"g","recipe_ingedients_product":"Schinkenw\u00fcrfeli"},{"recipe_ingedients_amount":".5","recipe_ingedients_unit":"St\u00fcck","recipe_ingedients_product":"Eier"},{"recipe_ingedients_amount":"37.5","recipe_ingedients_unit":"ml","recipe_ingedients_product":"Milch"},{"recipe_ingedients_amount":"50","recipe_ingedients_unit":"g","recipe_ingedients_product":"geriebener Emmentaler AOP"},{"recipe_ingedients_amount":"","recipe_ingedients_unit":"Bedarf","recipe_ingedients_product":"nach Bedarf: Salz, Pfeffer"}],"temporare_zutaten":"4 R\u00fcebli\r\n5 dl Gem\u00fcsebouillon\r\n150 g Erbsli, frisch oder tiefgek\u00fchlt\r\n250 g Ebly\r\n6 Ananasscheiben, frisch oder aus der Dose\r\n150 g Schinkenw\u00fcrfeli\r\n2 Eier\r\n1,5 dl Milch\r\n200 g geriebener Emmentaler AOP\r\nSalz, Pfeffer","recipe_preparation":"R\u00fcebli sch\u00e4len und in d\u00fcnne R\u00e4dchen schneiden. Bouillon aufkochen. R\u00fcebli, Erbsli und Ebly zuf\u00fcgen, ca. 10 Minuten k\u00f6cheln, bis alle Fl\u00fcssigkeit aufgesogen ist. Etwas ausk\u00fchlen lassen.\r\n\r\nAnanas in St\u00fccke schneiden, mit den Schinkenw\u00fcrfeli zum Ebly geben. Eier, Milch und Emmentaler AOP zusammen verr\u00fchren. Mit Salz und Pfeffer w\u00fcrzen.\r\n\r\nGuss mit dem Ebly mischen. In eine eingefettete Gratinform f\u00fcllen. In der Mitte des 200 Grad heissen Ofen 20-25 Minuten backen.","recipe_images":[20401,20406,20411,20416]},"_links":{"self":[{"href":"https:\/\/www.emmentaler.ch\/de\/wp-json\/wp\/v2\/recipes\/20380"}],"collection":[{"href":"https:\/\/www.emmentaler.ch\/de\/wp-json\/wp\/v2\/recipes"}],"about":[{"href":"https:\/\/www.emmentaler.ch\/de\/wp-json\/wp\/v2\/types\/recipes"}],"author":[{"embeddable":true,"href":"https:\/\/www.emmentaler.ch\/de\/wp-json\/wp\/v2\/users\/2"}],"version-history":[{"count":0,"href":"https:\/\/www.emmentaler.ch\/de\/wp-json\/wp\/v2\/recipes\/20380\/revisions"}],"acf:attachment":[{"embeddable":true,"href":"https:\/\/www.emmentaler.ch\/de\/wp-json\/wp\/v2\/media\/20416"},{"embeddable":true,"href":"https:\/\/www.emmentaler.ch\/de\/wp-json\/wp\/v2\/media\/20411"},{"embeddable":true,"href":"https:\/\/www.emmentaler.ch\/de\/wp-json\/wp\/v2\/media\/20406"},{"embeddable":true,"href":"https:\/\/www.emmentaler.ch\/de\/wp-json\/wp\/v2\/media\/20401"}],"acf:term":[{"embeddable":true,"taxonomy":"recipe_saison","href":"https:\/\/www.emmentaler.ch\/de\/wp-json\/wp\/v2\/recipe_saison\/143"},{"embeddable":true,"taxonomy":"recipe_main_ingredient","href":"https:\/\/www.emmentaler.ch\/de\/wp-json\/wp\/v2\/recipe_main_ingredient\/124"},{"embeddable":true,"taxonomy":"recipe_main_ingredient","href":"https:\/\/www.emmentaler.ch\/de\/wp-json\/wp\/v2\/recipe_main_ingredient\/120"},{"embeddable":true,"taxonomy":"recipe_diet_type","href":"https:\/\/www.emmentaler.ch\/de\/wp-json\/wp\/v2\/recipe_diet_type\/134"},{"embeddable":true,"taxonomy":"recipe_difficulty","href":"https:\/\/www.emmentaler.ch\/de\/wp-json\/wp\/v2\/recipe_difficulty\/126"},{"embeddable":true,"taxonomy":"recipe_categories","href":"https:\/\/www.emmentaler.ch\/de\/wp-json\/wp\/v2\/recipe_categories\/86"},{"embeddable":true,"taxonomy":"recipe_preparation_time","href":"https:\/\/www.emmentaler.ch\/de\/wp-json\/wp\/v2\/recipe_preparation_time\/153"}],"acf:post":[{"embeddable":true,"href":"https:\/\/www.emmentaler.ch\/de\/wp-json\/wp\/v2\/pages\/5221"}],"wp:featuredmedia":[{"embeddable":true,"href":"https:\/\/www.emmentaler.ch\/de\/wp-json\/wp\/v2\/media\/20406"}],"wp:attachment":[{"href":"https:\/\/www.emmentaler.ch\/de\/wp-json\/wp\/v2\/media?parent=20380"}],"wp:term":[{"taxonomy":"post_tag","embeddable":true,"href":"https:\/\/www.emmentaler.ch\/de\/wp-json\/wp\/v2\/tags?post=20380"},{"taxonomy":"recipe_categories","embeddable":true,"href":"https:\/\/www.emmentaler.ch\/de\/wp-json\/wp\/v2\/recipe_categories?post=20380"},{"taxonomy":"et_countries","embeddable":true,"href":"https:\/\/www.emmentaler.ch\/de\/wp-json\/wp\/v2\/et_countries?post=20380"},{"taxonomy":"recipe_main_ingredient","embeddable":true,"href":"https:\/\/www.emmentaler.ch\/de\/wp-json\/wp\/v2\/recipe_main_ingredient?post=20380"},{"taxonomy":"recipe_difficulty","embeddable":true,"href":"https:\/\/www.emmentaler.ch\/de\/wp-json\/wp\/v2\/recipe_difficulty?post=20380"},{"taxonomy":"recipe_preparation_time","embeddable":true,"href":"https:\/\/www.emmentaler.ch\/de\/wp-json\/wp\/v2\/recipe_preparation_time?post=20380"},{"taxonomy":"recipe_diet_type","embeddable":true,"href":"https:\/\/www.emmentaler.ch\/de\/wp-json\/wp\/v2\/recipe_diet_type?post=20380"},{"taxonomy":"recipe_saison","embeddable":true,"href":"https:\/\/www.emmentaler.ch\/de\/wp-json\/wp\/v2\/recipe_saison?post=20380"}],"curies":[{"name":"wp","href":"https:\/\/api.w.org\/{rel}","templated":true}]}}