{"id":20533,"date":"2022-04-27T13:34:07","date_gmt":"2022-04-27T11:34:07","guid":{"rendered":"https:\/\/www.emmentaler.ch\/rezept\/emmentaler-aelpler-magronen"},"modified":"2023-03-31T11:30:46","modified_gmt":"2023-03-31T09:30:46","slug":"emmentaler-aelpler-magronen","status":"publish","type":"recipes","link":"https:\/\/www.emmentaler.ch\/de\/rezept\/emmentaler-aelpler-magronen","title":{"rendered":"Emmentaler \u00c4lpler Magronen"},"author":2,"featured_media":20549,"menu_order":0,"template":"","meta":{"inline_featured_image":false},"tags":[],"recipe_categories":[86],"et_countries":[],"recipe_main_ingredient":[123],"recipe_difficulty":[126],"recipe_preparation_time":[154],"recipe_diet_type":[132],"recipe_saison":[142,143,136],"acf":{"recipe_preparation_time":154,"recipe_categories":86,"recipe_time_txt":"","recipe_type":5236,"recipe_difficulty":126,"recipe_diet_type":[132],"recipe_main_ingredient":[123],"recipe_saison":[142,143,136],"recipe_count_portions":4,"recipe_ingedients":[{"recipe_ingedients_amount":"","recipe_ingedients_unit":"g","recipe_ingedients_product":""}],"temporare_zutaten":"350 g Kartoffeln\r\n4-5 dl Bouillon\r\n5 dl Milch\r\nPfeffer, Salz\r\n300 g Bsch\u00fcssig Urschweizer \u00c4lpler Magronen\r\n2 grosse Zwiebeln\r\n2 EL Mehl\r\n2-3 EL Bratbutter\r\n200 g rezenter Emmentaler AOP","recipe_preparation":"Kartoffeln sch\u00e4len und in etwa 1,5 cm grosse W\u00fcrfel schneiden. Kartoffeln mit Bouillon, Milch, Pfeffer und wenig Salz aufkochen. \u00c4lpler Magronen zuf\u00fcgen. 8-10 Minuten sanft k\u00f6cheln lassen, \u00f6fters umr\u00fchren.\r\n\r\nIn der Zwischenzeit Zwiebeln in d\u00fcnne Ringe schneiden. Mit Mehl mischen, \u00fcbersch\u00fcssiges Mehl wieder absch\u00fctteln. Zwiebelringe in der heissen Butter knusprig braten. Emmentaler AOP fein reiben.\r\n\r\nGeriebener Emmentaler AOP unter die Teigwaren mischen und mit Salz und Pfeffer abschmecken. Zwiebelringe auf den \u00c4lpler Magronen verteilen.\r\n\r\nDazu passt Apfelmus.","recipe_images":[20549]},"_links":{"self":[{"href":"https:\/\/www.emmentaler.ch\/de\/wp-json\/wp\/v2\/recipes\/20533"}],"collection":[{"href":"https:\/\/www.emmentaler.ch\/de\/wp-json\/wp\/v2\/recipes"}],"about":[{"href":"https:\/\/www.emmentaler.ch\/de\/wp-json\/wp\/v2\/types\/recipes"}],"author":[{"embeddable":true,"href":"https:\/\/www.emmentaler.ch\/de\/wp-json\/wp\/v2\/users\/2"}],"version-history":[{"count":0,"href":"https:\/\/www.emmentaler.ch\/de\/wp-json\/wp\/v2\/recipes\/20533\/revisions"}],"acf:attachment":[{"embeddable":true,"href":"https:\/\/www.emmentaler.ch\/de\/wp-json\/wp\/v2\/media\/20549"}],"acf:term":[{"embeddable":true,"taxonomy":"recipe_saison","href":"https:\/\/www.emmentaler.ch\/de\/wp-json\/wp\/v2\/recipe_saison\/136"},{"embeddable":true,"taxonomy":"recipe_saison","href":"https:\/\/www.emmentaler.ch\/de\/wp-json\/wp\/v2\/recipe_saison\/143"},{"embeddable":true,"taxonomy":"recipe_saison","href":"https:\/\/www.emmentaler.ch\/de\/wp-json\/wp\/v2\/recipe_saison\/142"},{"embeddable":true,"taxonomy":"recipe_main_ingredient","href":"https:\/\/www.emmentaler.ch\/de\/wp-json\/wp\/v2\/recipe_main_ingredient\/123"},{"embeddable":true,"taxonomy":"recipe_diet_type","href":"https:\/\/www.emmentaler.ch\/de\/wp-json\/wp\/v2\/recipe_diet_type\/132"},{"embeddable":true,"taxonomy":"recipe_difficulty","href":"https:\/\/www.emmentaler.ch\/de\/wp-json\/wp\/v2\/recipe_difficulty\/126"},{"embeddable":true,"taxonomy":"recipe_categories","href":"https:\/\/www.emmentaler.ch\/de\/wp-json\/wp\/v2\/recipe_categories\/86"},{"embeddable":true,"taxonomy":"recipe_preparation_time","href":"https:\/\/www.emmentaler.ch\/de\/wp-json\/wp\/v2\/recipe_preparation_time\/154"}],"acf:post":[{"embeddable":true,"href":"https:\/\/www.emmentaler.ch\/de\/wp-json\/wp\/v2\/pages\/5236"}],"wp:featuredmedia":[{"embeddable":true,"href":"https:\/\/www.emmentaler.ch\/de\/wp-json\/wp\/v2\/media\/20549"}],"wp:attachment":[{"href":"https:\/\/www.emmentaler.ch\/de\/wp-json\/wp\/v2\/media?parent=20533"}],"wp:term":[{"taxonomy":"post_tag","embeddable":true,"href":"https:\/\/www.emmentaler.ch\/de\/wp-json\/wp\/v2\/tags?post=20533"},{"taxonomy":"recipe_categories","embeddable":true,"href":"https:\/\/www.emmentaler.ch\/de\/wp-json\/wp\/v2\/recipe_categories?post=20533"},{"taxonomy":"et_countries","embeddable":true,"href":"https:\/\/www.emmentaler.ch\/de\/wp-json\/wp\/v2\/et_countries?post=20533"},{"taxonomy":"recipe_main_ingredient","embeddable":true,"href":"https:\/\/www.emmentaler.ch\/de\/wp-json\/wp\/v2\/recipe_main_ingredient?post=20533"},{"taxonomy":"recipe_difficulty","embeddable":true,"href":"https:\/\/www.emmentaler.ch\/de\/wp-json\/wp\/v2\/recipe_difficulty?post=20533"},{"taxonomy":"recipe_preparation_time","embeddable":true,"href":"https:\/\/www.emmentaler.ch\/de\/wp-json\/wp\/v2\/recipe_preparation_time?post=20533"},{"taxonomy":"recipe_diet_type","embeddable":true,"href":"https:\/\/www.emmentaler.ch\/de\/wp-json\/wp\/v2\/recipe_diet_type?post=20533"},{"taxonomy":"recipe_saison","embeddable":true,"href":"https:\/\/www.emmentaler.ch\/de\/wp-json\/wp\/v2\/recipe_saison?post=20533"}],"curies":[{"name":"wp","href":"https:\/\/api.w.org\/{rel}","templated":true}]}}