{"id":20564,"date":"2022-04-27T13:34:07","date_gmt":"2022-04-27T11:34:07","guid":{"rendered":"https:\/\/www.emmentaler.ch\/rezept\/emmentaler-aop-apero-sonne"},"modified":"2024-06-24T16:15:55","modified_gmt":"2024-06-24T14:15:55","slug":"emmentaler-aop-apero-sonne","status":"publish","type":"recipes","link":"https:\/\/www.emmentaler.ch\/de\/rezept\/emmentaler-aop-apero-sonne","title":{"rendered":"Emmentaler AOP Ap\u00e9ro-Sonne"},"author":2,"featured_media":20590,"menu_order":0,"template":"","meta":{"inline_featured_image":false},"tags":[],"recipe_categories":[152],"et_countries":[],"recipe_main_ingredient":[123],"recipe_difficulty":[126],"recipe_preparation_time":[436],"recipe_diet_type":[132],"recipe_saison":[142,143,139],"acf":{"recipe_preparation_time":436,"recipe_categories":152,"recipe_time_txt":"","recipe_type":5357,"recipe_difficulty":126,"recipe_diet_type":[132],"recipe_main_ingredient":[123],"recipe_saison":[142,143,139],"recipe_count_portions":4,"recipe_ingedients":[{"recipe_ingedients_amount":"","recipe_ingedients_unit":"g","recipe_ingedients_product":""}],"temporare_zutaten":"350 g Mehl\r\n1 TL Salz\r\n\u00bd W\u00fcrfel Hefe, ca. 20 g\r\n2 dl lauwarmes Wasser\r\n2 EL Oliven\u00f6l\r\noder\r\n500 g Fertig-Pizzateig\r\n75 g in \u00d6l eingelegte D\u00f6rrtomaten\r\n100 g geriebener Emmentaler AOP\r\n1 EL Kapern\r\nPfeffer\r\n\u00bd EL getrockneter Oregano","recipe_preparation":"Mehl, Salz, zerbr\u00f6ckelte Hefe, Wasser und \u00d6l mischen. 5-10 Minuten zu einem glatten, geschmeidigen Teig kneten. Zugedeckt um das Doppelte aufgehen lassen.\r\n\r\nAbgetropfte Tomaten in Streifen schneiden. Zusammen mit Emmentaler AOP, Kapern, Oregano und Pfeffer im Cutter p\u00fcrieren.\r\n\r\nTeig halbieren und zu 2 d\u00fcnnen Kreisen von ca. 30 cm Durchmesser auswallen. Einen Pizzateig auf ein mit Backpapier belegtes Blech legen. K\u00e4se-Tomatenp\u00fcree darauf ausstreichen. Den zweiten Pizzateig darauflegen und leicht andr\u00fccken. Ein Glas in der Mitte platzieren. Mit einem scharfen Messer 16 Streifen bis zum Glasrand schneiden. Streifen 2-3 Mal verdrehen. Glas entfernen.\r\n\r\nAp\u00e9ro-Sonne in der Mitte des 220 Grad (Ober-\/Unterhitze) heissen Ofen ca. 20 Minuten backen.\r\n\r\nWarm oder ausgek\u00fchlt zum Ap\u00e9ro servieren.","recipe_images":[20600,20595,20590]},"_links":{"self":[{"href":"https:\/\/www.emmentaler.ch\/de\/wp-json\/wp\/v2\/recipes\/20564"}],"collection":[{"href":"https:\/\/www.emmentaler.ch\/de\/wp-json\/wp\/v2\/recipes"}],"about":[{"href":"https:\/\/www.emmentaler.ch\/de\/wp-json\/wp\/v2\/types\/recipes"}],"author":[{"embeddable":true,"href":"https:\/\/www.emmentaler.ch\/de\/wp-json\/wp\/v2\/users\/2"}],"version-history":[{"count":1,"href":"https:\/\/www.emmentaler.ch\/de\/wp-json\/wp\/v2\/recipes\/20564\/revisions"}],"predecessor-version":[{"id":137383,"href":"https:\/\/www.emmentaler.ch\/de\/wp-json\/wp\/v2\/recipes\/20564\/revisions\/137383"}],"acf:attachment":[{"embeddable":true,"href":"https:\/\/www.emmentaler.ch\/de\/wp-json\/wp\/v2\/media\/20590"},{"embeddable":true,"href":"https:\/\/www.emmentaler.ch\/de\/wp-json\/wp\/v2\/media\/20595"},{"embeddable":true,"href":"https:\/\/www.emmentaler.ch\/de\/wp-json\/wp\/v2\/media\/20600"}],"acf:term":[{"embeddable":true,"taxonomy":"recipe_saison","href":"https:\/\/www.emmentaler.ch\/de\/wp-json\/wp\/v2\/recipe_saison\/139"},{"embeddable":true,"taxonomy":"recipe_saison","href":"https:\/\/www.emmentaler.ch\/de\/wp-json\/wp\/v2\/recipe_saison\/143"},{"embeddable":true,"taxonomy":"recipe_saison","href":"https:\/\/www.emmentaler.ch\/de\/wp-json\/wp\/v2\/recipe_saison\/142"},{"embeddable":true,"taxonomy":"recipe_main_ingredient","href":"https:\/\/www.emmentaler.ch\/de\/wp-json\/wp\/v2\/recipe_main_ingredient\/123"},{"embeddable":true,"taxonomy":"recipe_diet_type","href":"https:\/\/www.emmentaler.ch\/de\/wp-json\/wp\/v2\/recipe_diet_type\/132"},{"embeddable":true,"taxonomy":"recipe_difficulty","href":"https:\/\/www.emmentaler.ch\/de\/wp-json\/wp\/v2\/recipe_difficulty\/126"},{"embeddable":true,"taxonomy":"recipe_categories","href":"https:\/\/www.emmentaler.ch\/de\/wp-json\/wp\/v2\/recipe_categories\/152"},{"embeddable":true,"taxonomy":"recipe_preparation_time","href":"https:\/\/www.emmentaler.ch\/de\/wp-json\/wp\/v2\/recipe_preparation_time\/436"}],"acf:post":[{"embeddable":true,"href":"https:\/\/www.emmentaler.ch\/de\/wp-json\/wp\/v2\/pages\/5357"}],"wp:featuredmedia":[{"embeddable":true,"href":"https:\/\/www.emmentaler.ch\/de\/wp-json\/wp\/v2\/media\/20590"}],"wp:attachment":[{"href":"https:\/\/www.emmentaler.ch\/de\/wp-json\/wp\/v2\/media?parent=20564"}],"wp:term":[{"taxonomy":"post_tag","embeddable":true,"href":"https:\/\/www.emmentaler.ch\/de\/wp-json\/wp\/v2\/tags?post=20564"},{"taxonomy":"recipe_categories","embeddable":true,"href":"https:\/\/www.emmentaler.ch\/de\/wp-json\/wp\/v2\/recipe_categories?post=20564"},{"taxonomy":"et_countries","embeddable":true,"href":"https:\/\/www.emmentaler.ch\/de\/wp-json\/wp\/v2\/et_countries?post=20564"},{"taxonomy":"recipe_main_ingredient","embeddable":true,"href":"https:\/\/www.emmentaler.ch\/de\/wp-json\/wp\/v2\/recipe_main_ingredient?post=20564"},{"taxonomy":"recipe_difficulty","embeddable":true,"href":"https:\/\/www.emmentaler.ch\/de\/wp-json\/wp\/v2\/recipe_difficulty?post=20564"},{"taxonomy":"recipe_preparation_time","embeddable":true,"href":"https:\/\/www.emmentaler.ch\/de\/wp-json\/wp\/v2\/recipe_preparation_time?post=20564"},{"taxonomy":"recipe_diet_type","embeddable":true,"href":"https:\/\/www.emmentaler.ch\/de\/wp-json\/wp\/v2\/recipe_diet_type?post=20564"},{"taxonomy":"recipe_saison","embeddable":true,"href":"https:\/\/www.emmentaler.ch\/de\/wp-json\/wp\/v2\/recipe_saison?post=20564"}],"curies":[{"name":"wp","href":"https:\/\/api.w.org\/{rel}","templated":true}]}}