{"id":20686,"date":"2022-04-27T13:35:02","date_gmt":"2022-04-27T11:35:02","guid":{"rendered":"https:\/\/www.emmentaler.ch\/rezept\/emmentaler-aop-mit-chutney-und-honignuessen"},"modified":"2024-07-24T13:35:30","modified_gmt":"2024-07-24T11:35:30","slug":"emmentaler-aop-mit-chutney-und-honignuessen","status":"publish","type":"recipes","link":"https:\/\/www.emmentaler.ch\/de\/rezept\/emmentaler-aop-mit-chutney-und-honignuessen","title":{"rendered":"Emmentaler AOP mit Chutney und Honign\u00fcssen"},"author":2,"featured_media":20707,"menu_order":0,"template":"","meta":{"inline_featured_image":false},"tags":[],"recipe_categories":[152],"et_countries":[],"recipe_main_ingredient":[124,123],"recipe_difficulty":[125],"recipe_preparation_time":[153],"recipe_diet_type":[133,132],"recipe_saison":[138,143],"acf":{"recipe_preparation_time":153,"recipe_categories":152,"recipe_time_txt":"Vorbereitung: 20 Minuten, Zubereitung: 30 Minuten","recipe_type":5357,"recipe_difficulty":125,"recipe_diet_type":[133,132],"recipe_main_ingredient":[124,123],"recipe_saison":[138,143],"recipe_count_portions":5,"recipe_ingedients":[{"recipe_ingedients_amount":"","recipe_ingedients_unit":"g","recipe_ingedients_product":""}],"temporare_zutaten":"500 g h\u00f6hlengereifter Emmentaler AOP\r\n500 g Rhabarber oder Fr\u00fcchte der Saison\r\n250 ml Weizenbier\r\n150 g Zucker\r\n1 TL Senfk\u00f6rner\r\n200 g Baumn\u00fcsse\r\n2 TL fl\u00fcssige Bratbutter\r\n3 EL fl\u00fcssiger Honig","recipe_preparation":"F\u00fcr das Chutney Rhabarber in St\u00fccke schneiden. Bier, Zucker und Senfk\u00f6rner aufkochen, Rhabarber beif\u00fcgen, kurz kochen lassen. Dann herausnehmen, beiseite stellen. Fl\u00fcssigkeit zur H\u00e4lfte einkochen lassen. Rhabarber beif\u00fcgen, 10 Minuten k\u00f6cheln lassen. In heiss gesp\u00fclte Gl\u00e4ser f\u00fcllen, verschliessen. Haltbarkeit: 2\u20133 Wochen gut verschlossen im K\u00fchlschrank.\r\n\r\nDen Backofen auf 200 Grad vorheizen. Baumn\u00fcsse auf ein mit Backpapier belegtes Blech verteilen. Mit Bratbutter und Honig betr\u00e4ufeln, mischen. 8\u201310 Minuten in der Mitte des Ofens backen, dabei einmal wenden. Herausnehmen, ausk\u00fchlen lassen.\r\n\r\nEmmentaler AOP mit Rhabarber-Chutney und Honign\u00fcssen servieren.","recipe_images":[20707,20712]},"_links":{"self":[{"href":"https:\/\/www.emmentaler.ch\/de\/wp-json\/wp\/v2\/recipes\/20686"}],"collection":[{"href":"https:\/\/www.emmentaler.ch\/de\/wp-json\/wp\/v2\/recipes"}],"about":[{"href":"https:\/\/www.emmentaler.ch\/de\/wp-json\/wp\/v2\/types\/recipes"}],"author":[{"embeddable":true,"href":"https:\/\/www.emmentaler.ch\/de\/wp-json\/wp\/v2\/users\/2"}],"version-history":[{"count":1,"href":"https:\/\/www.emmentaler.ch\/de\/wp-json\/wp\/v2\/recipes\/20686\/revisions"}],"predecessor-version":[{"id":137857,"href":"https:\/\/www.emmentaler.ch\/de\/wp-json\/wp\/v2\/recipes\/20686\/revisions\/137857"}],"acf:attachment":[{"embeddable":true,"href":"https:\/\/www.emmentaler.ch\/de\/wp-json\/wp\/v2\/media\/20712"},{"embeddable":true,"href":"https:\/\/www.emmentaler.ch\/de\/wp-json\/wp\/v2\/media\/20707"}],"acf:term":[{"embeddable":true,"taxonomy":"recipe_saison","href":"https:\/\/www.emmentaler.ch\/de\/wp-json\/wp\/v2\/recipe_saison\/143"},{"embeddable":true,"taxonomy":"recipe_saison","href":"https:\/\/www.emmentaler.ch\/de\/wp-json\/wp\/v2\/recipe_saison\/138"},{"embeddable":true,"taxonomy":"recipe_main_ingredient","href":"https:\/\/www.emmentaler.ch\/de\/wp-json\/wp\/v2\/recipe_main_ingredient\/123"},{"embeddable":true,"taxonomy":"recipe_main_ingredient","href":"https:\/\/www.emmentaler.ch\/de\/wp-json\/wp\/v2\/recipe_main_ingredient\/124"},{"embeddable":true,"taxonomy":"recipe_diet_type","href":"https:\/\/www.emmentaler.ch\/de\/wp-json\/wp\/v2\/recipe_diet_type\/132"},{"embeddable":true,"taxonomy":"recipe_diet_type","href":"https:\/\/www.emmentaler.ch\/de\/wp-json\/wp\/v2\/recipe_diet_type\/133"},{"embeddable":true,"taxonomy":"recipe_difficulty","href":"https:\/\/www.emmentaler.ch\/de\/wp-json\/wp\/v2\/recipe_difficulty\/125"},{"embeddable":true,"taxonomy":"recipe_categories","href":"https:\/\/www.emmentaler.ch\/de\/wp-json\/wp\/v2\/recipe_categories\/152"},{"embeddable":true,"taxonomy":"recipe_preparation_time","href":"https:\/\/www.emmentaler.ch\/de\/wp-json\/wp\/v2\/recipe_preparation_time\/153"}],"acf:post":[{"embeddable":true,"href":"https:\/\/www.emmentaler.ch\/de\/wp-json\/wp\/v2\/pages\/5357"}],"wp:featuredmedia":[{"embeddable":true,"href":"https:\/\/www.emmentaler.ch\/de\/wp-json\/wp\/v2\/media\/20707"}],"wp:attachment":[{"href":"https:\/\/www.emmentaler.ch\/de\/wp-json\/wp\/v2\/media?parent=20686"}],"wp:term":[{"taxonomy":"post_tag","embeddable":true,"href":"https:\/\/www.emmentaler.ch\/de\/wp-json\/wp\/v2\/tags?post=20686"},{"taxonomy":"recipe_categories","embeddable":true,"href":"https:\/\/www.emmentaler.ch\/de\/wp-json\/wp\/v2\/recipe_categories?post=20686"},{"taxonomy":"et_countries","embeddable":true,"href":"https:\/\/www.emmentaler.ch\/de\/wp-json\/wp\/v2\/et_countries?post=20686"},{"taxonomy":"recipe_main_ingredient","embeddable":true,"href":"https:\/\/www.emmentaler.ch\/de\/wp-json\/wp\/v2\/recipe_main_ingredient?post=20686"},{"taxonomy":"recipe_difficulty","embeddable":true,"href":"https:\/\/www.emmentaler.ch\/de\/wp-json\/wp\/v2\/recipe_difficulty?post=20686"},{"taxonomy":"recipe_preparation_time","embeddable":true,"href":"https:\/\/www.emmentaler.ch\/de\/wp-json\/wp\/v2\/recipe_preparation_time?post=20686"},{"taxonomy":"recipe_diet_type","embeddable":true,"href":"https:\/\/www.emmentaler.ch\/de\/wp-json\/wp\/v2\/recipe_diet_type?post=20686"},{"taxonomy":"recipe_saison","embeddable":true,"href":"https:\/\/www.emmentaler.ch\/de\/wp-json\/wp\/v2\/recipe_saison?post=20686"}],"curies":[{"name":"wp","href":"https:\/\/api.w.org\/{rel}","templated":true}]}}