{"id":20732,"date":"2022-04-27T13:35:02","date_gmt":"2022-04-27T11:35:02","guid":{"rendered":"https:\/\/www.emmentaler.ch\/rezept\/emmentaler-aop-mit-melonen-pickles"},"modified":"2024-07-24T13:35:39","modified_gmt":"2024-07-24T11:35:39","slug":"emmentaler-aop-mit-melonen-pickles","status":"publish","type":"recipes","link":"https:\/\/www.emmentaler.ch\/de\/rezept\/emmentaler-aop-mit-melonen-pickles","title":{"rendered":"Emmentaler AOP mit Melonen-Pickles"},"author":2,"featured_media":51106,"menu_order":0,"template":"","meta":{"inline_featured_image":false},"tags":[],"recipe_categories":[152],"et_countries":[],"recipe_main_ingredient":[124],"recipe_difficulty":[125],"recipe_preparation_time":[153],"recipe_diet_type":[134,133,132],"recipe_saison":[],"acf":{"recipe_preparation_time":153,"recipe_categories":152,"recipe_time_txt":"Vorbereitung: 20 Minuten, Zubereitung: 30 Minuten","recipe_type":5195,"recipe_difficulty":125,"recipe_diet_type":[134,133,132],"recipe_main_ingredient":[124],"recipe_saison":false,"recipe_count_portions":4,"recipe_ingedients":[{"recipe_ingedients_amount":"","recipe_ingedients_unit":"g","recipe_ingedients_product":""}],"temporare_zutaten":"12 grosse Emmentaler-AOP-W\u00fcrfel (ca. 2 \u00d7 2 cm gross)\r\nCrackers\r\n\u00bc Wassermelone\r\n200 ml Apfelessig\r\n200 ml Wasser\r\n150 g Zucker\r\n2\u20133 St\u00fccke kandierter Ingwer\r\n4 TL Meersalz\r\n1 TL Chiliflocken\r\n1 TL Nelkenpfefferk\u00f6rner\r\n1 St\u00fcck Sternanis","recipe_preparation":"Melone in Schnitze schneiden. Melonenfleisch 5 mm dicht an der Schale wegschneiden, in Folie wickeln, kalt stellen. Schale mit dem Sparsch\u00e4ler sch\u00e4len, in 2 cm grosse St\u00fccke schneiden. Essig, Wasser, Zucker, Ingwer, Salz und Gew\u00fcrze aufkochen. 10 Minuten k\u00f6cheln lassen. Melonenschale beif\u00fcgen, 10 Minuten k\u00f6cheln. Pfanne von der Herdplatte ziehen, 30 Minuten ausk\u00fchlen lassen.\r\n\r\nSchalenst\u00fccke in heiss gesp\u00fclte Gl\u00e4ser geben, Sud nochmals aufkochen. Siedend heiss randvoll ins Glas geben, verschliessen. Unter einer Decke ausk\u00fchlen lassen. Haltbarkeit: 2\u20133 Wochen gut verschlossen im K\u00fchlschrank.\r\n\r\nPickles auf Emmentaler-AOP-W\u00fcrfel stecken, mit Crackers servieren.\r\n\r\nFrisches Melonenfleisch dazu servieren.","recipe_images":[20753,20758]},"_links":{"self":[{"href":"https:\/\/www.emmentaler.ch\/de\/wp-json\/wp\/v2\/recipes\/20732"}],"collection":[{"href":"https:\/\/www.emmentaler.ch\/de\/wp-json\/wp\/v2\/recipes"}],"about":[{"href":"https:\/\/www.emmentaler.ch\/de\/wp-json\/wp\/v2\/types\/recipes"}],"author":[{"embeddable":true,"href":"https:\/\/www.emmentaler.ch\/de\/wp-json\/wp\/v2\/users\/2"}],"version-history":[{"count":1,"href":"https:\/\/www.emmentaler.ch\/de\/wp-json\/wp\/v2\/recipes\/20732\/revisions"}],"predecessor-version":[{"id":137858,"href":"https:\/\/www.emmentaler.ch\/de\/wp-json\/wp\/v2\/recipes\/20732\/revisions\/137858"}],"acf:attachment":[{"embeddable":true,"href":"https:\/\/www.emmentaler.ch\/de\/wp-json\/wp\/v2\/media\/20758"},{"embeddable":true,"href":"https:\/\/www.emmentaler.ch\/de\/wp-json\/wp\/v2\/media\/20753"}],"acf:term":[{"embeddable":true,"taxonomy":"recipe_main_ingredient","href":"https:\/\/www.emmentaler.ch\/de\/wp-json\/wp\/v2\/recipe_main_ingredient\/124"},{"embeddable":true,"taxonomy":"recipe_diet_type","href":"https:\/\/www.emmentaler.ch\/de\/wp-json\/wp\/v2\/recipe_diet_type\/132"},{"embeddable":true,"taxonomy":"recipe_diet_type","href":"https:\/\/www.emmentaler.ch\/de\/wp-json\/wp\/v2\/recipe_diet_type\/133"},{"embeddable":true,"taxonomy":"recipe_diet_type","href":"https:\/\/www.emmentaler.ch\/de\/wp-json\/wp\/v2\/recipe_diet_type\/134"},{"embeddable":true,"taxonomy":"recipe_difficulty","href":"https:\/\/www.emmentaler.ch\/de\/wp-json\/wp\/v2\/recipe_difficulty\/125"},{"embeddable":true,"taxonomy":"recipe_categories","href":"https:\/\/www.emmentaler.ch\/de\/wp-json\/wp\/v2\/recipe_categories\/152"},{"embeddable":true,"taxonomy":"recipe_preparation_time","href":"https:\/\/www.emmentaler.ch\/de\/wp-json\/wp\/v2\/recipe_preparation_time\/153"}],"acf:post":[{"embeddable":true,"href":"https:\/\/www.emmentaler.ch\/de\/wp-json\/wp\/v2\/pages\/5195"}],"wp:featuredmedia":[{"embeddable":true,"href":"https:\/\/www.emmentaler.ch\/de\/wp-json\/wp\/v2\/media\/51106"}],"wp:attachment":[{"href":"https:\/\/www.emmentaler.ch\/de\/wp-json\/wp\/v2\/media?parent=20732"}],"wp:term":[{"taxonomy":"post_tag","embeddable":true,"href":"https:\/\/www.emmentaler.ch\/de\/wp-json\/wp\/v2\/tags?post=20732"},{"taxonomy":"recipe_categories","embeddable":true,"href":"https:\/\/www.emmentaler.ch\/de\/wp-json\/wp\/v2\/recipe_categories?post=20732"},{"taxonomy":"et_countries","embeddable":true,"href":"https:\/\/www.emmentaler.ch\/de\/wp-json\/wp\/v2\/et_countries?post=20732"},{"taxonomy":"recipe_main_ingredient","embeddable":true,"href":"https:\/\/www.emmentaler.ch\/de\/wp-json\/wp\/v2\/recipe_main_ingredient?post=20732"},{"taxonomy":"recipe_difficulty","embeddable":true,"href":"https:\/\/www.emmentaler.ch\/de\/wp-json\/wp\/v2\/recipe_difficulty?post=20732"},{"taxonomy":"recipe_preparation_time","embeddable":true,"href":"https:\/\/www.emmentaler.ch\/de\/wp-json\/wp\/v2\/recipe_preparation_time?post=20732"},{"taxonomy":"recipe_diet_type","embeddable":true,"href":"https:\/\/www.emmentaler.ch\/de\/wp-json\/wp\/v2\/recipe_diet_type?post=20732"},{"taxonomy":"recipe_saison","embeddable":true,"href":"https:\/\/www.emmentaler.ch\/de\/wp-json\/wp\/v2\/recipe_saison?post=20732"}],"curies":[{"name":"wp","href":"https:\/\/api.w.org\/{rel}","templated":true}]}}