{"id":20870,"date":"2022-04-27T13:35:02","date_gmt":"2022-04-27T11:35:02","guid":{"rendered":"https:\/\/www.emmentaler.ch\/rezept\/emmentaler-kaesesuppe"},"modified":"2022-06-27T15:05:21","modified_gmt":"2022-06-27T13:05:21","slug":"emmentaler-kaesesuppe","status":"publish","type":"recipes","link":"https:\/\/www.emmentaler.ch\/de\/rezept\/emmentaler-kaesesuppe","title":{"rendered":"Emmentaler K\u00e4sesuppe"},"author":2,"featured_media":20886,"menu_order":0,"template":"","meta":{"inline_featured_image":false},"tags":[],"recipe_categories":[86],"et_countries":[],"recipe_main_ingredient":[124],"recipe_difficulty":[126],"recipe_preparation_time":[154],"recipe_diet_type":[],"recipe_saison":[143],"acf":{"recipe_preparation_time":154,"recipe_categories":86,"recipe_time_txt":"","recipe_type":5195,"recipe_difficulty":126,"recipe_diet_type":false,"recipe_main_ingredient":[124],"recipe_saison":[143],"recipe_count_portions":4,"recipe_ingedients":[{"recipe_ingedients_amount":"","recipe_ingedients_unit":"g","recipe_ingedients_product":""}],"temporare_zutaten":"3 EL Butter\r\n3 EL Mehl\r\n2 dl Weisswein oder Apfelwein\r\n7 dl Bouillon\r\n1 dl Rahm\r\n1 Bund Petersilie\r\n100 g Ruchbrot\r\n50 g Rohschinken\r\n200 g Emmentaler AOP, fein gerieben\r\nSalz, Pfeffer","recipe_preparation":"2 Essl\u00f6ffel Butter schmelzen, Mehl zugeben und unter R\u00fchren d\u00fcnsten. Wein und Bouillon dazugiessen, unter st\u00e4ndigem R\u00fchren aufkochen. Rahm zuf\u00fcgen, 15 Minuten k\u00f6cheln.\r\n\r\nPetersilie fein hacken. Brot in W\u00fcrfel schneiden. Rohschinken grob zerzupfen, in einer Bratpfanne knusprig braten, aus der Pfanne nehmen. Brotw\u00fcrfel in der restlichen Butter goldbraun braten.\r\n\r\nEmmentaler AOP in die Suppe r\u00fchren, mit Salz und Pfeffer abschmecken. Suppe mit Rohschinken, Brot und Petersilie anrichten.","recipe_images":[20886]},"_links":{"self":[{"href":"https:\/\/www.emmentaler.ch\/de\/wp-json\/wp\/v2\/recipes\/20870"}],"collection":[{"href":"https:\/\/www.emmentaler.ch\/de\/wp-json\/wp\/v2\/recipes"}],"about":[{"href":"https:\/\/www.emmentaler.ch\/de\/wp-json\/wp\/v2\/types\/recipes"}],"author":[{"embeddable":true,"href":"https:\/\/www.emmentaler.ch\/de\/wp-json\/wp\/v2\/users\/2"}],"version-history":[{"count":0,"href":"https:\/\/www.emmentaler.ch\/de\/wp-json\/wp\/v2\/recipes\/20870\/revisions"}],"acf:attachment":[{"embeddable":true,"href":"https:\/\/www.emmentaler.ch\/de\/wp-json\/wp\/v2\/media\/20886"}],"acf:term":[{"embeddable":true,"taxonomy":"recipe_saison","href":"https:\/\/www.emmentaler.ch\/de\/wp-json\/wp\/v2\/recipe_saison\/143"},{"embeddable":true,"taxonomy":"recipe_main_ingredient","href":"https:\/\/www.emmentaler.ch\/de\/wp-json\/wp\/v2\/recipe_main_ingredient\/124"},{"embeddable":true,"taxonomy":"recipe_difficulty","href":"https:\/\/www.emmentaler.ch\/de\/wp-json\/wp\/v2\/recipe_difficulty\/126"},{"embeddable":true,"taxonomy":"recipe_categories","href":"https:\/\/www.emmentaler.ch\/de\/wp-json\/wp\/v2\/recipe_categories\/86"},{"embeddable":true,"taxonomy":"recipe_preparation_time","href":"https:\/\/www.emmentaler.ch\/de\/wp-json\/wp\/v2\/recipe_preparation_time\/154"}],"acf:post":[{"embeddable":true,"href":"https:\/\/www.emmentaler.ch\/de\/wp-json\/wp\/v2\/pages\/5195"}],"wp:featuredmedia":[{"embeddable":true,"href":"https:\/\/www.emmentaler.ch\/de\/wp-json\/wp\/v2\/media\/20886"}],"wp:attachment":[{"href":"https:\/\/www.emmentaler.ch\/de\/wp-json\/wp\/v2\/media?parent=20870"}],"wp:term":[{"taxonomy":"post_tag","embeddable":true,"href":"https:\/\/www.emmentaler.ch\/de\/wp-json\/wp\/v2\/tags?post=20870"},{"taxonomy":"recipe_categories","embeddable":true,"href":"https:\/\/www.emmentaler.ch\/de\/wp-json\/wp\/v2\/recipe_categories?post=20870"},{"taxonomy":"et_countries","embeddable":true,"href":"https:\/\/www.emmentaler.ch\/de\/wp-json\/wp\/v2\/et_countries?post=20870"},{"taxonomy":"recipe_main_ingredient","embeddable":true,"href":"https:\/\/www.emmentaler.ch\/de\/wp-json\/wp\/v2\/recipe_main_ingredient?post=20870"},{"taxonomy":"recipe_difficulty","embeddable":true,"href":"https:\/\/www.emmentaler.ch\/de\/wp-json\/wp\/v2\/recipe_difficulty?post=20870"},{"taxonomy":"recipe_preparation_time","embeddable":true,"href":"https:\/\/www.emmentaler.ch\/de\/wp-json\/wp\/v2\/recipe_preparation_time?post=20870"},{"taxonomy":"recipe_diet_type","embeddable":true,"href":"https:\/\/www.emmentaler.ch\/de\/wp-json\/wp\/v2\/recipe_diet_type?post=20870"},{"taxonomy":"recipe_saison","embeddable":true,"href":"https:\/\/www.emmentaler.ch\/de\/wp-json\/wp\/v2\/recipe_saison?post=20870"}],"curies":[{"name":"wp","href":"https:\/\/api.w.org\/{rel}","templated":true}]}}