{"id":20932,"date":"2022-04-27T13:35:02","date_gmt":"2022-04-27T11:35:02","guid":{"rendered":"https:\/\/www.emmentaler.ch\/rezept\/emmentaler-aop-kaesespaetzli-mit-apfelschnitzen"},"modified":"2022-08-03T16:35:12","modified_gmt":"2022-08-03T14:35:12","slug":"emmentaler-aop-kaesespaetzli-mit-apfelschnitzen","status":"publish","type":"recipes","link":"https:\/\/www.emmentaler.ch\/de\/rezept\/emmentaler-aop-kaesespaetzli-mit-apfelschnitzen","title":{"rendered":"Emmentaler-AOP-K\u00e4sesp\u00e4tzli mit Apfelschnitzen"},"author":2,"featured_media":20958,"menu_order":0,"template":"","meta":{"inline_featured_image":false},"tags":[],"recipe_categories":[86],"et_countries":[],"recipe_main_ingredient":[],"recipe_difficulty":[127],"recipe_preparation_time":[156],"recipe_diet_type":[132],"recipe_saison":[143],"acf":{"recipe_preparation_time":156,"recipe_categories":86,"recipe_time_txt":"Vorbereitung: 10 Minuten, Zubereitung: 30 Minuten","recipe_type":5208,"recipe_difficulty":127,"recipe_diet_type":[132],"recipe_main_ingredient":false,"recipe_saison":[143],"recipe_count_portions":4,"recipe_ingedients":[{"recipe_ingedients_amount":"","recipe_ingedients_unit":"g","recipe_ingedients_product":""}],"temporare_zutaten":"450 g Chn\u00f6pflimehl (griffiges Mehl)\r\n1 TL Salz\r\n300 ml Mineralwasser mit Kohlens\u00e4ure\r\n4 Eier\r\n4 rotschalige \u00c4pfel\r\n2 TL Zitronensaft\r\nSalz zum Kochen\r\n20 g Butter\r\n100 g milder Emmentaler AOP (grob gerieben)","recipe_preparation":"Mehl und Salz in eine Sch\u00fcssel geben. Mineralwasser und Eier verquirlen, unter R\u00fchren beif\u00fcgen, glatt r\u00fchren. Teig kr\u00e4ftig schlagen, bis er Blasen wirft und schwer von der Kelle reisst. Zugedeckt 30 Minuten bei Raumtemperatur ruhen lassen.\r\n\r\n\u00c4pfel halbieren, Kerngeh\u00e4use entfernen, in Schnitze schneiden. Mit Zitronensaft zugedeckt langsam aufkochen. Bei kleiner Hitze knapp weich kochen, ausk\u00fchlen lassen.\r\n\r\nIn einer weiten Pfanne reichlich Wasser aufkochen, salzen. Teig portionenweise auf ein kalt abgesp\u00fcltes Brett streichen. Mit einem nassen Teighorn oder einem Spachtel in feinen Streifen ins leicht kochende Wasser schaben. Einmal aufkochen. Sobald die Sp\u00e4tzli an der Oberfl\u00e4che schwimmen, mit der Schaumkelle herausheben, gut abtropfen lassen. Butter in der heissen Pfanne schmelzen, Sp\u00e4tzli darin schwenken.\r\n\r\nSp\u00e4tzli lagenweise mit Emmentaler AOP in eine vorgew\u00e4rmte Sch\u00fcssel geben. Mit Apfelschnitzen servieren.","recipe_images":[20953,20958]},"_links":{"self":[{"href":"https:\/\/www.emmentaler.ch\/de\/wp-json\/wp\/v2\/recipes\/20932"}],"collection":[{"href":"https:\/\/www.emmentaler.ch\/de\/wp-json\/wp\/v2\/recipes"}],"about":[{"href":"https:\/\/www.emmentaler.ch\/de\/wp-json\/wp\/v2\/types\/recipes"}],"author":[{"embeddable":true,"href":"https:\/\/www.emmentaler.ch\/de\/wp-json\/wp\/v2\/users\/2"}],"version-history":[{"count":0,"href":"https:\/\/www.emmentaler.ch\/de\/wp-json\/wp\/v2\/recipes\/20932\/revisions"}],"acf:attachment":[{"embeddable":true,"href":"https:\/\/www.emmentaler.ch\/de\/wp-json\/wp\/v2\/media\/20958"},{"embeddable":true,"href":"https:\/\/www.emmentaler.ch\/de\/wp-json\/wp\/v2\/media\/20953"}],"acf:term":[{"embeddable":true,"taxonomy":"recipe_saison","href":"https:\/\/www.emmentaler.ch\/de\/wp-json\/wp\/v2\/recipe_saison\/143"},{"embeddable":true,"taxonomy":"recipe_diet_type","href":"https:\/\/www.emmentaler.ch\/de\/wp-json\/wp\/v2\/recipe_diet_type\/132"},{"embeddable":true,"taxonomy":"recipe_difficulty","href":"https:\/\/www.emmentaler.ch\/de\/wp-json\/wp\/v2\/recipe_difficulty\/127"},{"embeddable":true,"taxonomy":"recipe_categories","href":"https:\/\/www.emmentaler.ch\/de\/wp-json\/wp\/v2\/recipe_categories\/86"},{"embeddable":true,"taxonomy":"recipe_preparation_time","href":"https:\/\/www.emmentaler.ch\/de\/wp-json\/wp\/v2\/recipe_preparation_time\/156"}],"acf:post":[{"embeddable":true,"href":"https:\/\/www.emmentaler.ch\/de\/wp-json\/wp\/v2\/pages\/5208"}],"wp:featuredmedia":[{"embeddable":true,"href":"https:\/\/www.emmentaler.ch\/de\/wp-json\/wp\/v2\/media\/20958"}],"wp:attachment":[{"href":"https:\/\/www.emmentaler.ch\/de\/wp-json\/wp\/v2\/media?parent=20932"}],"wp:term":[{"taxonomy":"post_tag","embeddable":true,"href":"https:\/\/www.emmentaler.ch\/de\/wp-json\/wp\/v2\/tags?post=20932"},{"taxonomy":"recipe_categories","embeddable":true,"href":"https:\/\/www.emmentaler.ch\/de\/wp-json\/wp\/v2\/recipe_categories?post=20932"},{"taxonomy":"et_countries","embeddable":true,"href":"https:\/\/www.emmentaler.ch\/de\/wp-json\/wp\/v2\/et_countries?post=20932"},{"taxonomy":"recipe_main_ingredient","embeddable":true,"href":"https:\/\/www.emmentaler.ch\/de\/wp-json\/wp\/v2\/recipe_main_ingredient?post=20932"},{"taxonomy":"recipe_difficulty","embeddable":true,"href":"https:\/\/www.emmentaler.ch\/de\/wp-json\/wp\/v2\/recipe_difficulty?post=20932"},{"taxonomy":"recipe_preparation_time","embeddable":true,"href":"https:\/\/www.emmentaler.ch\/de\/wp-json\/wp\/v2\/recipe_preparation_time?post=20932"},{"taxonomy":"recipe_diet_type","embeddable":true,"href":"https:\/\/www.emmentaler.ch\/de\/wp-json\/wp\/v2\/recipe_diet_type?post=20932"},{"taxonomy":"recipe_saison","embeddable":true,"href":"https:\/\/www.emmentaler.ch\/de\/wp-json\/wp\/v2\/recipe_saison?post=20932"}],"curies":[{"name":"wp","href":"https:\/\/api.w.org\/{rel}","templated":true}]}}