{"id":21102,"date":"2022-04-27T13:35:41","date_gmt":"2022-04-27T11:35:41","guid":{"rendered":"https:\/\/www.emmentaler.ch\/rezept\/emmentaler-nuss-salat"},"modified":"2024-07-24T13:16:33","modified_gmt":"2024-07-24T11:16:33","slug":"emmentaler-nuss-salat","status":"publish","type":"recipes","link":"https:\/\/www.emmentaler.ch\/de\/rezept\/emmentaler-nuss-salat","title":{"rendered":"Emmentaler-Nuss-Salat"},"author":2,"featured_media":21118,"menu_order":0,"template":"","meta":{"inline_featured_image":false},"tags":[788],"recipe_categories":[86],"et_countries":[],"recipe_main_ingredient":[124,123],"recipe_difficulty":[125],"recipe_preparation_time":[231],"recipe_diet_type":[134,133,132],"recipe_saison":[142,138,143,135],"acf":{"recipe_preparation_time":231,"recipe_categories":86,"recipe_time_txt":"","recipe_type":5193,"recipe_difficulty":125,"recipe_diet_type":[134,133,132],"recipe_main_ingredient":[124,123],"recipe_saison":[142,138,143,135],"recipe_count_portions":4,"recipe_ingedients":[{"recipe_ingedients_amount":"","recipe_ingedients_unit":"g","recipe_ingedients_product":""}],"temporare_zutaten":"100 g gemischte N\u00fcsse, z.B. Mandeln, Cashewkerne, Baumn\u00fcsse\r\n\u00bd EL \u00d6l\r\nChilipulver\r\nSalz\r\n250 g Emmentaler AOP\r\n1 Bund Radieschen\r\n50 g getrocknete Aprikosen\r\n6 EL weisser Aceto balsamico\r\n6 EL Raps\u00f6l\r\n1 Knoblauchzehe, gepresst\r\n1 TL Senf\r\nPfeffer\r\n100 g N\u00fcsslersalat","recipe_preparation":"N\u00fcsse im heissen \u00d6l hellbraun r\u00f6sten. Aus der Pfanne nehmen, mit Chilipulver und Salz w\u00fcrzen.\r\n\r\nEmmentaler in mundgerechte St\u00fccke schneiden. Radieschen vierteln. Aprikosen in Streifen schneiden.\r\n\r\nAceto balsamico, \u00d6l, Knoblauch, Senf, Salz und Pfeffer zusammen verr\u00fchren. K\u00e4se, Radieschen und Aprikosen mit der Sauce mischen. N\u00fcsslersalat unterheben und mit N\u00fcssen bestreuen.","recipe_images":[21118]},"_links":{"self":[{"href":"https:\/\/www.emmentaler.ch\/de\/wp-json\/wp\/v2\/recipes\/21102"}],"collection":[{"href":"https:\/\/www.emmentaler.ch\/de\/wp-json\/wp\/v2\/recipes"}],"about":[{"href":"https:\/\/www.emmentaler.ch\/de\/wp-json\/wp\/v2\/types\/recipes"}],"author":[{"embeddable":true,"href":"https:\/\/www.emmentaler.ch\/de\/wp-json\/wp\/v2\/users\/2"}],"version-history":[{"count":1,"href":"https:\/\/www.emmentaler.ch\/de\/wp-json\/wp\/v2\/recipes\/21102\/revisions"}],"predecessor-version":[{"id":137853,"href":"https:\/\/www.emmentaler.ch\/de\/wp-json\/wp\/v2\/recipes\/21102\/revisions\/137853"}],"acf:attachment":[{"embeddable":true,"href":"https:\/\/www.emmentaler.ch\/de\/wp-json\/wp\/v2\/media\/21118"}],"acf:term":[{"embeddable":true,"taxonomy":"recipe_saison","href":"https:\/\/www.emmentaler.ch\/de\/wp-json\/wp\/v2\/recipe_saison\/135"},{"embeddable":true,"taxonomy":"recipe_saison","href":"https:\/\/www.emmentaler.ch\/de\/wp-json\/wp\/v2\/recipe_saison\/143"},{"embeddable":true,"taxonomy":"recipe_saison","href":"https:\/\/www.emmentaler.ch\/de\/wp-json\/wp\/v2\/recipe_saison\/138"},{"embeddable":true,"taxonomy":"recipe_saison","href":"https:\/\/www.emmentaler.ch\/de\/wp-json\/wp\/v2\/recipe_saison\/142"},{"embeddable":true,"taxonomy":"recipe_main_ingredient","href":"https:\/\/www.emmentaler.ch\/de\/wp-json\/wp\/v2\/recipe_main_ingredient\/123"},{"embeddable":true,"taxonomy":"recipe_main_ingredient","href":"https:\/\/www.emmentaler.ch\/de\/wp-json\/wp\/v2\/recipe_main_ingredient\/124"},{"embeddable":true,"taxonomy":"recipe_diet_type","href":"https:\/\/www.emmentaler.ch\/de\/wp-json\/wp\/v2\/recipe_diet_type\/132"},{"embeddable":true,"taxonomy":"recipe_diet_type","href":"https:\/\/www.emmentaler.ch\/de\/wp-json\/wp\/v2\/recipe_diet_type\/133"},{"embeddable":true,"taxonomy":"recipe_diet_type","href":"https:\/\/www.emmentaler.ch\/de\/wp-json\/wp\/v2\/recipe_diet_type\/134"},{"embeddable":true,"taxonomy":"recipe_difficulty","href":"https:\/\/www.emmentaler.ch\/de\/wp-json\/wp\/v2\/recipe_difficulty\/125"},{"embeddable":true,"taxonomy":"recipe_categories","href":"https:\/\/www.emmentaler.ch\/de\/wp-json\/wp\/v2\/recipe_categories\/86"},{"embeddable":true,"taxonomy":"recipe_preparation_time","href":"https:\/\/www.emmentaler.ch\/de\/wp-json\/wp\/v2\/recipe_preparation_time\/231"}],"acf:post":[{"embeddable":true,"href":"https:\/\/www.emmentaler.ch\/de\/wp-json\/wp\/v2\/pages\/5193"}],"wp:featuredmedia":[{"embeddable":true,"href":"https:\/\/www.emmentaler.ch\/de\/wp-json\/wp\/v2\/media\/21118"}],"wp:attachment":[{"href":"https:\/\/www.emmentaler.ch\/de\/wp-json\/wp\/v2\/media?parent=21102"}],"wp:term":[{"taxonomy":"post_tag","embeddable":true,"href":"https:\/\/www.emmentaler.ch\/de\/wp-json\/wp\/v2\/tags?post=21102"},{"taxonomy":"recipe_categories","embeddable":true,"href":"https:\/\/www.emmentaler.ch\/de\/wp-json\/wp\/v2\/recipe_categories?post=21102"},{"taxonomy":"et_countries","embeddable":true,"href":"https:\/\/www.emmentaler.ch\/de\/wp-json\/wp\/v2\/et_countries?post=21102"},{"taxonomy":"recipe_main_ingredient","embeddable":true,"href":"https:\/\/www.emmentaler.ch\/de\/wp-json\/wp\/v2\/recipe_main_ingredient?post=21102"},{"taxonomy":"recipe_difficulty","embeddable":true,"href":"https:\/\/www.emmentaler.ch\/de\/wp-json\/wp\/v2\/recipe_difficulty?post=21102"},{"taxonomy":"recipe_preparation_time","embeddable":true,"href":"https:\/\/www.emmentaler.ch\/de\/wp-json\/wp\/v2\/recipe_preparation_time?post=21102"},{"taxonomy":"recipe_diet_type","embeddable":true,"href":"https:\/\/www.emmentaler.ch\/de\/wp-json\/wp\/v2\/recipe_diet_type?post=21102"},{"taxonomy":"recipe_saison","embeddable":true,"href":"https:\/\/www.emmentaler.ch\/de\/wp-json\/wp\/v2\/recipe_saison?post=21102"}],"curies":[{"name":"wp","href":"https:\/\/api.w.org\/{rel}","templated":true}]}}