{"id":21487,"date":"2022-04-27T13:36:19","date_gmt":"2022-04-27T11:36:19","guid":{"rendered":"https:\/\/www.emmentaler.ch\/rezept\/fruehlingsgemuese-an-orangen-honigsauce"},"modified":"2022-08-03T16:30:18","modified_gmt":"2022-08-03T14:30:18","slug":"fruehlingsgemuese-an-orangen-honigsauce","status":"publish","type":"recipes","link":"https:\/\/www.emmentaler.ch\/de\/rezept\/fruehlingsgemuese-an-orangen-honigsauce","title":{"rendered":"Fr\u00fchlingsgem\u00fcse an Orangen-Honigsauce"},"author":2,"featured_media":21503,"menu_order":0,"template":"","meta":{"inline_featured_image":false},"tags":[],"recipe_categories":[86],"et_countries":[],"recipe_main_ingredient":[123],"recipe_difficulty":[126],"recipe_preparation_time":[154],"recipe_diet_type":[132],"recipe_saison":[142,138],"acf":{"recipe_preparation_time":154,"recipe_categories":86,"recipe_time_txt":"","recipe_type":5236,"recipe_difficulty":126,"recipe_diet_type":[132],"recipe_main_ingredient":[123],"recipe_saison":[142,138],"recipe_count_portions":4,"recipe_ingedients":[{"recipe_ingedients_amount":"","recipe_ingedients_unit":"g","recipe_ingedients_product":""}],"temporare_zutaten":"500 g gr\u00fcne Spargeln\r\n250 g R\u00fcebli\r\n3 Bund Fr\u00fchlingszwiebeln\r\n120 g rezenter Emmentaler AOP\r\n2 Zweige Estragon\r\n1 TL roter Pfeffer\r\n2,5 dl Orangensaft\r\nEL Honig\r\n3 EL Oliven\u00f6l\r\nSalz, Pfeffer","recipe_preparation":"Orangensaft in einer kleinen Pfanne auf ca. 1 dl einkochen lassen. Mit Honig, \u00d6l, Salz und Pfeffer zu einer Sauce verr\u00fchren.\r\n\r\nSpargeln, R\u00fcebli und Fr\u00fchlingszwiebeln r\u00fcsten und in mundgerechte St\u00fccke schneiden. \u00dcber Dampf oder in wenig Bouillon knackig garen. Auf eine Platte legen und mit der Sauce begiessen.\r\n\r\nEmmentaler AOP mit einem Sparsch\u00e4ler in d\u00fcnne Sp\u00e4ne schneiden. Estragonbl\u00e4ttchen von den Stielen zupfen. Roten Pfeffer im M\u00f6rser zerstossen. Kurz vor dem Servieren K\u00e4se, Estragon und Pfeffer \u00fcber das lauwarme Gem\u00fcse verteilen.","recipe_images":[21503]},"_links":{"self":[{"href":"https:\/\/www.emmentaler.ch\/de\/wp-json\/wp\/v2\/recipes\/21487"}],"collection":[{"href":"https:\/\/www.emmentaler.ch\/de\/wp-json\/wp\/v2\/recipes"}],"about":[{"href":"https:\/\/www.emmentaler.ch\/de\/wp-json\/wp\/v2\/types\/recipes"}],"author":[{"embeddable":true,"href":"https:\/\/www.emmentaler.ch\/de\/wp-json\/wp\/v2\/users\/2"}],"version-history":[{"count":0,"href":"https:\/\/www.emmentaler.ch\/de\/wp-json\/wp\/v2\/recipes\/21487\/revisions"}],"acf:attachment":[{"embeddable":true,"href":"https:\/\/www.emmentaler.ch\/de\/wp-json\/wp\/v2\/media\/21503"}],"acf:term":[{"embeddable":true,"taxonomy":"recipe_saison","href":"https:\/\/www.emmentaler.ch\/de\/wp-json\/wp\/v2\/recipe_saison\/138"},{"embeddable":true,"taxonomy":"recipe_saison","href":"https:\/\/www.emmentaler.ch\/de\/wp-json\/wp\/v2\/recipe_saison\/142"},{"embeddable":true,"taxonomy":"recipe_main_ingredient","href":"https:\/\/www.emmentaler.ch\/de\/wp-json\/wp\/v2\/recipe_main_ingredient\/123"},{"embeddable":true,"taxonomy":"recipe_diet_type","href":"https:\/\/www.emmentaler.ch\/de\/wp-json\/wp\/v2\/recipe_diet_type\/132"},{"embeddable":true,"taxonomy":"recipe_difficulty","href":"https:\/\/www.emmentaler.ch\/de\/wp-json\/wp\/v2\/recipe_difficulty\/126"},{"embeddable":true,"taxonomy":"recipe_categories","href":"https:\/\/www.emmentaler.ch\/de\/wp-json\/wp\/v2\/recipe_categories\/86"},{"embeddable":true,"taxonomy":"recipe_preparation_time","href":"https:\/\/www.emmentaler.ch\/de\/wp-json\/wp\/v2\/recipe_preparation_time\/154"}],"acf:post":[{"embeddable":true,"href":"https:\/\/www.emmentaler.ch\/de\/wp-json\/wp\/v2\/pages\/5236"}],"wp:featuredmedia":[{"embeddable":true,"href":"https:\/\/www.emmentaler.ch\/de\/wp-json\/wp\/v2\/media\/21503"}],"wp:attachment":[{"href":"https:\/\/www.emmentaler.ch\/de\/wp-json\/wp\/v2\/media?parent=21487"}],"wp:term":[{"taxonomy":"post_tag","embeddable":true,"href":"https:\/\/www.emmentaler.ch\/de\/wp-json\/wp\/v2\/tags?post=21487"},{"taxonomy":"recipe_categories","embeddable":true,"href":"https:\/\/www.emmentaler.ch\/de\/wp-json\/wp\/v2\/recipe_categories?post=21487"},{"taxonomy":"et_countries","embeddable":true,"href":"https:\/\/www.emmentaler.ch\/de\/wp-json\/wp\/v2\/et_countries?post=21487"},{"taxonomy":"recipe_main_ingredient","embeddable":true,"href":"https:\/\/www.emmentaler.ch\/de\/wp-json\/wp\/v2\/recipe_main_ingredient?post=21487"},{"taxonomy":"recipe_difficulty","embeddable":true,"href":"https:\/\/www.emmentaler.ch\/de\/wp-json\/wp\/v2\/recipe_difficulty?post=21487"},{"taxonomy":"recipe_preparation_time","embeddable":true,"href":"https:\/\/www.emmentaler.ch\/de\/wp-json\/wp\/v2\/recipe_preparation_time?post=21487"},{"taxonomy":"recipe_diet_type","embeddable":true,"href":"https:\/\/www.emmentaler.ch\/de\/wp-json\/wp\/v2\/recipe_diet_type?post=21487"},{"taxonomy":"recipe_saison","embeddable":true,"href":"https:\/\/www.emmentaler.ch\/de\/wp-json\/wp\/v2\/recipe_saison?post=21487"}],"curies":[{"name":"wp","href":"https:\/\/api.w.org\/{rel}","templated":true}]}}