{"id":21687,"date":"2022-04-27T13:36:19","date_gmt":"2022-04-27T11:36:19","guid":{"rendered":"https:\/\/www.emmentaler.ch\/rezept\/gefuellte-zucchetti-mit-tomaten"},"modified":"2024-07-24T13:37:31","modified_gmt":"2024-07-24T11:37:31","slug":"gefuellte-zucchetti-mit-tomaten","status":"publish","type":"recipes","link":"https:\/\/www.emmentaler.ch\/de\/rezept\/gefuellte-zucchetti-mit-tomaten","title":{"rendered":"Gef\u00fcllte Zucchetti mit Tomaten"},"author":2,"featured_media":21703,"menu_order":0,"template":"","meta":{"inline_featured_image":false},"tags":[],"recipe_categories":[86],"et_countries":[],"recipe_main_ingredient":[121],"recipe_difficulty":[125],"recipe_preparation_time":[130],"recipe_diet_type":[134,133],"recipe_saison":[138,140,137,135],"acf":{"recipe_preparation_time":130,"recipe_categories":86,"recipe_time_txt":"30 Minuten, plus 30 Minuten zum Backen","recipe_type":5193,"recipe_difficulty":125,"recipe_diet_type":[134,133],"recipe_main_ingredient":[121],"recipe_saison":[138,140,137,135],"recipe_count_portions":4,"recipe_ingedients":[{"recipe_ingedients_amount":"","recipe_ingedients_unit":"g","recipe_ingedients_product":""}],"temporare_zutaten":"4 Zucchetti, ca. 800 g\r\n220 g Emmentaler AOP\r\n1 grosser Bund Basilikum\r\n2 Knoblauchzehen\r\n1 dl Weisswein\r\nSalz, Pfeffer\r\n250 g geschnetzeltes Pouletfleisch\r\n2 EL Pinienkerne\r\n300 g Cherrytomaten\r\nca. 2 dl Bouillon","recipe_preparation":"Zucchetti l\u00e4ngs halbieren, mit einem L\u00f6ffel bis auf ca. 1 cm breiten Rand aush\u00f6hlen. Emmentaler AOP fein reiben. Basilikumbl\u00e4tter und Knoblauch grob hacken, mit Zucchettifleisch und Weisswein in ein hohes Gef\u00e4ss geben. Mit dem Stabmixer p\u00fcrieren. K\u00e4se zur Masse geben, mit Salz und Pfeffer w\u00fcrzen.\r\n\r\nPoulet und Pinienkerne unter die K\u00e4semischung r\u00fchren, mit Salz und Pfeffer w\u00fcrzen. Zucchettih\u00e4lften mit der Masse f\u00fcllen, in eine ofenfeste Form geben. Cherrytomaten halbieren, neben die Zucchetti legen. Mit Bouillon umgiessen und im 200 Grad heissen Ofen ca. 30 Minuten gratinieren.","recipe_images":[21703]},"_links":{"self":[{"href":"https:\/\/www.emmentaler.ch\/de\/wp-json\/wp\/v2\/recipes\/21687"}],"collection":[{"href":"https:\/\/www.emmentaler.ch\/de\/wp-json\/wp\/v2\/recipes"}],"about":[{"href":"https:\/\/www.emmentaler.ch\/de\/wp-json\/wp\/v2\/types\/recipes"}],"author":[{"embeddable":true,"href":"https:\/\/www.emmentaler.ch\/de\/wp-json\/wp\/v2\/users\/2"}],"version-history":[{"count":1,"href":"https:\/\/www.emmentaler.ch\/de\/wp-json\/wp\/v2\/recipes\/21687\/revisions"}],"predecessor-version":[{"id":137851,"href":"https:\/\/www.emmentaler.ch\/de\/wp-json\/wp\/v2\/recipes\/21687\/revisions\/137851"}],"acf:attachment":[{"embeddable":true,"href":"https:\/\/www.emmentaler.ch\/de\/wp-json\/wp\/v2\/media\/21703"}],"acf:term":[{"embeddable":true,"taxonomy":"recipe_saison","href":"https:\/\/www.emmentaler.ch\/de\/wp-json\/wp\/v2\/recipe_saison\/135"},{"embeddable":true,"taxonomy":"recipe_saison","href":"https:\/\/www.emmentaler.ch\/de\/wp-json\/wp\/v2\/recipe_saison\/137"},{"embeddable":true,"taxonomy":"recipe_saison","href":"https:\/\/www.emmentaler.ch\/de\/wp-json\/wp\/v2\/recipe_saison\/140"},{"embeddable":true,"taxonomy":"recipe_saison","href":"https:\/\/www.emmentaler.ch\/de\/wp-json\/wp\/v2\/recipe_saison\/138"},{"embeddable":true,"taxonomy":"recipe_main_ingredient","href":"https:\/\/www.emmentaler.ch\/de\/wp-json\/wp\/v2\/recipe_main_ingredient\/121"},{"embeddable":true,"taxonomy":"recipe_diet_type","href":"https:\/\/www.emmentaler.ch\/de\/wp-json\/wp\/v2\/recipe_diet_type\/133"},{"embeddable":true,"taxonomy":"recipe_diet_type","href":"https:\/\/www.emmentaler.ch\/de\/wp-json\/wp\/v2\/recipe_diet_type\/134"},{"embeddable":true,"taxonomy":"recipe_difficulty","href":"https:\/\/www.emmentaler.ch\/de\/wp-json\/wp\/v2\/recipe_difficulty\/125"},{"embeddable":true,"taxonomy":"recipe_categories","href":"https:\/\/www.emmentaler.ch\/de\/wp-json\/wp\/v2\/recipe_categories\/86"},{"embeddable":true,"taxonomy":"recipe_preparation_time","href":"https:\/\/www.emmentaler.ch\/de\/wp-json\/wp\/v2\/recipe_preparation_time\/130"}],"acf:post":[{"embeddable":true,"href":"https:\/\/www.emmentaler.ch\/de\/wp-json\/wp\/v2\/pages\/5193"}],"wp:featuredmedia":[{"embeddable":true,"href":"https:\/\/www.emmentaler.ch\/de\/wp-json\/wp\/v2\/media\/21703"}],"wp:attachment":[{"href":"https:\/\/www.emmentaler.ch\/de\/wp-json\/wp\/v2\/media?parent=21687"}],"wp:term":[{"taxonomy":"post_tag","embeddable":true,"href":"https:\/\/www.emmentaler.ch\/de\/wp-json\/wp\/v2\/tags?post=21687"},{"taxonomy":"recipe_categories","embeddable":true,"href":"https:\/\/www.emmentaler.ch\/de\/wp-json\/wp\/v2\/recipe_categories?post=21687"},{"taxonomy":"et_countries","embeddable":true,"href":"https:\/\/www.emmentaler.ch\/de\/wp-json\/wp\/v2\/et_countries?post=21687"},{"taxonomy":"recipe_main_ingredient","embeddable":true,"href":"https:\/\/www.emmentaler.ch\/de\/wp-json\/wp\/v2\/recipe_main_ingredient?post=21687"},{"taxonomy":"recipe_difficulty","embeddable":true,"href":"https:\/\/www.emmentaler.ch\/de\/wp-json\/wp\/v2\/recipe_difficulty?post=21687"},{"taxonomy":"recipe_preparation_time","embeddable":true,"href":"https:\/\/www.emmentaler.ch\/de\/wp-json\/wp\/v2\/recipe_preparation_time?post=21687"},{"taxonomy":"recipe_diet_type","embeddable":true,"href":"https:\/\/www.emmentaler.ch\/de\/wp-json\/wp\/v2\/recipe_diet_type?post=21687"},{"taxonomy":"recipe_saison","embeddable":true,"href":"https:\/\/www.emmentaler.ch\/de\/wp-json\/wp\/v2\/recipe_saison?post=21687"}],"curies":[{"name":"wp","href":"https:\/\/api.w.org\/{rel}","templated":true}]}}