{"id":21934,"date":"2022-04-27T13:37:12","date_gmt":"2022-04-27T11:37:12","guid":{"rendered":"https:\/\/www.emmentaler.ch\/rezept\/gersten-poulet-pfanne"},"modified":"2023-04-05T08:52:21","modified_gmt":"2023-04-05T06:52:21","slug":"gersten-poulet-pfanne","status":"publish","type":"recipes","link":"https:\/\/www.emmentaler.ch\/de\/rezept\/gersten-poulet-pfanne","title":{"rendered":"Gersten-Poulet-Pfanne"},"author":2,"featured_media":21950,"menu_order":0,"template":"","meta":{"inline_featured_image":false},"tags":[734],"recipe_categories":[86],"et_countries":[],"recipe_main_ingredient":[120,123],"recipe_difficulty":[127],"recipe_preparation_time":[161],"recipe_diet_type":[133],"recipe_saison":[143],"acf":{"recipe_preparation_time":161,"recipe_categories":86,"recipe_time_txt":"","recipe_type":5231,"recipe_difficulty":127,"recipe_diet_type":[133],"recipe_main_ingredient":[120,123],"recipe_saison":[143],"recipe_count_portions":4,"recipe_ingedients":[{"recipe_ingedients_amount":"","recipe_ingedients_unit":"g","recipe_ingedients_product":""}],"temporare_zutaten":"1,5 l Bouillon\r\n200 g Rollgerste\r\n300 g R\u00fcebli\r\n30 g in \u00d6l eingelegte D\u00f6rrtomaten\r\n1 Knoblauchzehe\r\n1 Bund Fr\u00fchlingszwiebeln\r\n3 EL Oliven\u00f6l\r\n1 dl Weisswein\r\n1 EL Thymian\r\nSalz, Pfeffer\r\n400 g Pouletgeschnetzeltes\r\n150 g rezenter Emmentaler AOP","recipe_preparation":"8 dl Bouillon aufkochen. Gerste beigeben und 30 Minuten garen. In ein Sieb giessen, dabei die Fl\u00fcssigkeit auffangen.\r\n\r\nR\u00fcebli in R\u00e4dchen schneiden. Abgetropfte Tomaten in Streifen schneiden. Knoblauchzehe fein hacken. Fr\u00fchlingszwiebeln in Ringe schneiden. 2 Essl\u00f6ffel \u00d6l erhitzen. Die weissen Teile der Fr\u00fchlingszwiebeln, Tomaten und Knoblauch 2 Minuten d\u00fcnsten. Gerste kurz mitd\u00fcnsten. Mit Weisswein abl\u00f6schen. Gerstenkochfl\u00fcssigkeit und restliche Bouillon zugiessen. Thymian beigeben und 15 Minuten k\u00f6cheln, falls n\u00f6tig etwas Wasser nachgiessen. Mit Salz und Pfeffer abschmecken.\r\n\r\nPouletfleisch w\u00fcrzen, im restlichen \u00d6l braten und zur Gerste geben. Emmentaler AOP fein reiben. Unter die Gerste ziehen oder separat dazu reichen. Das Gr\u00fcn der Fr\u00fchlingszwiebeln \u00fcber die Gerste streuen.","recipe_images":[21950]},"_links":{"self":[{"href":"https:\/\/www.emmentaler.ch\/de\/wp-json\/wp\/v2\/recipes\/21934"}],"collection":[{"href":"https:\/\/www.emmentaler.ch\/de\/wp-json\/wp\/v2\/recipes"}],"about":[{"href":"https:\/\/www.emmentaler.ch\/de\/wp-json\/wp\/v2\/types\/recipes"}],"author":[{"embeddable":true,"href":"https:\/\/www.emmentaler.ch\/de\/wp-json\/wp\/v2\/users\/2"}],"version-history":[{"count":0,"href":"https:\/\/www.emmentaler.ch\/de\/wp-json\/wp\/v2\/recipes\/21934\/revisions"}],"acf:attachment":[{"embeddable":true,"href":"https:\/\/www.emmentaler.ch\/de\/wp-json\/wp\/v2\/media\/21950"}],"acf:term":[{"embeddable":true,"taxonomy":"recipe_saison","href":"https:\/\/www.emmentaler.ch\/de\/wp-json\/wp\/v2\/recipe_saison\/143"},{"embeddable":true,"taxonomy":"recipe_main_ingredient","href":"https:\/\/www.emmentaler.ch\/de\/wp-json\/wp\/v2\/recipe_main_ingredient\/123"},{"embeddable":true,"taxonomy":"recipe_main_ingredient","href":"https:\/\/www.emmentaler.ch\/de\/wp-json\/wp\/v2\/recipe_main_ingredient\/120"},{"embeddable":true,"taxonomy":"recipe_diet_type","href":"https:\/\/www.emmentaler.ch\/de\/wp-json\/wp\/v2\/recipe_diet_type\/133"},{"embeddable":true,"taxonomy":"recipe_difficulty","href":"https:\/\/www.emmentaler.ch\/de\/wp-json\/wp\/v2\/recipe_difficulty\/127"},{"embeddable":true,"taxonomy":"recipe_categories","href":"https:\/\/www.emmentaler.ch\/de\/wp-json\/wp\/v2\/recipe_categories\/86"},{"embeddable":true,"taxonomy":"recipe_preparation_time","href":"https:\/\/www.emmentaler.ch\/de\/wp-json\/wp\/v2\/recipe_preparation_time\/161"}],"acf:post":[{"embeddable":true,"href":"https:\/\/www.emmentaler.ch\/de\/wp-json\/wp\/v2\/pages\/5231"}],"wp:featuredmedia":[{"embeddable":true,"href":"https:\/\/www.emmentaler.ch\/de\/wp-json\/wp\/v2\/media\/21950"}],"wp:attachment":[{"href":"https:\/\/www.emmentaler.ch\/de\/wp-json\/wp\/v2\/media?parent=21934"}],"wp:term":[{"taxonomy":"post_tag","embeddable":true,"href":"https:\/\/www.emmentaler.ch\/de\/wp-json\/wp\/v2\/tags?post=21934"},{"taxonomy":"recipe_categories","embeddable":true,"href":"https:\/\/www.emmentaler.ch\/de\/wp-json\/wp\/v2\/recipe_categories?post=21934"},{"taxonomy":"et_countries","embeddable":true,"href":"https:\/\/www.emmentaler.ch\/de\/wp-json\/wp\/v2\/et_countries?post=21934"},{"taxonomy":"recipe_main_ingredient","embeddable":true,"href":"https:\/\/www.emmentaler.ch\/de\/wp-json\/wp\/v2\/recipe_main_ingredient?post=21934"},{"taxonomy":"recipe_difficulty","embeddable":true,"href":"https:\/\/www.emmentaler.ch\/de\/wp-json\/wp\/v2\/recipe_difficulty?post=21934"},{"taxonomy":"recipe_preparation_time","embeddable":true,"href":"https:\/\/www.emmentaler.ch\/de\/wp-json\/wp\/v2\/recipe_preparation_time?post=21934"},{"taxonomy":"recipe_diet_type","embeddable":true,"href":"https:\/\/www.emmentaler.ch\/de\/wp-json\/wp\/v2\/recipe_diet_type?post=21934"},{"taxonomy":"recipe_saison","embeddable":true,"href":"https:\/\/www.emmentaler.ch\/de\/wp-json\/wp\/v2\/recipe_saison?post=21934"}],"curies":[{"name":"wp","href":"https:\/\/api.w.org\/{rel}","templated":true}]}}