{"id":22027,"date":"2022-04-27T13:37:12","date_gmt":"2022-04-27T11:37:12","guid":{"rendered":"https:\/\/www.emmentaler.ch\/rezept\/gnocchi-mit-cicorino-und-emmentaler-aop"},"modified":"2024-07-24T13:16:10","modified_gmt":"2024-07-24T11:16:10","slug":"gnocchi-mit-cicorino-und-emmentaler-aop","status":"publish","type":"recipes","link":"https:\/\/www.emmentaler.ch\/de\/rezept\/gnocchi-mit-cicorino-und-emmentaler-aop","title":{"rendered":"Gnocchi mit Cicorino und Emmentaler AOP"},"author":2,"featured_media":22043,"menu_order":0,"template":"","meta":{"inline_featured_image":false},"tags":[788],"recipe_categories":[86],"et_countries":[],"recipe_main_ingredient":[123],"recipe_difficulty":[125],"recipe_preparation_time":[154],"recipe_diet_type":[133,132],"recipe_saison":[143],"acf":{"recipe_preparation_time":154,"recipe_categories":86,"recipe_time_txt":"","recipe_type":5236,"recipe_difficulty":125,"recipe_diet_type":[133,132],"recipe_main_ingredient":[123],"recipe_saison":[143],"recipe_count_portions":4,"recipe_ingedients":[{"recipe_ingedients_amount":"","recipe_ingedients_unit":"g","recipe_ingedients_product":""}],"temporare_zutaten":"175 g rezenter Emmentaler AOP\r\n50 g Baumn\u00fcsse\r\n\u00bd Bund Majoran\r\n400 g roter Cicorino\r\n75 g getrocknete Aprikosen\r\n1 Zwiebel\r\n1 kg frische Kartoffelgnochi\r\n2 EL Oliven\u00f6l\r\n3 EL guter Aceto balsamico\r\nSalz, Pfeffer","recipe_preparation":"Emmentaler AOP in d\u00fcnne Scheibchen schneiden. Baumn\u00fcsse grob hacken. Majoranbl\u00e4ttchen von den Stielen zupfen. Cicorino in breite Streifen schneiden. Aprikosen und Zwiebel in feine Streifen schneiden.\r\n\r\nGnocchi in siedendem Salzwasser 2-3 Minuten ziehen lassen. Wasser abgiessen, Gnocchi warm stellen.\r\n\r\n\u00d6l in einer grossen Bratpfanne erhitzen. Zwiebeln darin anbraten. Cicorino, Aprikosen und Baumn\u00fcsse zuf\u00fcgen, 2-3 Minuten unter wenden braten, bis der Cicorino etwas zusammenf\u00e4llt. Aceto balsamico dazugiessen, mit Salz und Pfeffer w\u00fcrzen. Gnocchi und Majoran zuf\u00fcgen und alles gut vermischen. K\u00e4sescheibchen darauf verteilen und servieren.","recipe_images":[22043]},"_links":{"self":[{"href":"https:\/\/www.emmentaler.ch\/de\/wp-json\/wp\/v2\/recipes\/22027"}],"collection":[{"href":"https:\/\/www.emmentaler.ch\/de\/wp-json\/wp\/v2\/recipes"}],"about":[{"href":"https:\/\/www.emmentaler.ch\/de\/wp-json\/wp\/v2\/types\/recipes"}],"author":[{"embeddable":true,"href":"https:\/\/www.emmentaler.ch\/de\/wp-json\/wp\/v2\/users\/2"}],"version-history":[{"count":1,"href":"https:\/\/www.emmentaler.ch\/de\/wp-json\/wp\/v2\/recipes\/22027\/revisions"}],"predecessor-version":[{"id":137847,"href":"https:\/\/www.emmentaler.ch\/de\/wp-json\/wp\/v2\/recipes\/22027\/revisions\/137847"}],"acf:attachment":[{"embeddable":true,"href":"https:\/\/www.emmentaler.ch\/de\/wp-json\/wp\/v2\/media\/22043"}],"acf:term":[{"embeddable":true,"taxonomy":"recipe_saison","href":"https:\/\/www.emmentaler.ch\/de\/wp-json\/wp\/v2\/recipe_saison\/143"},{"embeddable":true,"taxonomy":"recipe_main_ingredient","href":"https:\/\/www.emmentaler.ch\/de\/wp-json\/wp\/v2\/recipe_main_ingredient\/123"},{"embeddable":true,"taxonomy":"recipe_diet_type","href":"https:\/\/www.emmentaler.ch\/de\/wp-json\/wp\/v2\/recipe_diet_type\/132"},{"embeddable":true,"taxonomy":"recipe_diet_type","href":"https:\/\/www.emmentaler.ch\/de\/wp-json\/wp\/v2\/recipe_diet_type\/133"},{"embeddable":true,"taxonomy":"recipe_difficulty","href":"https:\/\/www.emmentaler.ch\/de\/wp-json\/wp\/v2\/recipe_difficulty\/125"},{"embeddable":true,"taxonomy":"recipe_categories","href":"https:\/\/www.emmentaler.ch\/de\/wp-json\/wp\/v2\/recipe_categories\/86"},{"embeddable":true,"taxonomy":"recipe_preparation_time","href":"https:\/\/www.emmentaler.ch\/de\/wp-json\/wp\/v2\/recipe_preparation_time\/154"}],"acf:post":[{"embeddable":true,"href":"https:\/\/www.emmentaler.ch\/de\/wp-json\/wp\/v2\/pages\/5236"}],"wp:featuredmedia":[{"embeddable":true,"href":"https:\/\/www.emmentaler.ch\/de\/wp-json\/wp\/v2\/media\/22043"}],"wp:attachment":[{"href":"https:\/\/www.emmentaler.ch\/de\/wp-json\/wp\/v2\/media?parent=22027"}],"wp:term":[{"taxonomy":"post_tag","embeddable":true,"href":"https:\/\/www.emmentaler.ch\/de\/wp-json\/wp\/v2\/tags?post=22027"},{"taxonomy":"recipe_categories","embeddable":true,"href":"https:\/\/www.emmentaler.ch\/de\/wp-json\/wp\/v2\/recipe_categories?post=22027"},{"taxonomy":"et_countries","embeddable":true,"href":"https:\/\/www.emmentaler.ch\/de\/wp-json\/wp\/v2\/et_countries?post=22027"},{"taxonomy":"recipe_main_ingredient","embeddable":true,"href":"https:\/\/www.emmentaler.ch\/de\/wp-json\/wp\/v2\/recipe_main_ingredient?post=22027"},{"taxonomy":"recipe_difficulty","embeddable":true,"href":"https:\/\/www.emmentaler.ch\/de\/wp-json\/wp\/v2\/recipe_difficulty?post=22027"},{"taxonomy":"recipe_preparation_time","embeddable":true,"href":"https:\/\/www.emmentaler.ch\/de\/wp-json\/wp\/v2\/recipe_preparation_time?post=22027"},{"taxonomy":"recipe_diet_type","embeddable":true,"href":"https:\/\/www.emmentaler.ch\/de\/wp-json\/wp\/v2\/recipe_diet_type?post=22027"},{"taxonomy":"recipe_saison","embeddable":true,"href":"https:\/\/www.emmentaler.ch\/de\/wp-json\/wp\/v2\/recipe_saison?post=22027"}],"curies":[{"name":"wp","href":"https:\/\/api.w.org\/{rel}","templated":true}]}}