{"id":22135,"date":"2022-04-27T13:37:12","date_gmt":"2022-04-27T11:37:12","guid":{"rendered":"https:\/\/www.emmentaler.ch\/rezept\/gurken-radieschensalat-an-apfelsauce-mit-emmentaler-aop"},"modified":"2024-07-24T13:16:16","modified_gmt":"2024-07-24T11:16:16","slug":"gurken-radieschensalat-an-apfelsauce-mit-emmentaler-aop","status":"publish","type":"recipes","link":"https:\/\/www.emmentaler.ch\/de\/rezept\/gurken-radieschensalat-an-apfelsauce-mit-emmentaler-aop","title":{"rendered":"Gurken-Radieschensalat an Apfelsauce"},"author":2,"featured_media":22151,"menu_order":0,"template":"","meta":{"inline_featured_image":false},"tags":[788,769],"recipe_categories":[429],"et_countries":[],"recipe_main_ingredient":[123],"recipe_difficulty":[125],"recipe_preparation_time":[151],"recipe_diet_type":[134,133,132],"recipe_saison":[138,137,135],"acf":{"recipe_preparation_time":151,"recipe_categories":429,"recipe_time_txt":"","recipe_type":5195,"recipe_difficulty":125,"recipe_diet_type":[134,133,132],"recipe_main_ingredient":[123],"recipe_saison":[138,137,135],"recipe_count_portions":4,"recipe_ingedients":[{"recipe_ingedients_amount":"","recipe_ingedients_unit":"g","recipe_ingedients_product":""}],"temporare_zutaten":"4 EL Weissweinessig\r\n1 EL Zitronensaft\r\n6 EL \u00d6l\r\n\u00bd EL grobk\u00f6rniger Senf\r\n1 TL Honig\r\nSalz, Pfeffer\r\n1 kleiner Apfel\r\n3 EL Sonnenblumenkerne\r\n250 g Emmentaler AOP\r\n1 Salatgurke\r\n1 Bund Radieschen\r\netwas Kresse","recipe_preparation":"F\u00fcr die Sauce Essig mit Zitronensaft, \u00d6l, Senf, Honig, Salz und Pfeffer verr\u00fchren. Apfel sch\u00e4len und auf einer feinen Raffel direkt in die Sauce reiben, sofort vermischen.\r\n\r\nSonnenblumenkerne in einer Pfanne ohne Fett leicht anr\u00f6sten. Emmentaler AOP in kleine W\u00fcrfel schneiden. Gurke l\u00e4ngs halbieren und in ca. 5 mm d\u00fcnne Scheiben schneiden. Radischen in d\u00fcnne R\u00e4dchen schneiden.\r\n\r\nEmmentaler AOP, Gurken und Radieschen mit der Sauce mischen und auf Teller verteilen. Sonnenblumenkerne und Kresse dar\u00fcberstreuen.","recipe_images":[22151]},"_links":{"self":[{"href":"https:\/\/www.emmentaler.ch\/de\/wp-json\/wp\/v2\/recipes\/22135"}],"collection":[{"href":"https:\/\/www.emmentaler.ch\/de\/wp-json\/wp\/v2\/recipes"}],"about":[{"href":"https:\/\/www.emmentaler.ch\/de\/wp-json\/wp\/v2\/types\/recipes"}],"author":[{"embeddable":true,"href":"https:\/\/www.emmentaler.ch\/de\/wp-json\/wp\/v2\/users\/2"}],"version-history":[{"count":1,"href":"https:\/\/www.emmentaler.ch\/de\/wp-json\/wp\/v2\/recipes\/22135\/revisions"}],"predecessor-version":[{"id":137849,"href":"https:\/\/www.emmentaler.ch\/de\/wp-json\/wp\/v2\/recipes\/22135\/revisions\/137849"}],"acf:attachment":[{"embeddable":true,"href":"https:\/\/www.emmentaler.ch\/de\/wp-json\/wp\/v2\/media\/22151"}],"acf:term":[{"embeddable":true,"taxonomy":"recipe_saison","href":"https:\/\/www.emmentaler.ch\/de\/wp-json\/wp\/v2\/recipe_saison\/135"},{"embeddable":true,"taxonomy":"recipe_saison","href":"https:\/\/www.emmentaler.ch\/de\/wp-json\/wp\/v2\/recipe_saison\/137"},{"embeddable":true,"taxonomy":"recipe_saison","href":"https:\/\/www.emmentaler.ch\/de\/wp-json\/wp\/v2\/recipe_saison\/138"},{"embeddable":true,"taxonomy":"recipe_main_ingredient","href":"https:\/\/www.emmentaler.ch\/de\/wp-json\/wp\/v2\/recipe_main_ingredient\/123"},{"embeddable":true,"taxonomy":"recipe_diet_type","href":"https:\/\/www.emmentaler.ch\/de\/wp-json\/wp\/v2\/recipe_diet_type\/132"},{"embeddable":true,"taxonomy":"recipe_diet_type","href":"https:\/\/www.emmentaler.ch\/de\/wp-json\/wp\/v2\/recipe_diet_type\/133"},{"embeddable":true,"taxonomy":"recipe_diet_type","href":"https:\/\/www.emmentaler.ch\/de\/wp-json\/wp\/v2\/recipe_diet_type\/134"},{"embeddable":true,"taxonomy":"recipe_difficulty","href":"https:\/\/www.emmentaler.ch\/de\/wp-json\/wp\/v2\/recipe_difficulty\/125"},{"embeddable":true,"taxonomy":"recipe_categories","href":"https:\/\/www.emmentaler.ch\/de\/wp-json\/wp\/v2\/recipe_categories\/429"},{"embeddable":true,"taxonomy":"recipe_preparation_time","href":"https:\/\/www.emmentaler.ch\/de\/wp-json\/wp\/v2\/recipe_preparation_time\/151"}],"acf:post":[{"embeddable":true,"href":"https:\/\/www.emmentaler.ch\/de\/wp-json\/wp\/v2\/pages\/5195"}],"wp:featuredmedia":[{"embeddable":true,"href":"https:\/\/www.emmentaler.ch\/de\/wp-json\/wp\/v2\/media\/22151"}],"wp:attachment":[{"href":"https:\/\/www.emmentaler.ch\/de\/wp-json\/wp\/v2\/media?parent=22135"}],"wp:term":[{"taxonomy":"post_tag","embeddable":true,"href":"https:\/\/www.emmentaler.ch\/de\/wp-json\/wp\/v2\/tags?post=22135"},{"taxonomy":"recipe_categories","embeddable":true,"href":"https:\/\/www.emmentaler.ch\/de\/wp-json\/wp\/v2\/recipe_categories?post=22135"},{"taxonomy":"et_countries","embeddable":true,"href":"https:\/\/www.emmentaler.ch\/de\/wp-json\/wp\/v2\/et_countries?post=22135"},{"taxonomy":"recipe_main_ingredient","embeddable":true,"href":"https:\/\/www.emmentaler.ch\/de\/wp-json\/wp\/v2\/recipe_main_ingredient?post=22135"},{"taxonomy":"recipe_difficulty","embeddable":true,"href":"https:\/\/www.emmentaler.ch\/de\/wp-json\/wp\/v2\/recipe_difficulty?post=22135"},{"taxonomy":"recipe_preparation_time","embeddable":true,"href":"https:\/\/www.emmentaler.ch\/de\/wp-json\/wp\/v2\/recipe_preparation_time?post=22135"},{"taxonomy":"recipe_diet_type","embeddable":true,"href":"https:\/\/www.emmentaler.ch\/de\/wp-json\/wp\/v2\/recipe_diet_type?post=22135"},{"taxonomy":"recipe_saison","embeddable":true,"href":"https:\/\/www.emmentaler.ch\/de\/wp-json\/wp\/v2\/recipe_saison?post=22135"}],"curies":[{"name":"wp","href":"https:\/\/api.w.org\/{rel}","templated":true}]}}