{"id":22228,"date":"2022-04-27T13:38:00","date_gmt":"2022-04-27T11:38:00","guid":{"rendered":"https:\/\/www.emmentaler.ch\/rezept\/kabis-apfel-quiche-mit-knusperschinken"},"modified":"2024-07-24T13:37:21","modified_gmt":"2024-07-24T11:37:21","slug":"kabis-apfel-quiche-mit-knusperschinken","status":"publish","type":"recipes","link":"https:\/\/www.emmentaler.ch\/de\/rezept\/kabis-apfel-quiche-mit-knusperschinken","title":{"rendered":"Kabis-Apfel-Quiche mit Knusperschinken"},"author":2,"featured_media":22244,"menu_order":0,"template":"","meta":{"inline_featured_image":false},"tags":[],"recipe_categories":[86],"et_countries":[],"recipe_main_ingredient":[120,123],"recipe_difficulty":[125],"recipe_preparation_time":[130],"recipe_diet_type":[],"recipe_saison":[143],"acf":{"recipe_preparation_time":130,"recipe_categories":86,"recipe_time_txt":"25 Minuten, plus 35 Minuten zum Backen","recipe_type":5195,"recipe_difficulty":125,"recipe_diet_type":false,"recipe_main_ingredient":[120,123],"recipe_saison":[143],"recipe_count_portions":5,"recipe_ingedients":[{"recipe_ingedients_amount":"","recipe_ingedients_unit":"g","recipe_ingedients_product":""}],"temporare_zutaten":"500 g Weisskabis\r\n1 Bund flachbl\u00e4ttrige Petersilie\r\n2 kleine, rotschalige \u00c4pfel\r\n3 Eier\r\n1,5 dl Milch\r\n1,5 dl Rahm\r\n125 g geriebener Emmentaler AOP\r\n1-2 TL Curry\r\n2 TL Senf\r\nSalz, Pfeffer\r\n1 Kuchenteig, rund ausgewallt\r\n4-8 Tranchen Rohschinken","recipe_preparation":"<span style=\"font-weight: 400;\">F\u00fcr Kuchenblech von 28 cm \u00d8.<\/span>\r\n\r\nKabis vierteln, Strunk entfernen, Viertel in ca. 3 mm d\u00fcnne Streifen schneiden. Kabisstreifen 5 Minuten im Dampf garen. Petersilie fein hacken. \u00c4pfel entkernen, in Schnitzchen schneiden.\r\n\r\nEier, Milch, Rahm und Emmentaler AOP verquirlen, mit Curry, Senf, Salz und Pfeffer w\u00fcrzen. Leicht ausgek\u00fchlter Kabis mit \u00c4pfel, Petersilie und Guss vermischen.\r\n\r\nTeig in das Kuchenblech legen, Teigboden mit einer Gabel mehrmals einstechen. F\u00fcllung darauf verteilen. Im unteren Drittel des 200 Grad heissen Ofen 25 Minuten backen.\r\n\r\nRohschinken in St\u00fccke zupfen, auf der Quiche verteilen und in 5-10 Minuten fertig backen.","recipe_images":[22244]},"_links":{"self":[{"href":"https:\/\/www.emmentaler.ch\/de\/wp-json\/wp\/v2\/recipes\/22228"}],"collection":[{"href":"https:\/\/www.emmentaler.ch\/de\/wp-json\/wp\/v2\/recipes"}],"about":[{"href":"https:\/\/www.emmentaler.ch\/de\/wp-json\/wp\/v2\/types\/recipes"}],"author":[{"embeddable":true,"href":"https:\/\/www.emmentaler.ch\/de\/wp-json\/wp\/v2\/users\/2"}],"version-history":[{"count":1,"href":"https:\/\/www.emmentaler.ch\/de\/wp-json\/wp\/v2\/recipes\/22228\/revisions"}],"predecessor-version":[{"id":137843,"href":"https:\/\/www.emmentaler.ch\/de\/wp-json\/wp\/v2\/recipes\/22228\/revisions\/137843"}],"acf:attachment":[{"embeddable":true,"href":"https:\/\/www.emmentaler.ch\/de\/wp-json\/wp\/v2\/media\/22244"}],"acf:term":[{"embeddable":true,"taxonomy":"recipe_saison","href":"https:\/\/www.emmentaler.ch\/de\/wp-json\/wp\/v2\/recipe_saison\/143"},{"embeddable":true,"taxonomy":"recipe_main_ingredient","href":"https:\/\/www.emmentaler.ch\/de\/wp-json\/wp\/v2\/recipe_main_ingredient\/123"},{"embeddable":true,"taxonomy":"recipe_main_ingredient","href":"https:\/\/www.emmentaler.ch\/de\/wp-json\/wp\/v2\/recipe_main_ingredient\/120"},{"embeddable":true,"taxonomy":"recipe_difficulty","href":"https:\/\/www.emmentaler.ch\/de\/wp-json\/wp\/v2\/recipe_difficulty\/125"},{"embeddable":true,"taxonomy":"recipe_categories","href":"https:\/\/www.emmentaler.ch\/de\/wp-json\/wp\/v2\/recipe_categories\/86"},{"embeddable":true,"taxonomy":"recipe_preparation_time","href":"https:\/\/www.emmentaler.ch\/de\/wp-json\/wp\/v2\/recipe_preparation_time\/130"}],"acf:post":[{"embeddable":true,"href":"https:\/\/www.emmentaler.ch\/de\/wp-json\/wp\/v2\/pages\/5195"}],"wp:featuredmedia":[{"embeddable":true,"href":"https:\/\/www.emmentaler.ch\/de\/wp-json\/wp\/v2\/media\/22244"}],"wp:attachment":[{"href":"https:\/\/www.emmentaler.ch\/de\/wp-json\/wp\/v2\/media?parent=22228"}],"wp:term":[{"taxonomy":"post_tag","embeddable":true,"href":"https:\/\/www.emmentaler.ch\/de\/wp-json\/wp\/v2\/tags?post=22228"},{"taxonomy":"recipe_categories","embeddable":true,"href":"https:\/\/www.emmentaler.ch\/de\/wp-json\/wp\/v2\/recipe_categories?post=22228"},{"taxonomy":"et_countries","embeddable":true,"href":"https:\/\/www.emmentaler.ch\/de\/wp-json\/wp\/v2\/et_countries?post=22228"},{"taxonomy":"recipe_main_ingredient","embeddable":true,"href":"https:\/\/www.emmentaler.ch\/de\/wp-json\/wp\/v2\/recipe_main_ingredient?post=22228"},{"taxonomy":"recipe_difficulty","embeddable":true,"href":"https:\/\/www.emmentaler.ch\/de\/wp-json\/wp\/v2\/recipe_difficulty?post=22228"},{"taxonomy":"recipe_preparation_time","embeddable":true,"href":"https:\/\/www.emmentaler.ch\/de\/wp-json\/wp\/v2\/recipe_preparation_time?post=22228"},{"taxonomy":"recipe_diet_type","embeddable":true,"href":"https:\/\/www.emmentaler.ch\/de\/wp-json\/wp\/v2\/recipe_diet_type?post=22228"},{"taxonomy":"recipe_saison","embeddable":true,"href":"https:\/\/www.emmentaler.ch\/de\/wp-json\/wp\/v2\/recipe_saison?post=22228"}],"curies":[{"name":"wp","href":"https:\/\/api.w.org\/{rel}","templated":true}]}}