{"id":22412,"date":"2022-04-27T13:38:00","date_gmt":"2022-04-27T11:38:00","guid":{"rendered":"https:\/\/www.emmentaler.ch\/rezept\/kartoffelpfanne-mit-emmentaler-aop"},"modified":"2022-07-29T16:25:26","modified_gmt":"2022-07-29T14:25:26","slug":"kartoffelpfanne-mit-emmentaler-aop","status":"publish","type":"recipes","link":"https:\/\/www.emmentaler.ch\/de\/rezept\/kartoffelpfanne-mit-emmentaler-aop","title":{"rendered":"Kartoffelpfanne mit Emmentaler AOP"},"author":2,"featured_media":22428,"menu_order":0,"template":"","meta":{"inline_featured_image":false},"tags":[],"recipe_categories":[86],"et_countries":[],"recipe_main_ingredient":[120,123],"recipe_difficulty":[126],"recipe_preparation_time":[130],"recipe_diet_type":[133],"recipe_saison":[143],"acf":{"recipe_preparation_time":130,"recipe_categories":86,"recipe_time_txt":"","recipe_type":5236,"recipe_difficulty":126,"recipe_diet_type":[133],"recipe_main_ingredient":[120,123],"recipe_saison":[143],"recipe_count_portions":4,"recipe_ingedients":[{"recipe_ingedients_amount":"","recipe_ingedients_unit":"g","recipe_ingedients_product":""}],"temporare_zutaten":"1 kg festkochende Kartoffeln\r\nSalz\r\n3 EL Haseln\u00fcsse\r\n100 g Speckstreifen\r\n1 \u00bd EL Bratbutter\r\n1 \u00bd EL Oliven\u00f6l\r\n2 Bund Fr\u00fchlingszwiebeln\r\nPfeffer\r\n\u00bd Bund Majoran\r\n200 g Emmentaler AOP","recipe_preparation":"Kartoffeln sch\u00e4len, 6-8 Minuten in Salzwasser knapp gar kochen. Abgiessen und in ca. 3 mm d\u00fcnne Scheiben schneiden.\r\n\r\nHaseln\u00fcsse grob hacken. In einer grossen Bratpfanne ein paar Minuten leicht r\u00f6sten, aus der Pfanne nehmen. Speck ohne Fettzugabe knusprig braten, aus der Pfanne nehmen. Butter und Oliven\u00f6l erhitzen. Kartoffeln dazugeben und 10-12 Minuten bei guter Hitze rundherum anbraten, dabei die Kartoffeln nicht zu oft wenden.\r\n\r\nDie Knollen der Fr\u00fchlingszwiebeln vierteln oder halbieren. Die St\u00e4ngel in 2 cm lange R\u00f6hren schneiden. Beides zu den Kartoffeln geben, mit Salz und Pfeffer w\u00fcrzen. Unter gelegentlichem Wenden weitere 10 Minuten bei kleiner Hitze braten.\r\n\r\nMajoranbl\u00e4ttchen von den Stielen zupfen. Emmentaler AOP in 1 cm grosse W\u00fcrfel schneiden. K\u00e4sew\u00fcrfel, N\u00fcsse, Speck und Majoran unter die Kartoffeln mischen. Alles kurz erhitzen, bis der K\u00e4se leicht zu schmelzen beginnt.","recipe_images":[22428]},"_links":{"self":[{"href":"https:\/\/www.emmentaler.ch\/de\/wp-json\/wp\/v2\/recipes\/22412"}],"collection":[{"href":"https:\/\/www.emmentaler.ch\/de\/wp-json\/wp\/v2\/recipes"}],"about":[{"href":"https:\/\/www.emmentaler.ch\/de\/wp-json\/wp\/v2\/types\/recipes"}],"author":[{"embeddable":true,"href":"https:\/\/www.emmentaler.ch\/de\/wp-json\/wp\/v2\/users\/2"}],"version-history":[{"count":0,"href":"https:\/\/www.emmentaler.ch\/de\/wp-json\/wp\/v2\/recipes\/22412\/revisions"}],"acf:attachment":[{"embeddable":true,"href":"https:\/\/www.emmentaler.ch\/de\/wp-json\/wp\/v2\/media\/22428"}],"acf:term":[{"embeddable":true,"taxonomy":"recipe_saison","href":"https:\/\/www.emmentaler.ch\/de\/wp-json\/wp\/v2\/recipe_saison\/143"},{"embeddable":true,"taxonomy":"recipe_main_ingredient","href":"https:\/\/www.emmentaler.ch\/de\/wp-json\/wp\/v2\/recipe_main_ingredient\/123"},{"embeddable":true,"taxonomy":"recipe_main_ingredient","href":"https:\/\/www.emmentaler.ch\/de\/wp-json\/wp\/v2\/recipe_main_ingredient\/120"},{"embeddable":true,"taxonomy":"recipe_diet_type","href":"https:\/\/www.emmentaler.ch\/de\/wp-json\/wp\/v2\/recipe_diet_type\/133"},{"embeddable":true,"taxonomy":"recipe_difficulty","href":"https:\/\/www.emmentaler.ch\/de\/wp-json\/wp\/v2\/recipe_difficulty\/126"},{"embeddable":true,"taxonomy":"recipe_categories","href":"https:\/\/www.emmentaler.ch\/de\/wp-json\/wp\/v2\/recipe_categories\/86"},{"embeddable":true,"taxonomy":"recipe_preparation_time","href":"https:\/\/www.emmentaler.ch\/de\/wp-json\/wp\/v2\/recipe_preparation_time\/130"}],"acf:post":[{"embeddable":true,"href":"https:\/\/www.emmentaler.ch\/de\/wp-json\/wp\/v2\/pages\/5236"}],"wp:featuredmedia":[{"embeddable":true,"href":"https:\/\/www.emmentaler.ch\/de\/wp-json\/wp\/v2\/media\/22428"}],"wp:attachment":[{"href":"https:\/\/www.emmentaler.ch\/de\/wp-json\/wp\/v2\/media?parent=22412"}],"wp:term":[{"taxonomy":"post_tag","embeddable":true,"href":"https:\/\/www.emmentaler.ch\/de\/wp-json\/wp\/v2\/tags?post=22412"},{"taxonomy":"recipe_categories","embeddable":true,"href":"https:\/\/www.emmentaler.ch\/de\/wp-json\/wp\/v2\/recipe_categories?post=22412"},{"taxonomy":"et_countries","embeddable":true,"href":"https:\/\/www.emmentaler.ch\/de\/wp-json\/wp\/v2\/et_countries?post=22412"},{"taxonomy":"recipe_main_ingredient","embeddable":true,"href":"https:\/\/www.emmentaler.ch\/de\/wp-json\/wp\/v2\/recipe_main_ingredient?post=22412"},{"taxonomy":"recipe_difficulty","embeddable":true,"href":"https:\/\/www.emmentaler.ch\/de\/wp-json\/wp\/v2\/recipe_difficulty?post=22412"},{"taxonomy":"recipe_preparation_time","embeddable":true,"href":"https:\/\/www.emmentaler.ch\/de\/wp-json\/wp\/v2\/recipe_preparation_time?post=22412"},{"taxonomy":"recipe_diet_type","embeddable":true,"href":"https:\/\/www.emmentaler.ch\/de\/wp-json\/wp\/v2\/recipe_diet_type?post=22412"},{"taxonomy":"recipe_saison","embeddable":true,"href":"https:\/\/www.emmentaler.ch\/de\/wp-json\/wp\/v2\/recipe_saison?post=22412"}],"curies":[{"name":"wp","href":"https:\/\/api.w.org\/{rel}","templated":true}]}}