{"id":22443,"date":"2022-04-27T13:38:00","date_gmt":"2022-04-27T11:38:00","guid":{"rendered":"https:\/\/www.emmentaler.ch\/rezept\/kaese-kraeuter-muffins"},"modified":"2024-07-24T13:34:19","modified_gmt":"2024-07-24T11:34:19","slug":"kaese-kraeuter-muffins","status":"publish","type":"recipes","link":"https:\/\/www.emmentaler.ch\/de\/rezept\/kaese-kraeuter-muffins","title":{"rendered":"K\u00e4se-Kr\u00e4uter-Muffins"},"author":2,"featured_media":22459,"menu_order":0,"template":"","meta":{"inline_featured_image":false},"tags":[],"recipe_categories":[149],"et_countries":[],"recipe_main_ingredient":[],"recipe_difficulty":[125],"recipe_preparation_time":[161],"recipe_diet_type":[132],"recipe_saison":[142,143],"acf":{"recipe_preparation_time":161,"recipe_categories":149,"recipe_time_txt":"15 Minuten, plus 30 Minuten zum Backen","recipe_type":5195,"recipe_difficulty":125,"recipe_diet_type":[132],"recipe_main_ingredient":false,"recipe_saison":[142,143],"recipe_count_portions":4,"recipe_ingedients":[{"recipe_ingedients_amount":"62.5","recipe_ingedients_unit":"g","recipe_ingedients_product":"Emmentaler AOP"},{"recipe_ingedients_amount":"1","recipe_ingedients_unit":"St\u00fcck","recipe_ingedients_product":"Zweige Rosmarin"},{"recipe_ingedients_amount":"1","recipe_ingedients_unit":"St\u00fcck","recipe_ingedients_product":"Zweige Thymian"},{"recipe_ingedients_amount":".25","recipe_ingedients_unit":"Bd","recipe_ingedients_product":"Petersilie"},{"recipe_ingedients_amount":".5","recipe_ingedients_unit":"St\u00fcck","recipe_ingedients_product":"Eier"},{"recipe_ingedients_amount":"37.5","recipe_ingedients_unit":"ml","recipe_ingedients_product":"Raps- oder Oliven\u00f6l"},{"recipe_ingedients_amount":"50","recipe_ingedients_unit":"ml","recipe_ingedients_product":"Buttermilch"},{"recipe_ingedients_amount":".25","recipe_ingedients_unit":"Tl","recipe_ingedients_product":"Salz"},{"recipe_ingedients_amount":".5","recipe_ingedients_unit":"St\u00fcck","recipe_ingedients_product":"Knoblauchzehen"},{"recipe_ingedients_amount":"62.5","recipe_ingedients_unit":"g","recipe_ingedients_product":"Mehl"},{"recipe_ingedients_amount":".25","recipe_ingedients_unit":"Pkg","recipe_ingedients_product":"Backpulver"},{"recipe_ingedients_amount":"","recipe_ingedients_unit":"Bedarf","recipe_ingedients_product":"Handvoll Rucola"},{"recipe_ingedients_amount":"","recipe_ingedients_unit":"Bedarf","recipe_ingedients_product":"Butter zum Einfetten"}],"temporare_zutaten":"Butter zum Einfetten\r\n250 g Emmentaler AOP\r\n4 Zweige Rosmarin\r\n4 Zweige Thymian\r\n1 Handvoll Rucola\r\n1 Bund Petersilie\r\n2 Eier\r\n1,5 dl Raps- oder Oliven\u00f6l\r\n2 dl Buttermilch\r\n1 TL Salz\r\n2 Knoblauchzehen\r\n250 g Mehl\r\n1 P\u00e4ckli Backpulver","recipe_preparation":"Muffinblech gut einfetten oder mit Papierf\u00f6rmchen auslegen.\r\n\r\nK\u00e4se fein reiben. Rosmarinnadeln und Thymianbl\u00e4ttchen von den St\u00e4ngeln streifen. Rosmarin, Rucola und Petersilie fein hacken.\r\n\r\nEier verquirlen. Mit \u00d6l, Buttermilch und Salz gut vermischen. Knoblauch dazupressen. Kr\u00e4uter und K\u00e4se untermischen.\r\n\r\nMehl mit Backpulver dazusieben und z\u00fcgig unterr\u00fchren. Teig in Muffinblech einf\u00fcllen. In der Mitte des 180 Grad heissen Ofens 20-25 Minuten backen. Im Backblech 5 Minuten ruhen lassen, danach auf dem Kuchengitter ausk\u00fchlen lassen.","recipe_images":[22454,22459]},"_links":{"self":[{"href":"https:\/\/www.emmentaler.ch\/de\/wp-json\/wp\/v2\/recipes\/22443"}],"collection":[{"href":"https:\/\/www.emmentaler.ch\/de\/wp-json\/wp\/v2\/recipes"}],"about":[{"href":"https:\/\/www.emmentaler.ch\/de\/wp-json\/wp\/v2\/types\/recipes"}],"author":[{"embeddable":true,"href":"https:\/\/www.emmentaler.ch\/de\/wp-json\/wp\/v2\/users\/2"}],"version-history":[{"count":1,"href":"https:\/\/www.emmentaler.ch\/de\/wp-json\/wp\/v2\/recipes\/22443\/revisions"}],"predecessor-version":[{"id":137845,"href":"https:\/\/www.emmentaler.ch\/de\/wp-json\/wp\/v2\/recipes\/22443\/revisions\/137845"}],"acf:attachment":[{"embeddable":true,"href":"https:\/\/www.emmentaler.ch\/de\/wp-json\/wp\/v2\/media\/22459"},{"embeddable":true,"href":"https:\/\/www.emmentaler.ch\/de\/wp-json\/wp\/v2\/media\/22454"}],"acf:term":[{"embeddable":true,"taxonomy":"recipe_saison","href":"https:\/\/www.emmentaler.ch\/de\/wp-json\/wp\/v2\/recipe_saison\/143"},{"embeddable":true,"taxonomy":"recipe_saison","href":"https:\/\/www.emmentaler.ch\/de\/wp-json\/wp\/v2\/recipe_saison\/142"},{"embeddable":true,"taxonomy":"recipe_diet_type","href":"https:\/\/www.emmentaler.ch\/de\/wp-json\/wp\/v2\/recipe_diet_type\/132"},{"embeddable":true,"taxonomy":"recipe_difficulty","href":"https:\/\/www.emmentaler.ch\/de\/wp-json\/wp\/v2\/recipe_difficulty\/125"},{"embeddable":true,"taxonomy":"recipe_categories","href":"https:\/\/www.emmentaler.ch\/de\/wp-json\/wp\/v2\/recipe_categories\/149"},{"embeddable":true,"taxonomy":"recipe_preparation_time","href":"https:\/\/www.emmentaler.ch\/de\/wp-json\/wp\/v2\/recipe_preparation_time\/161"}],"acf:post":[{"embeddable":true,"href":"https:\/\/www.emmentaler.ch\/de\/wp-json\/wp\/v2\/pages\/5195"}],"wp:featuredmedia":[{"embeddable":true,"href":"https:\/\/www.emmentaler.ch\/de\/wp-json\/wp\/v2\/media\/22459"}],"wp:attachment":[{"href":"https:\/\/www.emmentaler.ch\/de\/wp-json\/wp\/v2\/media?parent=22443"}],"wp:term":[{"taxonomy":"post_tag","embeddable":true,"href":"https:\/\/www.emmentaler.ch\/de\/wp-json\/wp\/v2\/tags?post=22443"},{"taxonomy":"recipe_categories","embeddable":true,"href":"https:\/\/www.emmentaler.ch\/de\/wp-json\/wp\/v2\/recipe_categories?post=22443"},{"taxonomy":"et_countries","embeddable":true,"href":"https:\/\/www.emmentaler.ch\/de\/wp-json\/wp\/v2\/et_countries?post=22443"},{"taxonomy":"recipe_main_ingredient","embeddable":true,"href":"https:\/\/www.emmentaler.ch\/de\/wp-json\/wp\/v2\/recipe_main_ingredient?post=22443"},{"taxonomy":"recipe_difficulty","embeddable":true,"href":"https:\/\/www.emmentaler.ch\/de\/wp-json\/wp\/v2\/recipe_difficulty?post=22443"},{"taxonomy":"recipe_preparation_time","embeddable":true,"href":"https:\/\/www.emmentaler.ch\/de\/wp-json\/wp\/v2\/recipe_preparation_time?post=22443"},{"taxonomy":"recipe_diet_type","embeddable":true,"href":"https:\/\/www.emmentaler.ch\/de\/wp-json\/wp\/v2\/recipe_diet_type?post=22443"},{"taxonomy":"recipe_saison","embeddable":true,"href":"https:\/\/www.emmentaler.ch\/de\/wp-json\/wp\/v2\/recipe_saison?post=22443"}],"curies":[{"name":"wp","href":"https:\/\/api.w.org\/{rel}","templated":true}]}}