{"id":22474,"date":"2022-04-27T13:38:00","date_gmt":"2022-04-27T11:38:00","guid":{"rendered":"https:\/\/www.emmentaler.ch\/rezept\/kaese-medaillons-mit-fruehlingsgemuese-salat"},"modified":"2024-07-24T13:30:18","modified_gmt":"2024-07-24T11:30:18","slug":"kaese-medaillons-mit-fruehlingsgemuese-salat","status":"publish","type":"recipes","link":"https:\/\/www.emmentaler.ch\/de\/rezept\/kaese-medaillons-mit-fruehlingsgemuese-salat","title":{"rendered":"K\u00e4se-Medaillons mit Fr\u00fchlingsgem\u00fcse-Salat"},"author":2,"featured_media":22505,"menu_order":0,"template":"","meta":{"inline_featured_image":false},"tags":[],"recipe_categories":[86],"et_countries":[],"recipe_main_ingredient":[123],"recipe_difficulty":[125],"recipe_preparation_time":[156],"recipe_diet_type":[133,132],"recipe_saison":[138,143],"acf":{"recipe_preparation_time":156,"recipe_categories":86,"recipe_time_txt":"","recipe_type":5236,"recipe_difficulty":125,"recipe_diet_type":[133,132],"recipe_main_ingredient":[123],"recipe_saison":[138,143],"recipe_count_portions":4,"recipe_ingedients":[{"recipe_ingedients_amount":"75","recipe_ingedients_unit":"g","recipe_ingedients_product":"Paniermehl"},{"recipe_ingedients_amount":"125","recipe_ingedients_unit":"g","recipe_ingedients_product":"Kohlrabi"},{"recipe_ingedients_amount":"62.5","recipe_ingedients_unit":"g","recipe_ingedients_product":"Kefen"},{"recipe_ingedients_amount":"0.75","recipe_ingedients_unit":"El","recipe_ingedients_product":"Rotweinessig"},{"recipe_ingedients_amount":"1","recipe_ingedients_unit":"El","recipe_ingedients_product":"Raps\u00f6l"},{"recipe_ingedients_amount":"0.25","recipe_ingedients_unit":"Bd","recipe_ingedients_product":"Schnittlauch"},{"recipe_ingedients_amount":"18.75","recipe_ingedients_unit":"g","recipe_ingedients_product":"Mehl"},{"recipe_ingedients_amount":"0.125","recipe_ingedients_unit":"Tl","recipe_ingedients_product":"Backpulver"},{"recipe_ingedients_amount":"37.5","recipe_ingedients_unit":"g","recipe_ingedients_product":"rezenter Emmentaler AOP"},{"recipe_ingedients_amount":"0.75","recipe_ingedients_unit":"St\u00fcck","recipe_ingedients_product":"Eier"},{"recipe_ingedients_amount":"","recipe_ingedients_unit":"Bedarf","recipe_ingedients_product":"Butter zum Braten"},{"recipe_ingedients_amount":"","recipe_ingedients_unit":"Bedarf","recipe_ingedients_product":"Nach Bedarf: Salz, Pfeffer"}],"temporare_zutaten":"300 g R\u00fcebli\r\nca. 500 g Kohlrabi\r\n250 g Kefen\r\n3 EL Rotweinessig\r\n4 EL Raps\u00f6l\r\nSalz, Pfeffer\r\n1 Bund Schnittlauch\r\n75 g Mehl\r\n\u00bd TL Backpulver\r\n150 g rezenter Emmentaler AOP\r\n3 Eier\r\nSalz, Pfeffer\r\nButter zum Braten","recipe_preparation":"R\u00fcebli und Kohlrabi sch\u00e4len. R\u00fcebli in ca. 5 mm dicke R\u00e4dchen und Kohlrabi in 5 mm d\u00fcnne St\u00e4bchen schneiden. Kefen diagonal halbieren. Gem\u00fcse 5-7 Minuten im Dampf knackig garen.\r\n\r\nEssig, \u00d6l, Salz und Pfeffer zu einer Sauce verr\u00fchren. Gem\u00fcse mit der Sauce vermischen. Vor dem Servieren Schnittlauch in R\u00f6llchen schneiden und zuf\u00fcgen.\r\n\r\nMehl und Backpulver in eine Sch\u00fcssel mischen. Emmentaler AOP fein reiben. Eier verquirlen. K\u00e4se und Eier zum Mehl geben, mit Salz und Pfeffer w\u00fcrzen und alles gut vermengen. Etwas Butter in einer beschichteten Bratpfanne erhitzen. Pro Medaillons 1 Essl\u00f6ffel Teig hineingeben und bei mittlerer Hitze auf jeder Seite ca. 2 Minuten goldgelb braten. Fertige Medaillons warm stellen, bis alle fertig gebraten sind.\r\n\r\nSalat mit den K\u00e4se-Medaillons anrichten.","recipe_images":[22500,22505,22510,22515,22520]},"_links":{"self":[{"href":"https:\/\/www.emmentaler.ch\/de\/wp-json\/wp\/v2\/recipes\/22474"}],"collection":[{"href":"https:\/\/www.emmentaler.ch\/de\/wp-json\/wp\/v2\/recipes"}],"about":[{"href":"https:\/\/www.emmentaler.ch\/de\/wp-json\/wp\/v2\/types\/recipes"}],"author":[{"embeddable":true,"href":"https:\/\/www.emmentaler.ch\/de\/wp-json\/wp\/v2\/users\/2"}],"version-history":[{"count":1,"href":"https:\/\/www.emmentaler.ch\/de\/wp-json\/wp\/v2\/recipes\/22474\/revisions"}],"predecessor-version":[{"id":137846,"href":"https:\/\/www.emmentaler.ch\/de\/wp-json\/wp\/v2\/recipes\/22474\/revisions\/137846"}],"acf:attachment":[{"embeddable":true,"href":"https:\/\/www.emmentaler.ch\/de\/wp-json\/wp\/v2\/media\/22520"},{"embeddable":true,"href":"https:\/\/www.emmentaler.ch\/de\/wp-json\/wp\/v2\/media\/22515"},{"embeddable":true,"href":"https:\/\/www.emmentaler.ch\/de\/wp-json\/wp\/v2\/media\/22510"},{"embeddable":true,"href":"https:\/\/www.emmentaler.ch\/de\/wp-json\/wp\/v2\/media\/22505"},{"embeddable":true,"href":"https:\/\/www.emmentaler.ch\/de\/wp-json\/wp\/v2\/media\/22500"}],"acf:term":[{"embeddable":true,"taxonomy":"recipe_saison","href":"https:\/\/www.emmentaler.ch\/de\/wp-json\/wp\/v2\/recipe_saison\/143"},{"embeddable":true,"taxonomy":"recipe_saison","href":"https:\/\/www.emmentaler.ch\/de\/wp-json\/wp\/v2\/recipe_saison\/138"},{"embeddable":true,"taxonomy":"recipe_main_ingredient","href":"https:\/\/www.emmentaler.ch\/de\/wp-json\/wp\/v2\/recipe_main_ingredient\/123"},{"embeddable":true,"taxonomy":"recipe_diet_type","href":"https:\/\/www.emmentaler.ch\/de\/wp-json\/wp\/v2\/recipe_diet_type\/132"},{"embeddable":true,"taxonomy":"recipe_diet_type","href":"https:\/\/www.emmentaler.ch\/de\/wp-json\/wp\/v2\/recipe_diet_type\/133"},{"embeddable":true,"taxonomy":"recipe_difficulty","href":"https:\/\/www.emmentaler.ch\/de\/wp-json\/wp\/v2\/recipe_difficulty\/125"},{"embeddable":true,"taxonomy":"recipe_categories","href":"https:\/\/www.emmentaler.ch\/de\/wp-json\/wp\/v2\/recipe_categories\/86"},{"embeddable":true,"taxonomy":"recipe_preparation_time","href":"https:\/\/www.emmentaler.ch\/de\/wp-json\/wp\/v2\/recipe_preparation_time\/156"}],"acf:post":[{"embeddable":true,"href":"https:\/\/www.emmentaler.ch\/de\/wp-json\/wp\/v2\/pages\/5236"}],"wp:featuredmedia":[{"embeddable":true,"href":"https:\/\/www.emmentaler.ch\/de\/wp-json\/wp\/v2\/media\/22505"}],"wp:attachment":[{"href":"https:\/\/www.emmentaler.ch\/de\/wp-json\/wp\/v2\/media?parent=22474"}],"wp:term":[{"taxonomy":"post_tag","embeddable":true,"href":"https:\/\/www.emmentaler.ch\/de\/wp-json\/wp\/v2\/tags?post=22474"},{"taxonomy":"recipe_categories","embeddable":true,"href":"https:\/\/www.emmentaler.ch\/de\/wp-json\/wp\/v2\/recipe_categories?post=22474"},{"taxonomy":"et_countries","embeddable":true,"href":"https:\/\/www.emmentaler.ch\/de\/wp-json\/wp\/v2\/et_countries?post=22474"},{"taxonomy":"recipe_main_ingredient","embeddable":true,"href":"https:\/\/www.emmentaler.ch\/de\/wp-json\/wp\/v2\/recipe_main_ingredient?post=22474"},{"taxonomy":"recipe_difficulty","embeddable":true,"href":"https:\/\/www.emmentaler.ch\/de\/wp-json\/wp\/v2\/recipe_difficulty?post=22474"},{"taxonomy":"recipe_preparation_time","embeddable":true,"href":"https:\/\/www.emmentaler.ch\/de\/wp-json\/wp\/v2\/recipe_preparation_time?post=22474"},{"taxonomy":"recipe_diet_type","embeddable":true,"href":"https:\/\/www.emmentaler.ch\/de\/wp-json\/wp\/v2\/recipe_diet_type?post=22474"},{"taxonomy":"recipe_saison","embeddable":true,"href":"https:\/\/www.emmentaler.ch\/de\/wp-json\/wp\/v2\/recipe_saison?post=22474"}],"curies":[{"name":"wp","href":"https:\/\/api.w.org\/{rel}","templated":true}]}}