{"id":22612,"date":"2022-04-27T13:38:44","date_gmt":"2022-04-27T11:38:44","guid":{"rendered":"https:\/\/www.emmentaler.ch\/rezept\/kaesekuchen-mit-lauch"},"modified":"2024-07-24T13:35:19","modified_gmt":"2024-07-24T11:35:19","slug":"kaesekuchen-mit-lauch","status":"publish","type":"recipes","link":"https:\/\/www.emmentaler.ch\/de\/rezept\/kaesekuchen-mit-lauch","title":{"rendered":"K\u00e4sekuchen mit Lauch"},"author":2,"featured_media":22638,"menu_order":0,"template":"","meta":{"inline_featured_image":false},"tags":[],"recipe_categories":[86],"et_countries":[],"recipe_main_ingredient":[123],"recipe_difficulty":[125],"recipe_preparation_time":[153],"recipe_diet_type":[132],"recipe_saison":[142,143,140],"acf":{"recipe_preparation_time":153,"recipe_categories":86,"recipe_time_txt":"20 Minuten + 30 Minuten im Ofen","recipe_type":216,"recipe_difficulty":125,"recipe_diet_type":[132],"recipe_main_ingredient":[123],"recipe_saison":[142,143,140],"recipe_count_portions":5,"recipe_ingedients":[{"recipe_ingedients_amount":".4","recipe_ingedients_unit":"St\u00fcck","recipe_ingedients_product":"Lauchst\u00e4ngel"},{"recipe_ingedients_amount":".2","recipe_ingedients_unit":"El","recipe_ingedients_product":"Butter"},{"recipe_ingedients_amount":"30","recipe_ingedients_unit":"g","recipe_ingedients_product":"reifer Emmentaler AOP"},{"recipe_ingedients_amount":"30","recipe_ingedients_unit":"g","recipe_ingedients_product":"milder Emmentaler AOP"},{"recipe_ingedients_amount":".6","recipe_ingedients_unit":"St\u00fcck","recipe_ingedients_product":"Eier"},{"recipe_ingedients_amount":"60","recipe_ingedients_unit":"ml","recipe_ingedients_product":"Milch"},{"recipe_ingedients_amount":".2","recipe_ingedients_unit":"St\u00fcck","recipe_ingedients_product":"Knoblauchzehen"},{"recipe_ingedients_amount":".2","recipe_ingedients_unit":"St\u00fcck","recipe_ingedients_product":"rund ausgewallter Kuchenteig"},{"recipe_ingedients_amount":"","recipe_ingedients_unit":"Bedarf","recipe_ingedients_product":"Salz, Pfeffer, Muskatnuss"}],"temporare_zutaten":"2 Lauchst\u00e4ngel\r\n1 EL Butter\r\n150 g reifer Emmentaler AOP\r\n150 g milder Emmentaler AOP\r\n3 Eier\r\n3 dl Milch\r\n1 Knoblauchzehen\r\nSalz, Pfeffer, Muskatnuss\r\n1 rund ausgewallter Kuchenteig","recipe_preparation":"Lauch in Ringe schneiden. Butter in einer Bratpfanne erhitzen. Lauch darin ca. 5 Minuten d\u00fcnsten. Emmentaler AOP an der R\u00f6stiraffel reiben. Eier und Milch verquirlen, Knoblauch dazupressen. K\u00e4se und Lauch mit dem Guss gut vermischen, w\u00fcrzen.\r\n\r\nKuchenblech mit Teig auslegen. Boden mit einer Gabel einstechen. K\u00e4semasse darauf verteilen. Im 220 Grad heissen Ofen auf der untersten Rille ca. 30 Minuten backen.","recipe_images":[22648,22643,22638]},"_links":{"self":[{"href":"https:\/\/www.emmentaler.ch\/de\/wp-json\/wp\/v2\/recipes\/22612"}],"collection":[{"href":"https:\/\/www.emmentaler.ch\/de\/wp-json\/wp\/v2\/recipes"}],"about":[{"href":"https:\/\/www.emmentaler.ch\/de\/wp-json\/wp\/v2\/types\/recipes"}],"author":[{"embeddable":true,"href":"https:\/\/www.emmentaler.ch\/de\/wp-json\/wp\/v2\/users\/2"}],"version-history":[{"count":1,"href":"https:\/\/www.emmentaler.ch\/de\/wp-json\/wp\/v2\/recipes\/22612\/revisions"}],"predecessor-version":[{"id":137838,"href":"https:\/\/www.emmentaler.ch\/de\/wp-json\/wp\/v2\/recipes\/22612\/revisions\/137838"}],"acf:attachment":[{"embeddable":true,"href":"https:\/\/www.emmentaler.ch\/de\/wp-json\/wp\/v2\/media\/22638"},{"embeddable":true,"href":"https:\/\/www.emmentaler.ch\/de\/wp-json\/wp\/v2\/media\/22643"},{"embeddable":true,"href":"https:\/\/www.emmentaler.ch\/de\/wp-json\/wp\/v2\/media\/22648"}],"acf:term":[{"embeddable":true,"taxonomy":"recipe_saison","href":"https:\/\/www.emmentaler.ch\/de\/wp-json\/wp\/v2\/recipe_saison\/140"},{"embeddable":true,"taxonomy":"recipe_saison","href":"https:\/\/www.emmentaler.ch\/de\/wp-json\/wp\/v2\/recipe_saison\/143"},{"embeddable":true,"taxonomy":"recipe_saison","href":"https:\/\/www.emmentaler.ch\/de\/wp-json\/wp\/v2\/recipe_saison\/142"},{"embeddable":true,"taxonomy":"recipe_main_ingredient","href":"https:\/\/www.emmentaler.ch\/de\/wp-json\/wp\/v2\/recipe_main_ingredient\/123"},{"embeddable":true,"taxonomy":"recipe_diet_type","href":"https:\/\/www.emmentaler.ch\/de\/wp-json\/wp\/v2\/recipe_diet_type\/132"},{"embeddable":true,"taxonomy":"recipe_difficulty","href":"https:\/\/www.emmentaler.ch\/de\/wp-json\/wp\/v2\/recipe_difficulty\/125"},{"embeddable":true,"taxonomy":"recipe_categories","href":"https:\/\/www.emmentaler.ch\/de\/wp-json\/wp\/v2\/recipe_categories\/86"},{"embeddable":true,"taxonomy":"recipe_preparation_time","href":"https:\/\/www.emmentaler.ch\/de\/wp-json\/wp\/v2\/recipe_preparation_time\/153"}],"acf:post":[{"embeddable":true,"href":"https:\/\/www.emmentaler.ch\/de\/wp-json\/wp\/v2\/pages\/216"}],"wp:featuredmedia":[{"embeddable":true,"href":"https:\/\/www.emmentaler.ch\/de\/wp-json\/wp\/v2\/media\/22638"}],"wp:attachment":[{"href":"https:\/\/www.emmentaler.ch\/de\/wp-json\/wp\/v2\/media?parent=22612"}],"wp:term":[{"taxonomy":"post_tag","embeddable":true,"href":"https:\/\/www.emmentaler.ch\/de\/wp-json\/wp\/v2\/tags?post=22612"},{"taxonomy":"recipe_categories","embeddable":true,"href":"https:\/\/www.emmentaler.ch\/de\/wp-json\/wp\/v2\/recipe_categories?post=22612"},{"taxonomy":"et_countries","embeddable":true,"href":"https:\/\/www.emmentaler.ch\/de\/wp-json\/wp\/v2\/et_countries?post=22612"},{"taxonomy":"recipe_main_ingredient","embeddable":true,"href":"https:\/\/www.emmentaler.ch\/de\/wp-json\/wp\/v2\/recipe_main_ingredient?post=22612"},{"taxonomy":"recipe_difficulty","embeddable":true,"href":"https:\/\/www.emmentaler.ch\/de\/wp-json\/wp\/v2\/recipe_difficulty?post=22612"},{"taxonomy":"recipe_preparation_time","embeddable":true,"href":"https:\/\/www.emmentaler.ch\/de\/wp-json\/wp\/v2\/recipe_preparation_time?post=22612"},{"taxonomy":"recipe_diet_type","embeddable":true,"href":"https:\/\/www.emmentaler.ch\/de\/wp-json\/wp\/v2\/recipe_diet_type?post=22612"},{"taxonomy":"recipe_saison","embeddable":true,"href":"https:\/\/www.emmentaler.ch\/de\/wp-json\/wp\/v2\/recipe_saison?post=22612"}],"curies":[{"name":"wp","href":"https:\/\/api.w.org\/{rel}","templated":true}]}}