{"id":22704,"date":"2022-04-27T13:38:44","date_gmt":"2022-04-27T11:38:44","guid":{"rendered":"https:\/\/www.emmentaler.ch\/rezept\/kraeuter-crespelle"},"modified":"2022-06-27T15:22:14","modified_gmt":"2022-06-27T13:22:14","slug":"kraeuter-crespelle","status":"publish","type":"recipes","link":"https:\/\/www.emmentaler.ch\/de\/rezept\/kraeuter-crespelle","title":{"rendered":"Kr\u00e4uter-Crespelle"},"author":2,"featured_media":22720,"menu_order":0,"template":"","meta":{"inline_featured_image":false},"tags":[],"recipe_categories":[86],"et_countries":[],"recipe_main_ingredient":[123],"recipe_difficulty":[126],"recipe_preparation_time":[170],"recipe_diet_type":[132],"recipe_saison":[143],"acf":{"recipe_preparation_time":170,"recipe_categories":86,"recipe_time_txt":"45 Minuten, plus 30 Minuten zum Quellen, plus 25 Minuten zum Backen","recipe_type":5195,"recipe_difficulty":126,"recipe_diet_type":[132],"recipe_main_ingredient":[123],"recipe_saison":[143],"recipe_count_portions":4,"recipe_ingedients":[{"recipe_ingedients_amount":"","recipe_ingedients_unit":"g","recipe_ingedients_product":""}],"temporare_zutaten":"200 g Emmentaler AOP\r\n125 g Mehl\r\n\u00bd TL Salz\r\n2,5 dl Milch\r\n4 Eier\r\nButter zum Braten\r\n50 g Baumn\u00fcsse\r\n2 Handvoll gemischte Kr\u00e4uter, z.B. Petersilie, Kerbel, Schnittlauch, Basilikum\r\n350 g Ricotta\r\nSalz, Pfeffer\r\netwas abgeriebene Zitronenschale\r\n500 g Cherrytomaten am Strauch\r\n1 EL Oliven\u00f6l","recipe_preparation":"Emmentaler AOP fein reiben. Mehl, Salz, Milch und 25 g K\u00e4se zusammen verr\u00fchren. Eier verquirlen unter den Teig r\u00fchren, 30 Minuten ruhen lassen. In einer grossen, beschichteten Bratpfanne etwas Butter schmelzen und nacheinander 8 Cr\u00eapes backen.\r\n\r\nBaumn\u00fcsse grob hacken. Kr\u00e4uter fein hacken, mit Baumn\u00fcssen, Ricotta und 125 g Emmentaler AOP vermischen. Mit Salz, Pfeffer und Zitronenschale w\u00fcrzen. Cr\u00eapes mit F\u00fcllung bestreichen, aufrollen und in eine Gratinform legen. Tomaten darauf verteilen, mit restlichem K\u00e4se bestreuen, \u00d6l dar\u00fcbertr\u00e4ufeln. Im 200 Grad heissen Ofen ca. 25 Minuten \u00fcberbacken.","recipe_images":[22720]},"_links":{"self":[{"href":"https:\/\/www.emmentaler.ch\/de\/wp-json\/wp\/v2\/recipes\/22704"}],"collection":[{"href":"https:\/\/www.emmentaler.ch\/de\/wp-json\/wp\/v2\/recipes"}],"about":[{"href":"https:\/\/www.emmentaler.ch\/de\/wp-json\/wp\/v2\/types\/recipes"}],"author":[{"embeddable":true,"href":"https:\/\/www.emmentaler.ch\/de\/wp-json\/wp\/v2\/users\/2"}],"version-history":[{"count":0,"href":"https:\/\/www.emmentaler.ch\/de\/wp-json\/wp\/v2\/recipes\/22704\/revisions"}],"acf:attachment":[{"embeddable":true,"href":"https:\/\/www.emmentaler.ch\/de\/wp-json\/wp\/v2\/media\/22720"}],"acf:term":[{"embeddable":true,"taxonomy":"recipe_saison","href":"https:\/\/www.emmentaler.ch\/de\/wp-json\/wp\/v2\/recipe_saison\/143"},{"embeddable":true,"taxonomy":"recipe_main_ingredient","href":"https:\/\/www.emmentaler.ch\/de\/wp-json\/wp\/v2\/recipe_main_ingredient\/123"},{"embeddable":true,"taxonomy":"recipe_diet_type","href":"https:\/\/www.emmentaler.ch\/de\/wp-json\/wp\/v2\/recipe_diet_type\/132"},{"embeddable":true,"taxonomy":"recipe_difficulty","href":"https:\/\/www.emmentaler.ch\/de\/wp-json\/wp\/v2\/recipe_difficulty\/126"},{"embeddable":true,"taxonomy":"recipe_categories","href":"https:\/\/www.emmentaler.ch\/de\/wp-json\/wp\/v2\/recipe_categories\/86"},{"embeddable":true,"taxonomy":"recipe_preparation_time","href":"https:\/\/www.emmentaler.ch\/de\/wp-json\/wp\/v2\/recipe_preparation_time\/170"}],"acf:post":[{"embeddable":true,"href":"https:\/\/www.emmentaler.ch\/de\/wp-json\/wp\/v2\/pages\/5195"}],"wp:featuredmedia":[{"embeddable":true,"href":"https:\/\/www.emmentaler.ch\/de\/wp-json\/wp\/v2\/media\/22720"}],"wp:attachment":[{"href":"https:\/\/www.emmentaler.ch\/de\/wp-json\/wp\/v2\/media?parent=22704"}],"wp:term":[{"taxonomy":"post_tag","embeddable":true,"href":"https:\/\/www.emmentaler.ch\/de\/wp-json\/wp\/v2\/tags?post=22704"},{"taxonomy":"recipe_categories","embeddable":true,"href":"https:\/\/www.emmentaler.ch\/de\/wp-json\/wp\/v2\/recipe_categories?post=22704"},{"taxonomy":"et_countries","embeddable":true,"href":"https:\/\/www.emmentaler.ch\/de\/wp-json\/wp\/v2\/et_countries?post=22704"},{"taxonomy":"recipe_main_ingredient","embeddable":true,"href":"https:\/\/www.emmentaler.ch\/de\/wp-json\/wp\/v2\/recipe_main_ingredient?post=22704"},{"taxonomy":"recipe_difficulty","embeddable":true,"href":"https:\/\/www.emmentaler.ch\/de\/wp-json\/wp\/v2\/recipe_difficulty?post=22704"},{"taxonomy":"recipe_preparation_time","embeddable":true,"href":"https:\/\/www.emmentaler.ch\/de\/wp-json\/wp\/v2\/recipe_preparation_time?post=22704"},{"taxonomy":"recipe_diet_type","embeddable":true,"href":"https:\/\/www.emmentaler.ch\/de\/wp-json\/wp\/v2\/recipe_diet_type?post=22704"},{"taxonomy":"recipe_saison","embeddable":true,"href":"https:\/\/www.emmentaler.ch\/de\/wp-json\/wp\/v2\/recipe_saison?post=22704"}],"curies":[{"name":"wp","href":"https:\/\/api.w.org\/{rel}","templated":true}]}}