{"id":22766,"date":"2022-04-27T13:38:44","date_gmt":"2022-04-27T11:38:44","guid":{"rendered":"https:\/\/www.emmentaler.ch\/rezept\/krautstiel-quiche"},"modified":"2022-08-12T16:49:49","modified_gmt":"2022-08-12T14:49:49","slug":"krautstiel-quiche","status":"publish","type":"recipes","link":"https:\/\/www.emmentaler.ch\/de\/rezept\/krautstiel-quiche","title":{"rendered":"Krautstiel-Quiche"},"author":2,"featured_media":22782,"menu_order":0,"template":"","meta":{"inline_featured_image":false},"tags":[],"recipe_categories":[86],"et_countries":[],"recipe_main_ingredient":[123],"recipe_difficulty":[127],"recipe_preparation_time":[165],"recipe_diet_type":[132],"recipe_saison":[138],"acf":{"recipe_preparation_time":165,"recipe_categories":86,"recipe_time_txt":"40 Minuten, plus 30 Minuten zum Backen","recipe_type":5221,"recipe_difficulty":127,"recipe_diet_type":[132],"recipe_main_ingredient":[123],"recipe_saison":[138],"recipe_count_portions":4,"recipe_ingedients":[{"recipe_ingedients_amount":"","recipe_ingedients_unit":"g","recipe_ingedients_product":""}],"temporare_zutaten":"200 g Mehl\r\n\u00bd TL Salz\r\n150 g geriebener Emmentaler AOP\r\n75 g kalte Butter, in St\u00fcckchen\r\n5-6 EL Wasser\r\n600 g Krautstiele\r\n1 EL Raps\u00f6l\r\n3 Knoblauchzehen\r\nSalz, Pfeffer\r\n2 Eier\r\n1 dl Rahm\r\n1 dl Milch\r\nMuskatnuss","recipe_preparation":"Mehl, Salz und 50 g Emmentaler AOP in einer Sch\u00fcssel mischen. Butter beif\u00fcgen, zwischen den Fingern mit der Mehlmischung kr\u00fcmelig reiben. Wasser beigeben, den Teig kneten, bis er zusammenh\u00e4lt. Teig etwa 1 Stunde k\u00fchl stellen.\r\n\r\nVon den Krautstielen die gr\u00fcnen Bl\u00e4tter und die Stiele separat in 1 cm breite Streifen schneiden. \u00d6l erhitzen, Stiele darin 3-4 Minuten and\u00fcnsten. Bl\u00e4tter beif\u00fcgen, weiter d\u00fcnsten bis die Bl\u00e4tter zusammenfallen. Knoblauch dazupressen, mit Salz und Pfeffer w\u00fcrzen, ausk\u00fchlen lassen.\r\n\r\nTeig ausrollen. Kuchenblech damit auslegen. Teigboden mit einer Gabel mehrmals einstechen. 50 g Emmentaler AOP darauf verstreuen. Krautstiele verteilen. Eier mit Rahm, Milch und restlichem K\u00e4se verr\u00fchren. Guss mit Salz, Pfeffer und Muskatnuss w\u00fcrzen, \u00fcber das Gem\u00fcse giessen.\r\n\r\nIm 200 Grad heissen Ofen auf der untersten Rille etwa 30 Minuten backen.\r\n\r\n(F\u00fcr Kuchenblech von 28 cm Durchmesser)","recipe_images":[22782]},"_links":{"self":[{"href":"https:\/\/www.emmentaler.ch\/de\/wp-json\/wp\/v2\/recipes\/22766"}],"collection":[{"href":"https:\/\/www.emmentaler.ch\/de\/wp-json\/wp\/v2\/recipes"}],"about":[{"href":"https:\/\/www.emmentaler.ch\/de\/wp-json\/wp\/v2\/types\/recipes"}],"author":[{"embeddable":true,"href":"https:\/\/www.emmentaler.ch\/de\/wp-json\/wp\/v2\/users\/2"}],"version-history":[{"count":0,"href":"https:\/\/www.emmentaler.ch\/de\/wp-json\/wp\/v2\/recipes\/22766\/revisions"}],"acf:attachment":[{"embeddable":true,"href":"https:\/\/www.emmentaler.ch\/de\/wp-json\/wp\/v2\/media\/22782"}],"acf:term":[{"embeddable":true,"taxonomy":"recipe_saison","href":"https:\/\/www.emmentaler.ch\/de\/wp-json\/wp\/v2\/recipe_saison\/138"},{"embeddable":true,"taxonomy":"recipe_main_ingredient","href":"https:\/\/www.emmentaler.ch\/de\/wp-json\/wp\/v2\/recipe_main_ingredient\/123"},{"embeddable":true,"taxonomy":"recipe_diet_type","href":"https:\/\/www.emmentaler.ch\/de\/wp-json\/wp\/v2\/recipe_diet_type\/132"},{"embeddable":true,"taxonomy":"recipe_difficulty","href":"https:\/\/www.emmentaler.ch\/de\/wp-json\/wp\/v2\/recipe_difficulty\/127"},{"embeddable":true,"taxonomy":"recipe_categories","href":"https:\/\/www.emmentaler.ch\/de\/wp-json\/wp\/v2\/recipe_categories\/86"},{"embeddable":true,"taxonomy":"recipe_preparation_time","href":"https:\/\/www.emmentaler.ch\/de\/wp-json\/wp\/v2\/recipe_preparation_time\/165"}],"acf:post":[{"embeddable":true,"href":"https:\/\/www.emmentaler.ch\/de\/wp-json\/wp\/v2\/pages\/5221"}],"wp:featuredmedia":[{"embeddable":true,"href":"https:\/\/www.emmentaler.ch\/de\/wp-json\/wp\/v2\/media\/22782"}],"wp:attachment":[{"href":"https:\/\/www.emmentaler.ch\/de\/wp-json\/wp\/v2\/media?parent=22766"}],"wp:term":[{"taxonomy":"post_tag","embeddable":true,"href":"https:\/\/www.emmentaler.ch\/de\/wp-json\/wp\/v2\/tags?post=22766"},{"taxonomy":"recipe_categories","embeddable":true,"href":"https:\/\/www.emmentaler.ch\/de\/wp-json\/wp\/v2\/recipe_categories?post=22766"},{"taxonomy":"et_countries","embeddable":true,"href":"https:\/\/www.emmentaler.ch\/de\/wp-json\/wp\/v2\/et_countries?post=22766"},{"taxonomy":"recipe_main_ingredient","embeddable":true,"href":"https:\/\/www.emmentaler.ch\/de\/wp-json\/wp\/v2\/recipe_main_ingredient?post=22766"},{"taxonomy":"recipe_difficulty","embeddable":true,"href":"https:\/\/www.emmentaler.ch\/de\/wp-json\/wp\/v2\/recipe_difficulty?post=22766"},{"taxonomy":"recipe_preparation_time","embeddable":true,"href":"https:\/\/www.emmentaler.ch\/de\/wp-json\/wp\/v2\/recipe_preparation_time?post=22766"},{"taxonomy":"recipe_diet_type","embeddable":true,"href":"https:\/\/www.emmentaler.ch\/de\/wp-json\/wp\/v2\/recipe_diet_type?post=22766"},{"taxonomy":"recipe_saison","embeddable":true,"href":"https:\/\/www.emmentaler.ch\/de\/wp-json\/wp\/v2\/recipe_saison?post=22766"}],"curies":[{"name":"wp","href":"https:\/\/api.w.org\/{rel}","templated":true}]}}