{"id":22797,"date":"2022-04-27T13:38:44","date_gmt":"2022-04-27T11:38:44","guid":{"rendered":"https:\/\/www.emmentaler.ch\/rezept\/kuerbisknoepfli-pfanne"},"modified":"2022-08-12T17:15:30","modified_gmt":"2022-08-12T15:15:30","slug":"kuerbisknoepfli-pfanne","status":"publish","type":"recipes","link":"https:\/\/www.emmentaler.ch\/de\/rezept\/kuerbisknoepfli-pfanne","title":{"rendered":"K\u00fcrbiskn\u00f6pfli-Pfanne"},"author":2,"featured_media":22813,"menu_order":0,"template":"","meta":{"inline_featured_image":false},"tags":[],"recipe_categories":[86],"et_countries":[],"recipe_main_ingredient":[123],"recipe_difficulty":[126],"recipe_preparation_time":[165],"recipe_diet_type":[133,132],"recipe_saison":[137],"acf":{"recipe_preparation_time":165,"recipe_categories":86,"recipe_time_txt":"40 Minuten, plus 30 Minuten Ruhezeit","recipe_type":5208,"recipe_difficulty":126,"recipe_diet_type":[133,132],"recipe_main_ingredient":[123],"recipe_saison":[137],"recipe_count_portions":4,"recipe_ingedients":[{"recipe_ingedients_amount":"","recipe_ingedients_unit":"g","recipe_ingedients_product":""}],"temporare_zutaten":"450 g Hokkaido-K\u00fcrbisfleisch\r\n300 g Dinkelmehl\r\n3 Eier\r\n1 TL Salz\r\n1 kleine Zwiebel\r\n1 Lauchst\u00e4ngel\r\n1 EL \u00d6l\r\n1 dl Apfelwein\r\n1,5 dl Bouillon\r\n350 g tiefgek\u00fchlte aufgetaute Marroni\r\netwas Rosmarin\r\nPfeffer\r\n125 g milder Emmentaler AOP","recipe_preparation":"K\u00fcrbis w\u00fcrfeln, ca. 20 Minuten im Dampf weich garen, p\u00fcrieren, ausk\u00fchlen lassen. Mehl, Eier, Salz und K\u00fcrbisp\u00fcree in eine Sch\u00fcssel geben, zu einem glatten Teig schlagen, 30 Minuten ruhen lassen.\r\n\r\nZwiebel fein hacken, Lauch in Ringe schneiden. Beides im heissen \u00d6l and\u00fcnsten, mit Apfelwein abl\u00f6schen. Bouillon und Marroni zuf\u00fcgen, 10 Minuten k\u00f6cheln, mit Rosmarin, Salz und Pfeffer w\u00fcrzen.\r\n\r\nEmmentaler AOP in kleine W\u00fcrfel schneiden. Reichlich Salzwasser erhitzen. Teig portionenweise durch ein Kn\u00f6pflisieb direkt ins siedende Wasser streichen. Sobald die Kn\u00f6pfli an die Oberfl\u00e4che steigen, mit einer Lochkelle herausheben. Kn\u00f6pfli zur Marronimischung geben, kurz erhitzen und K\u00e4sew\u00fcrfel darunter mischen.","recipe_images":[22813]},"_links":{"self":[{"href":"https:\/\/www.emmentaler.ch\/de\/wp-json\/wp\/v2\/recipes\/22797"}],"collection":[{"href":"https:\/\/www.emmentaler.ch\/de\/wp-json\/wp\/v2\/recipes"}],"about":[{"href":"https:\/\/www.emmentaler.ch\/de\/wp-json\/wp\/v2\/types\/recipes"}],"author":[{"embeddable":true,"href":"https:\/\/www.emmentaler.ch\/de\/wp-json\/wp\/v2\/users\/2"}],"version-history":[{"count":0,"href":"https:\/\/www.emmentaler.ch\/de\/wp-json\/wp\/v2\/recipes\/22797\/revisions"}],"acf:attachment":[{"embeddable":true,"href":"https:\/\/www.emmentaler.ch\/de\/wp-json\/wp\/v2\/media\/22813"}],"acf:term":[{"embeddable":true,"taxonomy":"recipe_saison","href":"https:\/\/www.emmentaler.ch\/de\/wp-json\/wp\/v2\/recipe_saison\/137"},{"embeddable":true,"taxonomy":"recipe_main_ingredient","href":"https:\/\/www.emmentaler.ch\/de\/wp-json\/wp\/v2\/recipe_main_ingredient\/123"},{"embeddable":true,"taxonomy":"recipe_diet_type","href":"https:\/\/www.emmentaler.ch\/de\/wp-json\/wp\/v2\/recipe_diet_type\/132"},{"embeddable":true,"taxonomy":"recipe_diet_type","href":"https:\/\/www.emmentaler.ch\/de\/wp-json\/wp\/v2\/recipe_diet_type\/133"},{"embeddable":true,"taxonomy":"recipe_difficulty","href":"https:\/\/www.emmentaler.ch\/de\/wp-json\/wp\/v2\/recipe_difficulty\/126"},{"embeddable":true,"taxonomy":"recipe_categories","href":"https:\/\/www.emmentaler.ch\/de\/wp-json\/wp\/v2\/recipe_categories\/86"},{"embeddable":true,"taxonomy":"recipe_preparation_time","href":"https:\/\/www.emmentaler.ch\/de\/wp-json\/wp\/v2\/recipe_preparation_time\/165"}],"acf:post":[{"embeddable":true,"href":"https:\/\/www.emmentaler.ch\/de\/wp-json\/wp\/v2\/pages\/5208"}],"wp:featuredmedia":[{"embeddable":true,"href":"https:\/\/www.emmentaler.ch\/de\/wp-json\/wp\/v2\/media\/22813"}],"wp:attachment":[{"href":"https:\/\/www.emmentaler.ch\/de\/wp-json\/wp\/v2\/media?parent=22797"}],"wp:term":[{"taxonomy":"post_tag","embeddable":true,"href":"https:\/\/www.emmentaler.ch\/de\/wp-json\/wp\/v2\/tags?post=22797"},{"taxonomy":"recipe_categories","embeddable":true,"href":"https:\/\/www.emmentaler.ch\/de\/wp-json\/wp\/v2\/recipe_categories?post=22797"},{"taxonomy":"et_countries","embeddable":true,"href":"https:\/\/www.emmentaler.ch\/de\/wp-json\/wp\/v2\/et_countries?post=22797"},{"taxonomy":"recipe_main_ingredient","embeddable":true,"href":"https:\/\/www.emmentaler.ch\/de\/wp-json\/wp\/v2\/recipe_main_ingredient?post=22797"},{"taxonomy":"recipe_difficulty","embeddable":true,"href":"https:\/\/www.emmentaler.ch\/de\/wp-json\/wp\/v2\/recipe_difficulty?post=22797"},{"taxonomy":"recipe_preparation_time","embeddable":true,"href":"https:\/\/www.emmentaler.ch\/de\/wp-json\/wp\/v2\/recipe_preparation_time?post=22797"},{"taxonomy":"recipe_diet_type","embeddable":true,"href":"https:\/\/www.emmentaler.ch\/de\/wp-json\/wp\/v2\/recipe_diet_type?post=22797"},{"taxonomy":"recipe_saison","embeddable":true,"href":"https:\/\/www.emmentaler.ch\/de\/wp-json\/wp\/v2\/recipe_saison?post=22797"}],"curies":[{"name":"wp","href":"https:\/\/api.w.org\/{rel}","templated":true}]}}