{"id":22859,"date":"2022-04-27T13:38:44","date_gmt":"2022-04-27T11:38:44","guid":{"rendered":"https:\/\/www.emmentaler.ch\/rezept\/lauch-polentasuppe"},"modified":"2024-07-24T13:15:48","modified_gmt":"2024-07-24T11:15:48","slug":"lauch-polentasuppe","status":"publish","type":"recipes","link":"https:\/\/www.emmentaler.ch\/de\/rezept\/lauch-polentasuppe","title":{"rendered":"Lauch-Polentasuppe"},"author":2,"featured_media":22895,"menu_order":0,"template":"","meta":{"inline_featured_image":false},"tags":[788],"recipe_categories":[429],"et_countries":[],"recipe_main_ingredient":[123],"recipe_difficulty":[125],"recipe_preparation_time":[436],"recipe_diet_type":[134,132],"recipe_saison":[142,143],"acf":{"recipe_preparation_time":436,"recipe_categories":429,"recipe_time_txt":"","recipe_type":5226,"recipe_difficulty":125,"recipe_diet_type":[134,132],"recipe_main_ingredient":[123],"recipe_saison":[142,143],"recipe_count_portions":4,"recipe_ingedients":[{"recipe_ingedients_amount":"","recipe_ingedients_unit":"g","recipe_ingedients_product":""}],"temporare_zutaten":"1 Lauchst\u00e4ngel\r\n1 EL \u00d6l\r\n1,5 dl Apfelwein oder Weisswein\r\n1,2 l Bouillon\r\n100 g feiner Maisgriess\r\nSalz, Pfeffer\r\n1 Bund Petersilie\r\n125 g rezenter Emmentaler AOP\r\n1 dl Saurer Halbrahm","recipe_preparation":"Lauch in d\u00fcnne Ringe schneiden und im heissen \u00d6l and\u00fcnsten. Mit Apfelwein abl\u00f6schen. Bouillon dazugiessen und aufkochen. Maisgriess unter R\u00fchren einrieseln lassen. Zugedeckt 10-15 Minuten k\u00f6cheln, ab und zu umr\u00fchren. Mit Salz und Pfeffer abschmecken.\r\n\r\nPetersilie fein hacken, zur Suppe geben. Emmentaler AOP an der R\u00f6stiraffel reiben. Suppe in Teller sch\u00f6pfen, je einen Klacks Sauerrahm zuf\u00fcgen und mit K\u00e4se bestreuen.","recipe_images":[22885,22890,22895]},"_links":{"self":[{"href":"https:\/\/www.emmentaler.ch\/de\/wp-json\/wp\/v2\/recipes\/22859"}],"collection":[{"href":"https:\/\/www.emmentaler.ch\/de\/wp-json\/wp\/v2\/recipes"}],"about":[{"href":"https:\/\/www.emmentaler.ch\/de\/wp-json\/wp\/v2\/types\/recipes"}],"author":[{"embeddable":true,"href":"https:\/\/www.emmentaler.ch\/de\/wp-json\/wp\/v2\/users\/2"}],"version-history":[{"count":1,"href":"https:\/\/www.emmentaler.ch\/de\/wp-json\/wp\/v2\/recipes\/22859\/revisions"}],"predecessor-version":[{"id":137840,"href":"https:\/\/www.emmentaler.ch\/de\/wp-json\/wp\/v2\/recipes\/22859\/revisions\/137840"}],"acf:attachment":[{"embeddable":true,"href":"https:\/\/www.emmentaler.ch\/de\/wp-json\/wp\/v2\/media\/22895"},{"embeddable":true,"href":"https:\/\/www.emmentaler.ch\/de\/wp-json\/wp\/v2\/media\/22890"},{"embeddable":true,"href":"https:\/\/www.emmentaler.ch\/de\/wp-json\/wp\/v2\/media\/22885"}],"acf:term":[{"embeddable":true,"taxonomy":"recipe_saison","href":"https:\/\/www.emmentaler.ch\/de\/wp-json\/wp\/v2\/recipe_saison\/143"},{"embeddable":true,"taxonomy":"recipe_saison","href":"https:\/\/www.emmentaler.ch\/de\/wp-json\/wp\/v2\/recipe_saison\/142"},{"embeddable":true,"taxonomy":"recipe_main_ingredient","href":"https:\/\/www.emmentaler.ch\/de\/wp-json\/wp\/v2\/recipe_main_ingredient\/123"},{"embeddable":true,"taxonomy":"recipe_diet_type","href":"https:\/\/www.emmentaler.ch\/de\/wp-json\/wp\/v2\/recipe_diet_type\/132"},{"embeddable":true,"taxonomy":"recipe_diet_type","href":"https:\/\/www.emmentaler.ch\/de\/wp-json\/wp\/v2\/recipe_diet_type\/134"},{"embeddable":true,"taxonomy":"recipe_difficulty","href":"https:\/\/www.emmentaler.ch\/de\/wp-json\/wp\/v2\/recipe_difficulty\/125"},{"embeddable":true,"taxonomy":"recipe_categories","href":"https:\/\/www.emmentaler.ch\/de\/wp-json\/wp\/v2\/recipe_categories\/429"},{"embeddable":true,"taxonomy":"recipe_preparation_time","href":"https:\/\/www.emmentaler.ch\/de\/wp-json\/wp\/v2\/recipe_preparation_time\/436"}],"acf:post":[{"embeddable":true,"href":"https:\/\/www.emmentaler.ch\/de\/wp-json\/wp\/v2\/pages\/5226"}],"wp:featuredmedia":[{"embeddable":true,"href":"https:\/\/www.emmentaler.ch\/de\/wp-json\/wp\/v2\/media\/22895"}],"wp:attachment":[{"href":"https:\/\/www.emmentaler.ch\/de\/wp-json\/wp\/v2\/media?parent=22859"}],"wp:term":[{"taxonomy":"post_tag","embeddable":true,"href":"https:\/\/www.emmentaler.ch\/de\/wp-json\/wp\/v2\/tags?post=22859"},{"taxonomy":"recipe_categories","embeddable":true,"href":"https:\/\/www.emmentaler.ch\/de\/wp-json\/wp\/v2\/recipe_categories?post=22859"},{"taxonomy":"et_countries","embeddable":true,"href":"https:\/\/www.emmentaler.ch\/de\/wp-json\/wp\/v2\/et_countries?post=22859"},{"taxonomy":"recipe_main_ingredient","embeddable":true,"href":"https:\/\/www.emmentaler.ch\/de\/wp-json\/wp\/v2\/recipe_main_ingredient?post=22859"},{"taxonomy":"recipe_difficulty","embeddable":true,"href":"https:\/\/www.emmentaler.ch\/de\/wp-json\/wp\/v2\/recipe_difficulty?post=22859"},{"taxonomy":"recipe_preparation_time","embeddable":true,"href":"https:\/\/www.emmentaler.ch\/de\/wp-json\/wp\/v2\/recipe_preparation_time?post=22859"},{"taxonomy":"recipe_diet_type","embeddable":true,"href":"https:\/\/www.emmentaler.ch\/de\/wp-json\/wp\/v2\/recipe_diet_type?post=22859"},{"taxonomy":"recipe_saison","embeddable":true,"href":"https:\/\/www.emmentaler.ch\/de\/wp-json\/wp\/v2\/recipe_saison?post=22859"}],"curies":[{"name":"wp","href":"https:\/\/api.w.org\/{rel}","templated":true}]}}