{"id":23106,"date":"2022-04-27T13:39:22","date_gmt":"2022-04-27T11:39:22","guid":{"rendered":"https:\/\/www.emmentaler.ch\/rezept\/nudeln-mit-lauchsauce-und-maroni"},"modified":"2024-07-24T13:29:44","modified_gmt":"2024-07-24T11:29:44","slug":"nudeln-mit-lauchsauce-und-maroni","status":"publish","type":"recipes","link":"https:\/\/www.emmentaler.ch\/de\/rezept\/nudeln-mit-lauchsauce-und-maroni","title":{"rendered":"Nudeln mit Lauchsauce und Maroni"},"author":2,"featured_media":23122,"menu_order":0,"template":"","meta":{"inline_featured_image":false},"tags":[],"recipe_categories":[86],"et_countries":[],"recipe_main_ingredient":[123],"recipe_difficulty":[125],"recipe_preparation_time":[156],"recipe_diet_type":[132],"recipe_saison":[142,143],"acf":{"recipe_preparation_time":156,"recipe_categories":86,"recipe_time_txt":"","recipe_type":5193,"recipe_difficulty":125,"recipe_diet_type":[132],"recipe_main_ingredient":[123],"recipe_saison":[142,143],"recipe_count_portions":4,"recipe_ingedients":[{"recipe_ingedients_amount":"","recipe_ingedients_unit":"g","recipe_ingedients_product":""}],"temporare_zutaten":"500 g Lauch\r\n1 Zwiebel\r\n1 EL Butter\r\n1 dl Weisswein\r\n1 dl Bouillon\r\n1,5 dl Rahm\r\n125 g geriebener Emmentaler AOP\r\netwas Zitronensaft\r\nSalz, Pfeffer\r\n1 Zweig Rosmarin\r\n250 g tiefgek\u00fchlte oder blanchierte Maroni\r\n400 g Nudeln","recipe_preparation":"Lauch in d\u00fcnne Ringe schneiden. Zwiebel fein hacken. Zwiebel in Butter and\u00fcnsten. Lauch kurz mitd\u00fcnsten, mit Weisswein abl\u00f6schen, Bouillon zuf\u00fcgen und 5 Minuten k\u00f6cheln. Die H\u00e4lfte des Lauches mit einer Drahtkelle herausheben. Rahm zum restlichen Lauch geben und 10 Minuten zugedeckt weitergaren. Emmentaler AOP zuf\u00fcgen, fein p\u00fcrieren, mit Zitronensaft, Salz und Pfeffer abschmecken. Rosmarinnadeln fein hacken. Rosmarin und Lauchringe zur Sauce geben.\r\n\r\nW\u00e4hrend der Lauch k\u00f6chelt, Maroni in wenig Wasser 10-15 Minuten garen. Nudeln in kochendem Salzwasser al dente kochen. Abgetropfte Nudeln mit Lauchsauce und Maroni mischen.","recipe_images":[23122]},"_links":{"self":[{"href":"https:\/\/www.emmentaler.ch\/de\/wp-json\/wp\/v2\/recipes\/23106"}],"collection":[{"href":"https:\/\/www.emmentaler.ch\/de\/wp-json\/wp\/v2\/recipes"}],"about":[{"href":"https:\/\/www.emmentaler.ch\/de\/wp-json\/wp\/v2\/types\/recipes"}],"author":[{"embeddable":true,"href":"https:\/\/www.emmentaler.ch\/de\/wp-json\/wp\/v2\/users\/2"}],"version-history":[{"count":1,"href":"https:\/\/www.emmentaler.ch\/de\/wp-json\/wp\/v2\/recipes\/23106\/revisions"}],"predecessor-version":[{"id":137835,"href":"https:\/\/www.emmentaler.ch\/de\/wp-json\/wp\/v2\/recipes\/23106\/revisions\/137835"}],"acf:attachment":[{"embeddable":true,"href":"https:\/\/www.emmentaler.ch\/de\/wp-json\/wp\/v2\/media\/23122"}],"acf:term":[{"embeddable":true,"taxonomy":"recipe_saison","href":"https:\/\/www.emmentaler.ch\/de\/wp-json\/wp\/v2\/recipe_saison\/143"},{"embeddable":true,"taxonomy":"recipe_saison","href":"https:\/\/www.emmentaler.ch\/de\/wp-json\/wp\/v2\/recipe_saison\/142"},{"embeddable":true,"taxonomy":"recipe_main_ingredient","href":"https:\/\/www.emmentaler.ch\/de\/wp-json\/wp\/v2\/recipe_main_ingredient\/123"},{"embeddable":true,"taxonomy":"recipe_diet_type","href":"https:\/\/www.emmentaler.ch\/de\/wp-json\/wp\/v2\/recipe_diet_type\/132"},{"embeddable":true,"taxonomy":"recipe_difficulty","href":"https:\/\/www.emmentaler.ch\/de\/wp-json\/wp\/v2\/recipe_difficulty\/125"},{"embeddable":true,"taxonomy":"recipe_categories","href":"https:\/\/www.emmentaler.ch\/de\/wp-json\/wp\/v2\/recipe_categories\/86"},{"embeddable":true,"taxonomy":"recipe_preparation_time","href":"https:\/\/www.emmentaler.ch\/de\/wp-json\/wp\/v2\/recipe_preparation_time\/156"}],"acf:post":[{"embeddable":true,"href":"https:\/\/www.emmentaler.ch\/de\/wp-json\/wp\/v2\/pages\/5193"}],"wp:featuredmedia":[{"embeddable":true,"href":"https:\/\/www.emmentaler.ch\/de\/wp-json\/wp\/v2\/media\/23122"}],"wp:attachment":[{"href":"https:\/\/www.emmentaler.ch\/de\/wp-json\/wp\/v2\/media?parent=23106"}],"wp:term":[{"taxonomy":"post_tag","embeddable":true,"href":"https:\/\/www.emmentaler.ch\/de\/wp-json\/wp\/v2\/tags?post=23106"},{"taxonomy":"recipe_categories","embeddable":true,"href":"https:\/\/www.emmentaler.ch\/de\/wp-json\/wp\/v2\/recipe_categories?post=23106"},{"taxonomy":"et_countries","embeddable":true,"href":"https:\/\/www.emmentaler.ch\/de\/wp-json\/wp\/v2\/et_countries?post=23106"},{"taxonomy":"recipe_main_ingredient","embeddable":true,"href":"https:\/\/www.emmentaler.ch\/de\/wp-json\/wp\/v2\/recipe_main_ingredient?post=23106"},{"taxonomy":"recipe_difficulty","embeddable":true,"href":"https:\/\/www.emmentaler.ch\/de\/wp-json\/wp\/v2\/recipe_difficulty?post=23106"},{"taxonomy":"recipe_preparation_time","embeddable":true,"href":"https:\/\/www.emmentaler.ch\/de\/wp-json\/wp\/v2\/recipe_preparation_time?post=23106"},{"taxonomy":"recipe_diet_type","embeddable":true,"href":"https:\/\/www.emmentaler.ch\/de\/wp-json\/wp\/v2\/recipe_diet_type?post=23106"},{"taxonomy":"recipe_saison","embeddable":true,"href":"https:\/\/www.emmentaler.ch\/de\/wp-json\/wp\/v2\/recipe_saison?post=23106"}],"curies":[{"name":"wp","href":"https:\/\/api.w.org\/{rel}","templated":true}]}}