{"id":23137,"date":"2022-04-27T13:39:22","date_gmt":"2022-04-27T11:39:22","guid":{"rendered":"https:\/\/www.emmentaler.ch\/rezept\/omeletten-torte"},"modified":"2024-07-24T13:37:08","modified_gmt":"2024-07-24T11:37:08","slug":"omeletten-torte","status":"publish","type":"recipes","link":"https:\/\/www.emmentaler.ch\/de\/rezept\/omeletten-torte","title":{"rendered":"Omeletten-Torte"},"author":2,"featured_media":23153,"menu_order":0,"template":"","meta":{"inline_featured_image":false},"tags":[],"recipe_categories":[149],"et_countries":[],"recipe_main_ingredient":[123],"recipe_difficulty":[125],"recipe_preparation_time":[130],"recipe_diet_type":[132],"recipe_saison":[143],"acf":{"recipe_preparation_time":130,"recipe_categories":149,"recipe_time_txt":"30 Minuten, plus 30 Minuten Ruhezeit","recipe_type":5193,"recipe_difficulty":125,"recipe_diet_type":[132],"recipe_main_ingredient":[123],"recipe_saison":[143],"recipe_count_portions":4,"recipe_ingedients":[{"recipe_ingedients_amount":"","recipe_ingedients_unit":"g","recipe_ingedients_product":""}],"temporare_zutaten":"150 g Mehl\r\n2 dl Milch\r\n1 dl Wasser\r\n4 Eier\r\nSalz\r\nButter zum Backen\r\n1 Salatgurke\r\n600 g Tomaten\r\n250 g Emmentaler AOP\r\n1 Bund Schnittlauch\r\n1 Bund Petersilie\r\n1 Bund Basilikum\r\n500 g H\u00fcttenk\u00e4se\r\n2 EL Oliven\u00f6l\r\n2 EL Rotweinessig\r\nCayennepfeffer\r\nSalz, Pfeffer","recipe_preparation":"Mehl, Milch und Wasser gut zusammen verr\u00fchren. Eier verquirlen und beif\u00fcgen, leicht salzen. Teig 30 Minuten ruhen lassen.\r\n\r\nGurke sch\u00e4len, der L\u00e4nge nach halbieren. Kerne mit einem L\u00f6ffel herausschaben. Gurke in kleine W\u00fcrfel schneiden. Tomaten halbieren, Kerne ausdr\u00fccken, in W\u00fcrfel schneiden. Emmentaler klein w\u00fcrfeln. Kr\u00e4uter fein schneiden.\r\n\r\nAlle F\u00fcllungszutaten gut vermischen.\r\n\r\nEine beschichtete Pfanne mit etwas Butter erhitzen. Aus dem Teig 4-5 Omeletten backen, warm halten.\r\n\r\nAbwechslungsweise Omeletten, Gem\u00fcse-K\u00e4semischung aufeinanderschichten, evtl. einen Tortenring verwenden. Warm servieren.","recipe_images":[23153]},"_links":{"self":[{"href":"https:\/\/www.emmentaler.ch\/de\/wp-json\/wp\/v2\/recipes\/23137"}],"collection":[{"href":"https:\/\/www.emmentaler.ch\/de\/wp-json\/wp\/v2\/recipes"}],"about":[{"href":"https:\/\/www.emmentaler.ch\/de\/wp-json\/wp\/v2\/types\/recipes"}],"author":[{"embeddable":true,"href":"https:\/\/www.emmentaler.ch\/de\/wp-json\/wp\/v2\/users\/2"}],"version-history":[{"count":1,"href":"https:\/\/www.emmentaler.ch\/de\/wp-json\/wp\/v2\/recipes\/23137\/revisions"}],"predecessor-version":[{"id":137836,"href":"https:\/\/www.emmentaler.ch\/de\/wp-json\/wp\/v2\/recipes\/23137\/revisions\/137836"}],"acf:attachment":[{"embeddable":true,"href":"https:\/\/www.emmentaler.ch\/de\/wp-json\/wp\/v2\/media\/23153"}],"acf:term":[{"embeddable":true,"taxonomy":"recipe_saison","href":"https:\/\/www.emmentaler.ch\/de\/wp-json\/wp\/v2\/recipe_saison\/143"},{"embeddable":true,"taxonomy":"recipe_main_ingredient","href":"https:\/\/www.emmentaler.ch\/de\/wp-json\/wp\/v2\/recipe_main_ingredient\/123"},{"embeddable":true,"taxonomy":"recipe_diet_type","href":"https:\/\/www.emmentaler.ch\/de\/wp-json\/wp\/v2\/recipe_diet_type\/132"},{"embeddable":true,"taxonomy":"recipe_difficulty","href":"https:\/\/www.emmentaler.ch\/de\/wp-json\/wp\/v2\/recipe_difficulty\/125"},{"embeddable":true,"taxonomy":"recipe_categories","href":"https:\/\/www.emmentaler.ch\/de\/wp-json\/wp\/v2\/recipe_categories\/149"},{"embeddable":true,"taxonomy":"recipe_preparation_time","href":"https:\/\/www.emmentaler.ch\/de\/wp-json\/wp\/v2\/recipe_preparation_time\/130"}],"acf:post":[{"embeddable":true,"href":"https:\/\/www.emmentaler.ch\/de\/wp-json\/wp\/v2\/pages\/5193"}],"wp:featuredmedia":[{"embeddable":true,"href":"https:\/\/www.emmentaler.ch\/de\/wp-json\/wp\/v2\/media\/23153"}],"wp:attachment":[{"href":"https:\/\/www.emmentaler.ch\/de\/wp-json\/wp\/v2\/media?parent=23137"}],"wp:term":[{"taxonomy":"post_tag","embeddable":true,"href":"https:\/\/www.emmentaler.ch\/de\/wp-json\/wp\/v2\/tags?post=23137"},{"taxonomy":"recipe_categories","embeddable":true,"href":"https:\/\/www.emmentaler.ch\/de\/wp-json\/wp\/v2\/recipe_categories?post=23137"},{"taxonomy":"et_countries","embeddable":true,"href":"https:\/\/www.emmentaler.ch\/de\/wp-json\/wp\/v2\/et_countries?post=23137"},{"taxonomy":"recipe_main_ingredient","embeddable":true,"href":"https:\/\/www.emmentaler.ch\/de\/wp-json\/wp\/v2\/recipe_main_ingredient?post=23137"},{"taxonomy":"recipe_difficulty","embeddable":true,"href":"https:\/\/www.emmentaler.ch\/de\/wp-json\/wp\/v2\/recipe_difficulty?post=23137"},{"taxonomy":"recipe_preparation_time","embeddable":true,"href":"https:\/\/www.emmentaler.ch\/de\/wp-json\/wp\/v2\/recipe_preparation_time?post=23137"},{"taxonomy":"recipe_diet_type","embeddable":true,"href":"https:\/\/www.emmentaler.ch\/de\/wp-json\/wp\/v2\/recipe_diet_type?post=23137"},{"taxonomy":"recipe_saison","embeddable":true,"href":"https:\/\/www.emmentaler.ch\/de\/wp-json\/wp\/v2\/recipe_saison?post=23137"}],"curies":[{"name":"wp","href":"https:\/\/api.w.org\/{rel}","templated":true}]}}