{"id":23199,"date":"2022-04-27T13:39:22","date_gmt":"2022-04-27T11:39:22","guid":{"rendered":"https:\/\/www.emmentaler.ch\/rezept\/original-emmentaler-kaese-wurstsalat"},"modified":"2024-07-24T13:15:35","modified_gmt":"2024-07-24T11:15:35","slug":"original-emmentaler-kaese-wurstsalat","status":"publish","type":"recipes","link":"https:\/\/www.emmentaler.ch\/de\/rezept\/original-emmentaler-kaese-wurstsalat","title":{"rendered":"Original Emmentaler AOP K\u00e4se-Wurstsalat"},"author":2,"featured_media":23215,"menu_order":0,"template":"","meta":{"inline_featured_image":false},"tags":[788],"recipe_categories":[149],"et_countries":[],"recipe_main_ingredient":[120,123],"recipe_difficulty":[125],"recipe_preparation_time":[151],"recipe_diet_type":[134,133],"recipe_saison":[142,143,140],"acf":{"recipe_preparation_time":151,"recipe_categories":149,"recipe_time_txt":"","recipe_type":5231,"recipe_difficulty":125,"recipe_diet_type":[134,133],"recipe_main_ingredient":[120,123],"recipe_saison":[142,143,140],"recipe_count_portions":4,"recipe_ingedients":[{"recipe_ingedients_amount":".75","recipe_ingedients_unit":"El","recipe_ingedients_product":"Kr\u00e4uteressig"},{"recipe_ingedients_amount":"1.25","recipe_ingedients_unit":"El","recipe_ingedients_product":"Raps\u00f6l"},{"recipe_ingedients_amount":".25","recipe_ingedients_unit":"El","recipe_ingedients_product":"Senf"},{"recipe_ingedients_amount":"100","recipe_ingedients_unit":"g","recipe_ingedients_product":"Emmentaler AOP Eidgenoss"},{"recipe_ingedients_amount":"1","recipe_ingedients_unit":"St\u00fcck","recipe_ingedients_product":"Cervelats oder Emmentalerw\u00fcrstli"},{"recipe_ingedients_amount":"1","recipe_ingedients_unit":"St\u00fcck","recipe_ingedients_product":"Gew\u00fcrzgurken"},{"recipe_ingedients_amount":".5","recipe_ingedients_unit":"Bd","recipe_ingedients_product":"Radieschen"},{"recipe_ingedients_amount":".25","recipe_ingedients_unit":"St\u00fcck","recipe_ingedients_product":"Zwiebel"},{"recipe_ingedients_amount":".25","recipe_ingedients_unit":"Bd","recipe_ingedients_product":"Schnittlauch"},{"recipe_ingedients_amount":"","recipe_ingedients_unit":"Bedarf","recipe_ingedients_product":"einige Salatbl\u00e4tter"},{"recipe_ingedients_amount":"","recipe_ingedients_unit":"Bedarf","recipe_ingedients_product":"Salz, Pfeffer"}],"temporare_zutaten":"3 EL Kr\u00e4uteressig\r\n5 EL Raps\u00f6l\r\n1 Essl\u00f6ffel Senf\r\nSalz, Pfeffer\r\n400 g Emmentaler AOP Eidgenoss\r\n4 Cervelats oder Emmentalerw\u00fcrstli\r\n4 Gew\u00fcrzgurken\r\n2 Bund Radieschen\r\n1 Zwiebel\r\neinige Salatbl\u00e4tter\r\n1 Bund Schnittlauch","recipe_preparation":"Essig, \u00d6l, Senf, Salz und Pfeffer zu einer Sauce verr\u00fchren. Emmentaler AOP Eidgenoss in 1-2 cm grosse W\u00fcrfel schneiden. Emmentalerli oder Cervelats\u00a0 in R\u00e4dchen schneiden. Gew\u00fcrzgurken klein w\u00fcrfeln. Radieschen je nach Gr\u00f6sse vierteln oder achteln. Zwiebel in feine Ringe schneiden. Alle Zutaten mit der Sauce vermischen. K\u00e4se-Wurstsalat mit den Salatbl\u00e4ttern auf Teller anrichten. Schnittlauch in R\u00f6llchen schneiden und \u00fcber den Salat streuen.","recipe_images":[23215]},"_links":{"self":[{"href":"https:\/\/www.emmentaler.ch\/de\/wp-json\/wp\/v2\/recipes\/23199"}],"collection":[{"href":"https:\/\/www.emmentaler.ch\/de\/wp-json\/wp\/v2\/recipes"}],"about":[{"href":"https:\/\/www.emmentaler.ch\/de\/wp-json\/wp\/v2\/types\/recipes"}],"author":[{"embeddable":true,"href":"https:\/\/www.emmentaler.ch\/de\/wp-json\/wp\/v2\/users\/2"}],"version-history":[{"count":3,"href":"https:\/\/www.emmentaler.ch\/de\/wp-json\/wp\/v2\/recipes\/23199\/revisions"}],"predecessor-version":[{"id":137281,"href":"https:\/\/www.emmentaler.ch\/de\/wp-json\/wp\/v2\/recipes\/23199\/revisions\/137281"}],"acf:attachment":[{"embeddable":true,"href":"https:\/\/www.emmentaler.ch\/de\/wp-json\/wp\/v2\/media\/23215"}],"acf:term":[{"embeddable":true,"taxonomy":"recipe_saison","href":"https:\/\/www.emmentaler.ch\/de\/wp-json\/wp\/v2\/recipe_saison\/140"},{"embeddable":true,"taxonomy":"recipe_saison","href":"https:\/\/www.emmentaler.ch\/de\/wp-json\/wp\/v2\/recipe_saison\/143"},{"embeddable":true,"taxonomy":"recipe_saison","href":"https:\/\/www.emmentaler.ch\/de\/wp-json\/wp\/v2\/recipe_saison\/142"},{"embeddable":true,"taxonomy":"recipe_main_ingredient","href":"https:\/\/www.emmentaler.ch\/de\/wp-json\/wp\/v2\/recipe_main_ingredient\/123"},{"embeddable":true,"taxonomy":"recipe_main_ingredient","href":"https:\/\/www.emmentaler.ch\/de\/wp-json\/wp\/v2\/recipe_main_ingredient\/120"},{"embeddable":true,"taxonomy":"recipe_diet_type","href":"https:\/\/www.emmentaler.ch\/de\/wp-json\/wp\/v2\/recipe_diet_type\/133"},{"embeddable":true,"taxonomy":"recipe_diet_type","href":"https:\/\/www.emmentaler.ch\/de\/wp-json\/wp\/v2\/recipe_diet_type\/134"},{"embeddable":true,"taxonomy":"recipe_difficulty","href":"https:\/\/www.emmentaler.ch\/de\/wp-json\/wp\/v2\/recipe_difficulty\/125"},{"embeddable":true,"taxonomy":"recipe_categories","href":"https:\/\/www.emmentaler.ch\/de\/wp-json\/wp\/v2\/recipe_categories\/149"},{"embeddable":true,"taxonomy":"recipe_preparation_time","href":"https:\/\/www.emmentaler.ch\/de\/wp-json\/wp\/v2\/recipe_preparation_time\/151"}],"acf:post":[{"embeddable":true,"href":"https:\/\/www.emmentaler.ch\/de\/wp-json\/wp\/v2\/pages\/5231"}],"wp:featuredmedia":[{"embeddable":true,"href":"https:\/\/www.emmentaler.ch\/de\/wp-json\/wp\/v2\/media\/23215"}],"wp:attachment":[{"href":"https:\/\/www.emmentaler.ch\/de\/wp-json\/wp\/v2\/media?parent=23199"}],"wp:term":[{"taxonomy":"post_tag","embeddable":true,"href":"https:\/\/www.emmentaler.ch\/de\/wp-json\/wp\/v2\/tags?post=23199"},{"taxonomy":"recipe_categories","embeddable":true,"href":"https:\/\/www.emmentaler.ch\/de\/wp-json\/wp\/v2\/recipe_categories?post=23199"},{"taxonomy":"et_countries","embeddable":true,"href":"https:\/\/www.emmentaler.ch\/de\/wp-json\/wp\/v2\/et_countries?post=23199"},{"taxonomy":"recipe_main_ingredient","embeddable":true,"href":"https:\/\/www.emmentaler.ch\/de\/wp-json\/wp\/v2\/recipe_main_ingredient?post=23199"},{"taxonomy":"recipe_difficulty","embeddable":true,"href":"https:\/\/www.emmentaler.ch\/de\/wp-json\/wp\/v2\/recipe_difficulty?post=23199"},{"taxonomy":"recipe_preparation_time","embeddable":true,"href":"https:\/\/www.emmentaler.ch\/de\/wp-json\/wp\/v2\/recipe_preparation_time?post=23199"},{"taxonomy":"recipe_diet_type","embeddable":true,"href":"https:\/\/www.emmentaler.ch\/de\/wp-json\/wp\/v2\/recipe_diet_type?post=23199"},{"taxonomy":"recipe_saison","embeddable":true,"href":"https:\/\/www.emmentaler.ch\/de\/wp-json\/wp\/v2\/recipe_saison?post=23199"}],"curies":[{"name":"wp","href":"https:\/\/api.w.org\/{rel}","templated":true}]}}