{"id":23291,"date":"2022-04-27T13:39:54","date_gmt":"2022-04-27T11:39:54","guid":{"rendered":"https:\/\/www.emmentaler.ch\/rezept\/pasta-kartoffelsalat-mit-bohnen-an-petersiliensauce"},"modified":"2022-07-27T11:51:52","modified_gmt":"2022-07-27T09:51:52","slug":"pasta-kartoffelsalat-mit-bohnen-an-petersiliensauce","status":"publish","type":"recipes","link":"https:\/\/www.emmentaler.ch\/de\/rezept\/pasta-kartoffelsalat-mit-bohnen-an-petersiliensauce","title":{"rendered":"Pasta-Kartoffelsalat mit Bohnen an Petersiliensauce"},"author":2,"featured_media":23317,"menu_order":0,"template":"","meta":{"inline_featured_image":false},"tags":[],"recipe_categories":[86],"et_countries":[],"recipe_main_ingredient":[123],"recipe_difficulty":[126],"recipe_preparation_time":[156],"recipe_diet_type":[133,132],"recipe_saison":[142,143],"acf":{"recipe_preparation_time":156,"recipe_categories":86,"recipe_time_txt":"","recipe_type":5357,"recipe_difficulty":126,"recipe_diet_type":[133,132],"recipe_main_ingredient":[123],"recipe_saison":[142,143],"recipe_count_portions":4,"recipe_ingedients":[{"recipe_ingedients_amount":"125","recipe_ingedients_unit":"g","recipe_ingedients_product":"festkochende Kartoffeln"},{"recipe_ingedients_amount":"62.5","recipe_ingedients_unit":"g","recipe_ingedients_product":"Teigwaren"},{"recipe_ingedients_amount":"125","recipe_ingedients_unit":"g","recipe_ingedients_product":"gr\u00fcne Bohnen"},{"recipe_ingedients_amount":"375","recipe_ingedients_unit":"ml","recipe_ingedients_product":"Gem\u00fcsebouillon"},{"recipe_ingedients_amount":"12.5","recipe_ingedients_unit":"g","recipe_ingedients_product":"Sonnenblumenkerne"},{"recipe_ingedients_amount":".5","recipe_ingedients_unit":"Bd","recipe_ingedients_product":"flache Petersilie"},{"recipe_ingedients_amount":".5","recipe_ingedients_unit":"St\u00fcck","recipe_ingedients_product":"Knoblauchzehen"},{"recipe_ingedients_amount":"0.75","recipe_ingedients_unit":"El","recipe_ingedients_product":"Raps\u00f6l"},{"recipe_ingedients_amount":"0.75","recipe_ingedients_unit":"El","recipe_ingedients_product":"Essig"},{"recipe_ingedients_amount":"50","recipe_ingedients_unit":"g","recipe_ingedients_product":"Emmentaler AOP, rezent"},{"recipe_ingedients_amount":"","recipe_ingedients_unit":"Bedarf","recipe_ingedients_product":"Salz, Pfeffer"}],"temporare_zutaten":"500 g festkochende Kartoffeln\r\n250 g Teigwaren\r\n500 g gr\u00fcne Bohnen\r\n1,5 dl Gem\u00fcsebouillon\r\n50 g Sonnenblumenkerne\r\n2 Bund flache Petersilie\r\n1-2 Knoblauchzehen\r\n3 EL Raps\u00f6l\r\n2-3 EL Essig\r\nSalz, Pfeffer\r\n200 g reifer Emmentaler AOP","recipe_preparation":"Kartoffeln sch\u00e4len und klein w\u00fcrfeln. Zusammen mit den Teigwaren in kochendem Salzwasser weich garen. In ein Sieb geben und kalt abschrecken. Bohnen r\u00fcsten, halbieren und in der Bouillon zugedeckt knackig garen. 1 dl Bohnensud f\u00fcr die Sauce aufheben.\r\n\r\nSonnenblumenkerne in einer Bratpfanne ohne Fett r\u00f6sten. Petersilie grob hacken. Beides mit Bohnensud und Knoblauch in einen hohen Becker geben und mit dem Stabmixer fein p\u00fcrieren. Raps\u00f6l und Essig darunterr\u00fchren. Sauce mit Salz und Pfeffer abschmecken.\r\n\r\nEmmentaler AOP in W\u00fcrfel schneiden. Sauce mit Kartoffeln, Teigwaren, Bohnen und K\u00e4se sorgf\u00e4ltig mischen.","recipe_images":[23327,23322,23317]},"_links":{"self":[{"href":"https:\/\/www.emmentaler.ch\/de\/wp-json\/wp\/v2\/recipes\/23291"}],"collection":[{"href":"https:\/\/www.emmentaler.ch\/de\/wp-json\/wp\/v2\/recipes"}],"about":[{"href":"https:\/\/www.emmentaler.ch\/de\/wp-json\/wp\/v2\/types\/recipes"}],"author":[{"embeddable":true,"href":"https:\/\/www.emmentaler.ch\/de\/wp-json\/wp\/v2\/users\/2"}],"version-history":[{"count":0,"href":"https:\/\/www.emmentaler.ch\/de\/wp-json\/wp\/v2\/recipes\/23291\/revisions"}],"acf:attachment":[{"embeddable":true,"href":"https:\/\/www.emmentaler.ch\/de\/wp-json\/wp\/v2\/media\/23317"},{"embeddable":true,"href":"https:\/\/www.emmentaler.ch\/de\/wp-json\/wp\/v2\/media\/23322"},{"embeddable":true,"href":"https:\/\/www.emmentaler.ch\/de\/wp-json\/wp\/v2\/media\/23327"}],"acf:term":[{"embeddable":true,"taxonomy":"recipe_saison","href":"https:\/\/www.emmentaler.ch\/de\/wp-json\/wp\/v2\/recipe_saison\/143"},{"embeddable":true,"taxonomy":"recipe_saison","href":"https:\/\/www.emmentaler.ch\/de\/wp-json\/wp\/v2\/recipe_saison\/142"},{"embeddable":true,"taxonomy":"recipe_main_ingredient","href":"https:\/\/www.emmentaler.ch\/de\/wp-json\/wp\/v2\/recipe_main_ingredient\/123"},{"embeddable":true,"taxonomy":"recipe_diet_type","href":"https:\/\/www.emmentaler.ch\/de\/wp-json\/wp\/v2\/recipe_diet_type\/132"},{"embeddable":true,"taxonomy":"recipe_diet_type","href":"https:\/\/www.emmentaler.ch\/de\/wp-json\/wp\/v2\/recipe_diet_type\/133"},{"embeddable":true,"taxonomy":"recipe_difficulty","href":"https:\/\/www.emmentaler.ch\/de\/wp-json\/wp\/v2\/recipe_difficulty\/126"},{"embeddable":true,"taxonomy":"recipe_categories","href":"https:\/\/www.emmentaler.ch\/de\/wp-json\/wp\/v2\/recipe_categories\/86"},{"embeddable":true,"taxonomy":"recipe_preparation_time","href":"https:\/\/www.emmentaler.ch\/de\/wp-json\/wp\/v2\/recipe_preparation_time\/156"}],"acf:post":[{"embeddable":true,"href":"https:\/\/www.emmentaler.ch\/de\/wp-json\/wp\/v2\/pages\/5357"}],"wp:featuredmedia":[{"embeddable":true,"href":"https:\/\/www.emmentaler.ch\/de\/wp-json\/wp\/v2\/media\/23317"}],"wp:attachment":[{"href":"https:\/\/www.emmentaler.ch\/de\/wp-json\/wp\/v2\/media?parent=23291"}],"wp:term":[{"taxonomy":"post_tag","embeddable":true,"href":"https:\/\/www.emmentaler.ch\/de\/wp-json\/wp\/v2\/tags?post=23291"},{"taxonomy":"recipe_categories","embeddable":true,"href":"https:\/\/www.emmentaler.ch\/de\/wp-json\/wp\/v2\/recipe_categories?post=23291"},{"taxonomy":"et_countries","embeddable":true,"href":"https:\/\/www.emmentaler.ch\/de\/wp-json\/wp\/v2\/et_countries?post=23291"},{"taxonomy":"recipe_main_ingredient","embeddable":true,"href":"https:\/\/www.emmentaler.ch\/de\/wp-json\/wp\/v2\/recipe_main_ingredient?post=23291"},{"taxonomy":"recipe_difficulty","embeddable":true,"href":"https:\/\/www.emmentaler.ch\/de\/wp-json\/wp\/v2\/recipe_difficulty?post=23291"},{"taxonomy":"recipe_preparation_time","embeddable":true,"href":"https:\/\/www.emmentaler.ch\/de\/wp-json\/wp\/v2\/recipe_preparation_time?post=23291"},{"taxonomy":"recipe_diet_type","embeddable":true,"href":"https:\/\/www.emmentaler.ch\/de\/wp-json\/wp\/v2\/recipe_diet_type?post=23291"},{"taxonomy":"recipe_saison","embeddable":true,"href":"https:\/\/www.emmentaler.ch\/de\/wp-json\/wp\/v2\/recipe_saison?post=23291"}],"curies":[{"name":"wp","href":"https:\/\/api.w.org\/{rel}","templated":true}]}}