{"id":23352,"date":"2022-04-27T13:39:54","date_gmt":"2022-04-27T11:39:54","guid":{"rendered":"https:\/\/www.emmentaler.ch\/rezept\/pastinaken-senfsuppe"},"modified":"2022-07-29T14:35:24","modified_gmt":"2022-07-29T12:35:24","slug":"pastinaken-senfsuppe","status":"publish","type":"recipes","link":"https:\/\/www.emmentaler.ch\/de\/rezept\/pastinaken-senfsuppe","title":{"rendered":"Pastinaken Senfsuppe"},"author":2,"featured_media":23368,"menu_order":0,"template":"","meta":{"inline_featured_image":false},"tags":[],"recipe_categories":[429],"et_countries":[],"recipe_main_ingredient":[120,123],"recipe_difficulty":[127],"recipe_preparation_time":[161],"recipe_diet_type":[133],"recipe_saison":[142,143],"acf":{"recipe_preparation_time":161,"recipe_categories":429,"recipe_time_txt":"","recipe_type":5208,"recipe_difficulty":127,"recipe_diet_type":[133],"recipe_main_ingredient":[120,123],"recipe_saison":[142,143],"recipe_count_portions":5,"recipe_ingedients":[{"recipe_ingedients_amount":"100","recipe_ingedients_unit":"g","recipe_ingedients_product":"Pastinaken (anstelle von Pastinaken kann auch Knollensellerie verwendet werden)"},{"recipe_ingedients_amount":"40","recipe_ingedients_unit":"g","recipe_ingedients_product":"mehligkochende Kartoffeln"},{"recipe_ingedients_amount":".2","recipe_ingedients_unit":"St\u00fcck","recipe_ingedients_product":"Zwiebel"},{"recipe_ingedients_amount":".4","recipe_ingedients_unit":"El","recipe_ingedients_product":"\u00d6l"},{"recipe_ingedients_amount":"20","recipe_ingedients_unit":"g","recipe_ingedients_product":"Speckw\u00fcrfeli"},{"recipe_ingedients_amount":"200","recipe_ingedients_unit":"ml","recipe_ingedients_product":"Bouillon"},{"recipe_ingedients_amount":".4","recipe_ingedients_unit":"El","recipe_ingedients_product":"scharfer Senf"},{"recipe_ingedients_amount":".2","recipe_ingedients_unit":"Bd","recipe_ingedients_product":"Schnittlauch"},{"recipe_ingedients_amount":"30","recipe_ingedients_unit":"g","recipe_ingedients_product":"Emmentaler AOP"},{"recipe_ingedients_amount":"50","recipe_ingedients_unit":"g","recipe_ingedients_product":"Brot"},{"recipe_ingedients_amount":"","recipe_ingedients_unit":"Bedarf","recipe_ingedients_product":"Salz, Pfeffer"}],"temporare_zutaten":"500 g Pastinaken (anstelle von Pastinaken kann auch Knollensellerie verwendet werden)\r\n250 g mehligkochende Kartoffeln\r\n1 Zwiebel\r\n2 EL \u00d6l\r\n100 g Speckw\u00fcrfeli\r\nca. 1 l Bouillon\r\n1-2 EL scharfer Senf\r\nSalz, Pfeffer\r\n1 Bund Schnittlauch\r\n150 g Emmentaler AOP\r\n125 g Brot","recipe_preparation":"Pastinaken und Kartoffeln sch\u00e4len, in W\u00fcrfel schneiden. Zwiebel fein hacken. \u00d6l erhitzen, Speck darin anbraten, aus der Pfanne nehmen.\r\n\r\nPastinaken in derselben Pfanne etwa 3 Minuten leicht anbraten. Zwiebel kurz mitbraten. Kartoffeln zuf\u00fcgen, mit Bouillon abl\u00f6schen. 20-30 Minuten k\u00f6cheln bis alles sch\u00f6n weich ist. Suppe p\u00fcrieren, falls n\u00f6tig mit Bouillon verd\u00fcnnen. Speck in die Suppe geben, mit Senf, Salz und Pfeffer w\u00fcrzen.\r\n\r\nSchnittlauch in R\u00f6llchen schneiden. Emmentaler AOP in 3 mm und Brot in ca. 7 mm d\u00fcnne Scheiben schneiden. Brotscheiben auf ein Backblech legen, unter dem heissen Grill kurz anr\u00f6sten. K\u00e4sescheiben darauf verteilen und nochmals etwa 2 Minuten \u00fcberbacken., bis der K\u00e4se leicht geschmolzen ist.\r\n\r\nSuppe in Teller verteilen, Brotscheiben darauflegen und mit Schnittlauch bestreuen.","recipe_images":[23368]},"_links":{"self":[{"href":"https:\/\/www.emmentaler.ch\/de\/wp-json\/wp\/v2\/recipes\/23352"}],"collection":[{"href":"https:\/\/www.emmentaler.ch\/de\/wp-json\/wp\/v2\/recipes"}],"about":[{"href":"https:\/\/www.emmentaler.ch\/de\/wp-json\/wp\/v2\/types\/recipes"}],"author":[{"embeddable":true,"href":"https:\/\/www.emmentaler.ch\/de\/wp-json\/wp\/v2\/users\/2"}],"version-history":[{"count":0,"href":"https:\/\/www.emmentaler.ch\/de\/wp-json\/wp\/v2\/recipes\/23352\/revisions"}],"acf:attachment":[{"embeddable":true,"href":"https:\/\/www.emmentaler.ch\/de\/wp-json\/wp\/v2\/media\/23368"}],"acf:term":[{"embeddable":true,"taxonomy":"recipe_saison","href":"https:\/\/www.emmentaler.ch\/de\/wp-json\/wp\/v2\/recipe_saison\/143"},{"embeddable":true,"taxonomy":"recipe_saison","href":"https:\/\/www.emmentaler.ch\/de\/wp-json\/wp\/v2\/recipe_saison\/142"},{"embeddable":true,"taxonomy":"recipe_main_ingredient","href":"https:\/\/www.emmentaler.ch\/de\/wp-json\/wp\/v2\/recipe_main_ingredient\/123"},{"embeddable":true,"taxonomy":"recipe_main_ingredient","href":"https:\/\/www.emmentaler.ch\/de\/wp-json\/wp\/v2\/recipe_main_ingredient\/120"},{"embeddable":true,"taxonomy":"recipe_diet_type","href":"https:\/\/www.emmentaler.ch\/de\/wp-json\/wp\/v2\/recipe_diet_type\/133"},{"embeddable":true,"taxonomy":"recipe_difficulty","href":"https:\/\/www.emmentaler.ch\/de\/wp-json\/wp\/v2\/recipe_difficulty\/127"},{"embeddable":true,"taxonomy":"recipe_categories","href":"https:\/\/www.emmentaler.ch\/de\/wp-json\/wp\/v2\/recipe_categories\/429"},{"embeddable":true,"taxonomy":"recipe_preparation_time","href":"https:\/\/www.emmentaler.ch\/de\/wp-json\/wp\/v2\/recipe_preparation_time\/161"}],"acf:post":[{"embeddable":true,"href":"https:\/\/www.emmentaler.ch\/de\/wp-json\/wp\/v2\/pages\/5208"}],"wp:featuredmedia":[{"embeddable":true,"href":"https:\/\/www.emmentaler.ch\/de\/wp-json\/wp\/v2\/media\/23368"}],"wp:attachment":[{"href":"https:\/\/www.emmentaler.ch\/de\/wp-json\/wp\/v2\/media?parent=23352"}],"wp:term":[{"taxonomy":"post_tag","embeddable":true,"href":"https:\/\/www.emmentaler.ch\/de\/wp-json\/wp\/v2\/tags?post=23352"},{"taxonomy":"recipe_categories","embeddable":true,"href":"https:\/\/www.emmentaler.ch\/de\/wp-json\/wp\/v2\/recipe_categories?post=23352"},{"taxonomy":"et_countries","embeddable":true,"href":"https:\/\/www.emmentaler.ch\/de\/wp-json\/wp\/v2\/et_countries?post=23352"},{"taxonomy":"recipe_main_ingredient","embeddable":true,"href":"https:\/\/www.emmentaler.ch\/de\/wp-json\/wp\/v2\/recipe_main_ingredient?post=23352"},{"taxonomy":"recipe_difficulty","embeddable":true,"href":"https:\/\/www.emmentaler.ch\/de\/wp-json\/wp\/v2\/recipe_difficulty?post=23352"},{"taxonomy":"recipe_preparation_time","embeddable":true,"href":"https:\/\/www.emmentaler.ch\/de\/wp-json\/wp\/v2\/recipe_preparation_time?post=23352"},{"taxonomy":"recipe_diet_type","embeddable":true,"href":"https:\/\/www.emmentaler.ch\/de\/wp-json\/wp\/v2\/recipe_diet_type?post=23352"},{"taxonomy":"recipe_saison","embeddable":true,"href":"https:\/\/www.emmentaler.ch\/de\/wp-json\/wp\/v2\/recipe_saison?post=23352"}],"curies":[{"name":"wp","href":"https:\/\/api.w.org\/{rel}","templated":true}]}}