{"id":23812,"date":"2022-04-27T13:40:42","date_gmt":"2022-04-27T11:40:42","guid":{"rendered":"https:\/\/www.emmentaler.ch\/rezept\/emmentaler-aop-birnen-fladen"},"modified":"2024-07-24T13:35:05","modified_gmt":"2024-07-24T11:35:05","slug":"emmentaler-aop-birnen-fladen","status":"publish","type":"recipes","link":"https:\/\/www.emmentaler.ch\/de\/rezept\/emmentaler-aop-birnen-fladen","title":{"rendered":"Emmentaler AOP-Birnen-Fladen"},"author":2,"featured_media":23828,"menu_order":0,"template":"","meta":{"inline_featured_image":false},"tags":[],"recipe_categories":[86],"et_countries":[],"recipe_main_ingredient":[124,123],"recipe_difficulty":[125],"recipe_preparation_time":[153],"recipe_diet_type":[133,132],"recipe_saison":[],"acf":{"recipe_preparation_time":153,"recipe_categories":86,"recipe_time_txt":"20 Minuten, plus 30 Minuten zum Backen","recipe_type":5195,"recipe_difficulty":125,"recipe_diet_type":[133,132],"recipe_main_ingredient":[124,123],"recipe_saison":false,"recipe_count_portions":4,"recipe_ingedients":[{"recipe_ingedients_amount":"","recipe_ingedients_unit":"g","recipe_ingedients_product":""}],"temporare_zutaten":"250 g Emmentaler AOP\r\n2 Birnen\r\n1 rote Zwiebel\r\n125 g Cherrytomaten\r\n20 schwarze entsteinte Oliven\r\n5 Zweige Thymian\r\n1 eckig ausgewallter Pizzateig, ca. 550 g\r\n1 EL Oliven\u00f6l\r\nPfeffer","recipe_preparation":"Emmentaler AOP an der R\u00f6stiraffel reiben. Birnen halbieren, entkernen und in d\u00fcnne Schnitze schneiden. Zwiebel in d\u00fcnne Streifen schneiden. Cherrytomaten halbieren. Oliven in R\u00e4dchen schneiden. Thymian von den Stielen zupfen.\r\n\r\nPizzateig auf einem Backblech ausrollen. Etwas Emmentaler AOP beiseitelegen, restlichen K\u00e4se auf dem Teig ausstreuen. Birnen, Zwiebeln, Cherrytomaten, Oliven und Thymian gleichm\u00e4ssig darauf verteilen, mit K\u00e4se bestreuen. Alles mit Oliven\u00f6l betr\u00e4ufeln.\r\n\r\nAuf der untersten Rille des 220 Grad heissen Backofens 25- 30 Minuten backen.\r\n\r\nMit Pfeffer bestreuen und warm servieren.","recipe_images":[23828]},"_links":{"self":[{"href":"https:\/\/www.emmentaler.ch\/de\/wp-json\/wp\/v2\/recipes\/23812"}],"collection":[{"href":"https:\/\/www.emmentaler.ch\/de\/wp-json\/wp\/v2\/recipes"}],"about":[{"href":"https:\/\/www.emmentaler.ch\/de\/wp-json\/wp\/v2\/types\/recipes"}],"author":[{"embeddable":true,"href":"https:\/\/www.emmentaler.ch\/de\/wp-json\/wp\/v2\/users\/2"}],"version-history":[{"count":1,"href":"https:\/\/www.emmentaler.ch\/de\/wp-json\/wp\/v2\/recipes\/23812\/revisions"}],"predecessor-version":[{"id":137826,"href":"https:\/\/www.emmentaler.ch\/de\/wp-json\/wp\/v2\/recipes\/23812\/revisions\/137826"}],"acf:attachment":[{"embeddable":true,"href":"https:\/\/www.emmentaler.ch\/de\/wp-json\/wp\/v2\/media\/23828"}],"acf:term":[{"embeddable":true,"taxonomy":"recipe_main_ingredient","href":"https:\/\/www.emmentaler.ch\/de\/wp-json\/wp\/v2\/recipe_main_ingredient\/123"},{"embeddable":true,"taxonomy":"recipe_main_ingredient","href":"https:\/\/www.emmentaler.ch\/de\/wp-json\/wp\/v2\/recipe_main_ingredient\/124"},{"embeddable":true,"taxonomy":"recipe_diet_type","href":"https:\/\/www.emmentaler.ch\/de\/wp-json\/wp\/v2\/recipe_diet_type\/132"},{"embeddable":true,"taxonomy":"recipe_diet_type","href":"https:\/\/www.emmentaler.ch\/de\/wp-json\/wp\/v2\/recipe_diet_type\/133"},{"embeddable":true,"taxonomy":"recipe_difficulty","href":"https:\/\/www.emmentaler.ch\/de\/wp-json\/wp\/v2\/recipe_difficulty\/125"},{"embeddable":true,"taxonomy":"recipe_categories","href":"https:\/\/www.emmentaler.ch\/de\/wp-json\/wp\/v2\/recipe_categories\/86"},{"embeddable":true,"taxonomy":"recipe_preparation_time","href":"https:\/\/www.emmentaler.ch\/de\/wp-json\/wp\/v2\/recipe_preparation_time\/153"}],"acf:post":[{"embeddable":true,"href":"https:\/\/www.emmentaler.ch\/de\/wp-json\/wp\/v2\/pages\/5195"}],"wp:featuredmedia":[{"embeddable":true,"href":"https:\/\/www.emmentaler.ch\/de\/wp-json\/wp\/v2\/media\/23828"}],"wp:attachment":[{"href":"https:\/\/www.emmentaler.ch\/de\/wp-json\/wp\/v2\/media?parent=23812"}],"wp:term":[{"taxonomy":"post_tag","embeddable":true,"href":"https:\/\/www.emmentaler.ch\/de\/wp-json\/wp\/v2\/tags?post=23812"},{"taxonomy":"recipe_categories","embeddable":true,"href":"https:\/\/www.emmentaler.ch\/de\/wp-json\/wp\/v2\/recipe_categories?post=23812"},{"taxonomy":"et_countries","embeddable":true,"href":"https:\/\/www.emmentaler.ch\/de\/wp-json\/wp\/v2\/et_countries?post=23812"},{"taxonomy":"recipe_main_ingredient","embeddable":true,"href":"https:\/\/www.emmentaler.ch\/de\/wp-json\/wp\/v2\/recipe_main_ingredient?post=23812"},{"taxonomy":"recipe_difficulty","embeddable":true,"href":"https:\/\/www.emmentaler.ch\/de\/wp-json\/wp\/v2\/recipe_difficulty?post=23812"},{"taxonomy":"recipe_preparation_time","embeddable":true,"href":"https:\/\/www.emmentaler.ch\/de\/wp-json\/wp\/v2\/recipe_preparation_time?post=23812"},{"taxonomy":"recipe_diet_type","embeddable":true,"href":"https:\/\/www.emmentaler.ch\/de\/wp-json\/wp\/v2\/recipe_diet_type?post=23812"},{"taxonomy":"recipe_saison","embeddable":true,"href":"https:\/\/www.emmentaler.ch\/de\/wp-json\/wp\/v2\/recipe_saison?post=23812"}],"curies":[{"name":"wp","href":"https:\/\/api.w.org\/{rel}","templated":true}]}}