{"id":24243,"date":"2022-04-27T13:41:19","date_gmt":"2022-04-27T11:41:19","guid":{"rendered":"https:\/\/www.emmentaler.ch\/rezept\/ruehrei-zmorge"},"modified":"2024-07-24T13:14:41","modified_gmt":"2024-07-24T11:14:41","slug":"ruehrei-zmorge","status":"publish","type":"recipes","link":"https:\/\/www.emmentaler.ch\/de\/rezept\/ruehrei-zmorge","title":{"rendered":"R\u00fchrei-Zmorge"},"author":2,"featured_media":24269,"menu_order":0,"template":"","meta":{"inline_featured_image":false},"tags":[734,788],"recipe_categories":[149],"et_countries":[],"recipe_main_ingredient":[123],"recipe_difficulty":[125],"recipe_preparation_time":[231],"recipe_diet_type":[132],"recipe_saison":[143],"acf":{"recipe_preparation_time":231,"recipe_categories":149,"recipe_time_txt":"","recipe_type":5231,"recipe_difficulty":125,"recipe_diet_type":[132],"recipe_main_ingredient":[123],"recipe_saison":[143],"recipe_count_portions":2,"recipe_ingedients":[{"recipe_ingedients_amount":"","recipe_ingedients_unit":"g","recipe_ingedients_product":""}],"temporare_zutaten":"4 Eier\r\n4 EL Milch\r\nSalz, Pfeffer\r\n60 g Emmentaler AOP\r\n2 kleine Tomaten\r\n2 Brotscheiben\r\n2 EL Raps\u00f6l\r\netwas Kresse","recipe_preparation":"Eier mit Milch, Salz und Pfeffer gut verquirlen. Emmentaler AOP, Tomaten und Brot in etwa 1 cm grosse W\u00fcrfel schneiden. Tomaten und K\u00e4se unter die Eier mischen.\r\n\r\n\u00d6l in einer Bratpfanne erhitzen. Brotw\u00fcrfel darin knusprig braten. Hitze reduzieren. Eimasse zu den Brotw\u00fcrfeln giessen. Mit einer Bratschaufel hin und her schieben, bis die Eimasse leicht fest, aber noch feucht ist.\r\n\r\nAuf Teller anrichten und mit Kresse bestreuen.","recipe_images":[24274,24279,24269]},"_links":{"self":[{"href":"https:\/\/www.emmentaler.ch\/de\/wp-json\/wp\/v2\/recipes\/24243"}],"collection":[{"href":"https:\/\/www.emmentaler.ch\/de\/wp-json\/wp\/v2\/recipes"}],"about":[{"href":"https:\/\/www.emmentaler.ch\/de\/wp-json\/wp\/v2\/types\/recipes"}],"author":[{"embeddable":true,"href":"https:\/\/www.emmentaler.ch\/de\/wp-json\/wp\/v2\/users\/2"}],"version-history":[{"count":1,"href":"https:\/\/www.emmentaler.ch\/de\/wp-json\/wp\/v2\/recipes\/24243\/revisions"}],"predecessor-version":[{"id":137819,"href":"https:\/\/www.emmentaler.ch\/de\/wp-json\/wp\/v2\/recipes\/24243\/revisions\/137819"}],"acf:attachment":[{"embeddable":true,"href":"https:\/\/www.emmentaler.ch\/de\/wp-json\/wp\/v2\/media\/24269"},{"embeddable":true,"href":"https:\/\/www.emmentaler.ch\/de\/wp-json\/wp\/v2\/media\/24279"},{"embeddable":true,"href":"https:\/\/www.emmentaler.ch\/de\/wp-json\/wp\/v2\/media\/24274"}],"acf:term":[{"embeddable":true,"taxonomy":"recipe_saison","href":"https:\/\/www.emmentaler.ch\/de\/wp-json\/wp\/v2\/recipe_saison\/143"},{"embeddable":true,"taxonomy":"recipe_main_ingredient","href":"https:\/\/www.emmentaler.ch\/de\/wp-json\/wp\/v2\/recipe_main_ingredient\/123"},{"embeddable":true,"taxonomy":"recipe_diet_type","href":"https:\/\/www.emmentaler.ch\/de\/wp-json\/wp\/v2\/recipe_diet_type\/132"},{"embeddable":true,"taxonomy":"recipe_difficulty","href":"https:\/\/www.emmentaler.ch\/de\/wp-json\/wp\/v2\/recipe_difficulty\/125"},{"embeddable":true,"taxonomy":"recipe_categories","href":"https:\/\/www.emmentaler.ch\/de\/wp-json\/wp\/v2\/recipe_categories\/149"},{"embeddable":true,"taxonomy":"recipe_preparation_time","href":"https:\/\/www.emmentaler.ch\/de\/wp-json\/wp\/v2\/recipe_preparation_time\/231"}],"acf:post":[{"embeddable":true,"href":"https:\/\/www.emmentaler.ch\/de\/wp-json\/wp\/v2\/pages\/5231"}],"wp:featuredmedia":[{"embeddable":true,"href":"https:\/\/www.emmentaler.ch\/de\/wp-json\/wp\/v2\/media\/24269"}],"wp:attachment":[{"href":"https:\/\/www.emmentaler.ch\/de\/wp-json\/wp\/v2\/media?parent=24243"}],"wp:term":[{"taxonomy":"post_tag","embeddable":true,"href":"https:\/\/www.emmentaler.ch\/de\/wp-json\/wp\/v2\/tags?post=24243"},{"taxonomy":"recipe_categories","embeddable":true,"href":"https:\/\/www.emmentaler.ch\/de\/wp-json\/wp\/v2\/recipe_categories?post=24243"},{"taxonomy":"et_countries","embeddable":true,"href":"https:\/\/www.emmentaler.ch\/de\/wp-json\/wp\/v2\/et_countries?post=24243"},{"taxonomy":"recipe_main_ingredient","embeddable":true,"href":"https:\/\/www.emmentaler.ch\/de\/wp-json\/wp\/v2\/recipe_main_ingredient?post=24243"},{"taxonomy":"recipe_difficulty","embeddable":true,"href":"https:\/\/www.emmentaler.ch\/de\/wp-json\/wp\/v2\/recipe_difficulty?post=24243"},{"taxonomy":"recipe_preparation_time","embeddable":true,"href":"https:\/\/www.emmentaler.ch\/de\/wp-json\/wp\/v2\/recipe_preparation_time?post=24243"},{"taxonomy":"recipe_diet_type","embeddable":true,"href":"https:\/\/www.emmentaler.ch\/de\/wp-json\/wp\/v2\/recipe_diet_type?post=24243"},{"taxonomy":"recipe_saison","embeddable":true,"href":"https:\/\/www.emmentaler.ch\/de\/wp-json\/wp\/v2\/recipe_saison?post=24243"}],"curies":[{"name":"wp","href":"https:\/\/api.w.org\/{rel}","templated":true}]}}