{"id":24304,"date":"2022-04-27T13:41:19","date_gmt":"2022-04-27T11:41:19","guid":{"rendered":"https:\/\/www.emmentaler.ch\/rezept\/safrannudeln-mit-spinat-an-emmentaler-aop-weissweinsauce"},"modified":"2026-01-16T08:12:49","modified_gmt":"2026-01-16T07:12:49","slug":"safrannudeln-mit-spinat-an-emmentaler-weissweinsauce","status":"publish","type":"recipes","link":"https:\/\/www.emmentaler.ch\/de\/rezept\/safrannudeln-mit-spinat-an-emmentaler-weissweinsauce","title":{"rendered":"Safrannudeln mit Spinat an Emmentaler AOP-Weissweinsauce"},"author":2,"featured_media":24320,"menu_order":0,"template":"","meta":{"inline_featured_image":false},"tags":[788],"recipe_categories":[86],"et_countries":[],"recipe_main_ingredient":[123],"recipe_difficulty":[125],"recipe_preparation_time":[436],"recipe_diet_type":[132],"recipe_saison":[143],"acf":{"recipe_preparation_time":436,"recipe_categories":86,"recipe_time_txt":"","recipe_type":5203,"recipe_difficulty":125,"recipe_diet_type":[132],"recipe_main_ingredient":[123],"recipe_saison":[143],"recipe_count_portions":4,"recipe_ingedients":[{"recipe_ingedients_amount":"50","recipe_ingedients_unit":"g","recipe_ingedients_product":"Cherrytomaten"},{"recipe_ingedients_amount":"37.5","recipe_ingedients_unit":"g","recipe_ingedients_product":"Emmentaler AOP"},{"recipe_ingedients_amount":"50","recipe_ingedients_unit":"ml","recipe_ingedients_product":"Weisswein"},{"recipe_ingedients_amount":"25","recipe_ingedients_unit":"ml","recipe_ingedients_product":"Gem\u00fcsebouillon"},{"recipe_ingedients_amount":"0.5","recipe_ingedients_unit":"El","recipe_ingedients_product":"Rahm"},{"recipe_ingedients_amount":"0.25","recipe_ingedients_unit":"El","recipe_ingedients_product":"Speisest\u00e4rke, z.B. Maizena"},{"recipe_ingedients_amount":"87.5","recipe_ingedients_unit":"g","recipe_ingedients_product":"Safrannudeln"},{"recipe_ingedients_amount":"125","recipe_ingedients_unit":"g","recipe_ingedients_product":"zarter Blattspinat"},{"recipe_ingedients_amount":"0.25","recipe_ingedients_unit":"El","recipe_ingedients_product":"Zitronenzesten"},{"recipe_ingedients_amount":"","recipe_ingedients_unit":"Bedarf","recipe_ingedients_product":"Nach Bedarf: Salz, Pfeffer"}],"temporare_zutaten":"200 g Cherrytomaten\r\n150 g Emmentaler AOP\r\n2 dl Weisswein\r\n1 dl Gem\u00fcsebouillon\r\n2 EL Rahm\r\n1 EL Speisest\u00e4rke, z.B. Maizena\r\nSalz, Pfeffer\r\n350 g Safrannudeln\r\n500 g zarter Blattspinat\r\n1 EL Zitronenzesten\r\n\u00bd TL rosa Pfeffer","recipe_preparation":"<h3 data-start=\"91\" data-end=\"112\">Nudeln und Spinat<\/h3>\r\n<p data-start=\"114\" data-end=\"328\">In einer grossen Pfanne reichlich Salzwasser aufkochen. Nudeln beigeben und al dente kochen. In den letzten 2\u20133 Minuten den Spinat dazugeben und kurz mitkochen. Alles in ein Sieb abgiessen und gut abtropfen lassen.<\/p>\r\n\r\n<h3 data-start=\"330\" data-end=\"339\">Sauce<\/h3>\r\n<p data-start=\"341\" data-end=\"590\">Weisswein, Bouillon, Rahm und Speisest\u00e4rke gut verr\u00fchren und unter R\u00fchren aufkochen. Emmentaler AOP fein reiben. Kurz vor dem Servieren den K\u00e4se in die heisse Sauce geben und unter st\u00e4ndigem R\u00fchren schmelzen lassen. Mit Salz und Pfeffer abschmecken.<\/p>\r\n\r\n<h3 data-start=\"592\" data-end=\"609\">Fertigstellen<\/h3>\r\n<p data-start=\"611\" data-end=\"815\">Tomaten halbieren und in derselben Pfanne kurz erhitzen. Nudeln und Spinat dazugeben, K\u00e4sesauce dar\u00fcbergiessen und vorsichtig mischen. Mit Zitronenzesten sowie rosa Pfeffer bestreuen und sofort servieren.<\/p>\r\n&nbsp;","recipe_images":[24320]},"_links":{"self":[{"href":"https:\/\/www.emmentaler.ch\/de\/wp-json\/wp\/v2\/recipes\/24304"}],"collection":[{"href":"https:\/\/www.emmentaler.ch\/de\/wp-json\/wp\/v2\/recipes"}],"about":[{"href":"https:\/\/www.emmentaler.ch\/de\/wp-json\/wp\/v2\/types\/recipes"}],"author":[{"embeddable":true,"href":"https:\/\/www.emmentaler.ch\/de\/wp-json\/wp\/v2\/users\/2"}],"version-history":[{"count":4,"href":"https:\/\/www.emmentaler.ch\/de\/wp-json\/wp\/v2\/recipes\/24304\/revisions"}],"predecessor-version":[{"id":142854,"href":"https:\/\/www.emmentaler.ch\/de\/wp-json\/wp\/v2\/recipes\/24304\/revisions\/142854"}],"acf:attachment":[{"embeddable":true,"href":"https:\/\/www.emmentaler.ch\/de\/wp-json\/wp\/v2\/media\/24320"}],"acf:term":[{"embeddable":true,"taxonomy":"recipe_saison","href":"https:\/\/www.emmentaler.ch\/de\/wp-json\/wp\/v2\/recipe_saison\/143"},{"embeddable":true,"taxonomy":"recipe_main_ingredient","href":"https:\/\/www.emmentaler.ch\/de\/wp-json\/wp\/v2\/recipe_main_ingredient\/123"},{"embeddable":true,"taxonomy":"recipe_diet_type","href":"https:\/\/www.emmentaler.ch\/de\/wp-json\/wp\/v2\/recipe_diet_type\/132"},{"embeddable":true,"taxonomy":"recipe_difficulty","href":"https:\/\/www.emmentaler.ch\/de\/wp-json\/wp\/v2\/recipe_difficulty\/125"},{"embeddable":true,"taxonomy":"recipe_categories","href":"https:\/\/www.emmentaler.ch\/de\/wp-json\/wp\/v2\/recipe_categories\/86"},{"embeddable":true,"taxonomy":"recipe_preparation_time","href":"https:\/\/www.emmentaler.ch\/de\/wp-json\/wp\/v2\/recipe_preparation_time\/436"}],"acf:post":[{"embeddable":true,"href":"https:\/\/www.emmentaler.ch\/de\/wp-json\/wp\/v2\/pages\/5203"}],"wp:featuredmedia":[{"embeddable":true,"href":"https:\/\/www.emmentaler.ch\/de\/wp-json\/wp\/v2\/media\/24320"}],"wp:attachment":[{"href":"https:\/\/www.emmentaler.ch\/de\/wp-json\/wp\/v2\/media?parent=24304"}],"wp:term":[{"taxonomy":"post_tag","embeddable":true,"href":"https:\/\/www.emmentaler.ch\/de\/wp-json\/wp\/v2\/tags?post=24304"},{"taxonomy":"recipe_categories","embeddable":true,"href":"https:\/\/www.emmentaler.ch\/de\/wp-json\/wp\/v2\/recipe_categories?post=24304"},{"taxonomy":"et_countries","embeddable":true,"href":"https:\/\/www.emmentaler.ch\/de\/wp-json\/wp\/v2\/et_countries?post=24304"},{"taxonomy":"recipe_main_ingredient","embeddable":true,"href":"https:\/\/www.emmentaler.ch\/de\/wp-json\/wp\/v2\/recipe_main_ingredient?post=24304"},{"taxonomy":"recipe_difficulty","embeddable":true,"href":"https:\/\/www.emmentaler.ch\/de\/wp-json\/wp\/v2\/recipe_difficulty?post=24304"},{"taxonomy":"recipe_preparation_time","embeddable":true,"href":"https:\/\/www.emmentaler.ch\/de\/wp-json\/wp\/v2\/recipe_preparation_time?post=24304"},{"taxonomy":"recipe_diet_type","embeddable":true,"href":"https:\/\/www.emmentaler.ch\/de\/wp-json\/wp\/v2\/recipe_diet_type?post=24304"},{"taxonomy":"recipe_saison","embeddable":true,"href":"https:\/\/www.emmentaler.ch\/de\/wp-json\/wp\/v2\/recipe_saison?post=24304"}],"curies":[{"name":"wp","href":"https:\/\/api.w.org\/{rel}","templated":true}]}}