{"id":24366,"date":"2022-04-27T13:41:19","date_gmt":"2022-04-27T11:41:19","guid":{"rendered":"https:\/\/www.emmentaler.ch\/rezept\/sauerkraut-cannelloni"},"modified":"2022-06-27T15:38:13","modified_gmt":"2022-06-27T13:38:13","slug":"sauerkraut-cannelloni","status":"publish","type":"recipes","link":"https:\/\/www.emmentaler.ch\/de\/rezept\/sauerkraut-cannelloni","title":{"rendered":"Sauerkraut-Cannelloni"},"author":2,"featured_media":24382,"menu_order":0,"template":"","meta":{"inline_featured_image":false},"tags":[],"recipe_categories":[86],"et_countries":[],"recipe_main_ingredient":[120,123],"recipe_difficulty":[126],"recipe_preparation_time":[161],"recipe_diet_type":[],"recipe_saison":[143],"acf":{"recipe_preparation_time":161,"recipe_categories":86,"recipe_time_txt":"25 Minuten, plus 20 Minuten zum Backen","recipe_type":5195,"recipe_difficulty":126,"recipe_diet_type":false,"recipe_main_ingredient":[120,123],"recipe_saison":[143],"recipe_count_portions":4,"recipe_ingedients":[{"recipe_ingedients_amount":"","recipe_ingedients_unit":"g","recipe_ingedients_product":""}],"temporare_zutaten":"750 g gekochtes Sauerkraut\r\n100 g Landj\u00e4ger\r\n1 Bund Petersilie\r\n2 Eier\r\n250 g Ricotta\r\n1 EL Paprikapulver, edels\u00fcss\r\nSalz, Pfeffer\r\n250 g frischer Pastateig (2 Rollen)\r\n200 g milder Emmentaler AOP\r\n2,5 dl Rahm","recipe_preparation":"Sauerkraut abtropfen lassen und gut ausdr\u00fccken. Landj\u00e4ger in kleine W\u00fcrfeli schneiden. Petersilie fein hacken. Eier verquirlen. Alle diese Zutaten mit Ricotta vermischen. Mit Paprikapulver, Salz und Pfeffer w\u00fcrzen.\r\n\r\nTeige entrollen, in je 6 Teile schneiden. F\u00fcllung darauf verteilen. Zu Cannelloni aufrollen. Mit der Nahtstelle nach unten in eine Gratinform legen.\r\n\r\nEmmentaler AOP fein reiben. Mit Rahm vermischen und \u00fcber die Cannelloni verteilen. Mit Pfeffer bestreuen und im 200 Grad heissen Ofen ca. 20 Minuten gratinieren.","recipe_images":[24382]},"_links":{"self":[{"href":"https:\/\/www.emmentaler.ch\/de\/wp-json\/wp\/v2\/recipes\/24366"}],"collection":[{"href":"https:\/\/www.emmentaler.ch\/de\/wp-json\/wp\/v2\/recipes"}],"about":[{"href":"https:\/\/www.emmentaler.ch\/de\/wp-json\/wp\/v2\/types\/recipes"}],"author":[{"embeddable":true,"href":"https:\/\/www.emmentaler.ch\/de\/wp-json\/wp\/v2\/users\/2"}],"version-history":[{"count":0,"href":"https:\/\/www.emmentaler.ch\/de\/wp-json\/wp\/v2\/recipes\/24366\/revisions"}],"acf:attachment":[{"embeddable":true,"href":"https:\/\/www.emmentaler.ch\/de\/wp-json\/wp\/v2\/media\/24382"}],"acf:term":[{"embeddable":true,"taxonomy":"recipe_saison","href":"https:\/\/www.emmentaler.ch\/de\/wp-json\/wp\/v2\/recipe_saison\/143"},{"embeddable":true,"taxonomy":"recipe_main_ingredient","href":"https:\/\/www.emmentaler.ch\/de\/wp-json\/wp\/v2\/recipe_main_ingredient\/123"},{"embeddable":true,"taxonomy":"recipe_main_ingredient","href":"https:\/\/www.emmentaler.ch\/de\/wp-json\/wp\/v2\/recipe_main_ingredient\/120"},{"embeddable":true,"taxonomy":"recipe_difficulty","href":"https:\/\/www.emmentaler.ch\/de\/wp-json\/wp\/v2\/recipe_difficulty\/126"},{"embeddable":true,"taxonomy":"recipe_categories","href":"https:\/\/www.emmentaler.ch\/de\/wp-json\/wp\/v2\/recipe_categories\/86"},{"embeddable":true,"taxonomy":"recipe_preparation_time","href":"https:\/\/www.emmentaler.ch\/de\/wp-json\/wp\/v2\/recipe_preparation_time\/161"}],"acf:post":[{"embeddable":true,"href":"https:\/\/www.emmentaler.ch\/de\/wp-json\/wp\/v2\/pages\/5195"}],"wp:featuredmedia":[{"embeddable":true,"href":"https:\/\/www.emmentaler.ch\/de\/wp-json\/wp\/v2\/media\/24382"}],"wp:attachment":[{"href":"https:\/\/www.emmentaler.ch\/de\/wp-json\/wp\/v2\/media?parent=24366"}],"wp:term":[{"taxonomy":"post_tag","embeddable":true,"href":"https:\/\/www.emmentaler.ch\/de\/wp-json\/wp\/v2\/tags?post=24366"},{"taxonomy":"recipe_categories","embeddable":true,"href":"https:\/\/www.emmentaler.ch\/de\/wp-json\/wp\/v2\/recipe_categories?post=24366"},{"taxonomy":"et_countries","embeddable":true,"href":"https:\/\/www.emmentaler.ch\/de\/wp-json\/wp\/v2\/et_countries?post=24366"},{"taxonomy":"recipe_main_ingredient","embeddable":true,"href":"https:\/\/www.emmentaler.ch\/de\/wp-json\/wp\/v2\/recipe_main_ingredient?post=24366"},{"taxonomy":"recipe_difficulty","embeddable":true,"href":"https:\/\/www.emmentaler.ch\/de\/wp-json\/wp\/v2\/recipe_difficulty?post=24366"},{"taxonomy":"recipe_preparation_time","embeddable":true,"href":"https:\/\/www.emmentaler.ch\/de\/wp-json\/wp\/v2\/recipe_preparation_time?post=24366"},{"taxonomy":"recipe_diet_type","embeddable":true,"href":"https:\/\/www.emmentaler.ch\/de\/wp-json\/wp\/v2\/recipe_diet_type?post=24366"},{"taxonomy":"recipe_saison","embeddable":true,"href":"https:\/\/www.emmentaler.ch\/de\/wp-json\/wp\/v2\/recipe_saison?post=24366"}],"curies":[{"name":"wp","href":"https:\/\/api.w.org\/{rel}","templated":true}]}}