{"id":24397,"date":"2022-04-27T13:41:19","date_gmt":"2022-04-27T11:41:19","guid":{"rendered":"https:\/\/www.emmentaler.ch\/rezept\/spaghetti-mit-kraeuter-carbonara"},"modified":"2022-06-29T17:03:50","modified_gmt":"2022-06-29T15:03:50","slug":"spaghetti-mit-kraeuter-carbonara","status":"publish","type":"recipes","link":"https:\/\/www.emmentaler.ch\/de\/rezept\/spaghetti-mit-kraeuter-carbonara","title":{"rendered":"Spaghetti mit Kr\u00e4uter-Carbonara"},"author":2,"featured_media":24413,"menu_order":0,"template":"","meta":{"inline_featured_image":false},"tags":[],"recipe_categories":[86],"et_countries":[],"recipe_main_ingredient":[120],"recipe_difficulty":[126],"recipe_preparation_time":[436],"recipe_diet_type":[],"recipe_saison":[143],"acf":{"recipe_preparation_time":436,"recipe_categories":86,"recipe_time_txt":"","recipe_type":5226,"recipe_difficulty":126,"recipe_diet_type":false,"recipe_main_ingredient":[120],"recipe_saison":[143],"recipe_count_portions":4,"recipe_ingedients":[{"recipe_ingedients_amount":"","recipe_ingedients_unit":"g","recipe_ingedients_product":""}],"temporare_zutaten":"125 g rezenter Emmentaler AOP\r\n50 g Kresse\r\n1 Bund Petersilie\r\n1 Bund Schnittlauch\r\n1 Bund Basilikum\r\n1 Bund Kerbel\r\n1,5 dl Halbrahm\r\n3 Eier\r\n1 Knoblauchzehe\r\nSalz, Pfeffer\r\n500 g Spaghetti\r\n125 g Schinkenw\u00fcrfeli","recipe_preparation":"Emmentaler AOP fein reiben. Kresse und Kr\u00e4uter fein hacken. Halbrahm, Eier, Kr\u00e4uter und etwas mehr als die H\u00e4lfte des Emmentaler AOP in einen hohen R\u00fchrbecher geben. Knoblauch dazu pressen. Alles mit einem Stabmixer fein p\u00fcrieren. Mit Salz und Pfeffer w\u00fcrzen.\r\n\r\nSpaghetti in siedendem Salzwasser al dente kochen, abgiessen und zur\u00fcck in die Pfanne geben. Schinkenw\u00fcrfeli und Guss zugiessen und alles bei schwacher Hitze 2-3 Minuten gut vermischen, bis die Sauce leicht cremig wird.\r\n\r\nSpaghetti mit dem restlichen Emmentaler AOP servieren.","recipe_images":[24413]},"_links":{"self":[{"href":"https:\/\/www.emmentaler.ch\/de\/wp-json\/wp\/v2\/recipes\/24397"}],"collection":[{"href":"https:\/\/www.emmentaler.ch\/de\/wp-json\/wp\/v2\/recipes"}],"about":[{"href":"https:\/\/www.emmentaler.ch\/de\/wp-json\/wp\/v2\/types\/recipes"}],"author":[{"embeddable":true,"href":"https:\/\/www.emmentaler.ch\/de\/wp-json\/wp\/v2\/users\/2"}],"version-history":[{"count":0,"href":"https:\/\/www.emmentaler.ch\/de\/wp-json\/wp\/v2\/recipes\/24397\/revisions"}],"acf:attachment":[{"embeddable":true,"href":"https:\/\/www.emmentaler.ch\/de\/wp-json\/wp\/v2\/media\/24413"}],"acf:term":[{"embeddable":true,"taxonomy":"recipe_saison","href":"https:\/\/www.emmentaler.ch\/de\/wp-json\/wp\/v2\/recipe_saison\/143"},{"embeddable":true,"taxonomy":"recipe_main_ingredient","href":"https:\/\/www.emmentaler.ch\/de\/wp-json\/wp\/v2\/recipe_main_ingredient\/120"},{"embeddable":true,"taxonomy":"recipe_difficulty","href":"https:\/\/www.emmentaler.ch\/de\/wp-json\/wp\/v2\/recipe_difficulty\/126"},{"embeddable":true,"taxonomy":"recipe_categories","href":"https:\/\/www.emmentaler.ch\/de\/wp-json\/wp\/v2\/recipe_categories\/86"},{"embeddable":true,"taxonomy":"recipe_preparation_time","href":"https:\/\/www.emmentaler.ch\/de\/wp-json\/wp\/v2\/recipe_preparation_time\/436"}],"acf:post":[{"embeddable":true,"href":"https:\/\/www.emmentaler.ch\/de\/wp-json\/wp\/v2\/pages\/5226"}],"wp:featuredmedia":[{"embeddable":true,"href":"https:\/\/www.emmentaler.ch\/de\/wp-json\/wp\/v2\/media\/24413"}],"wp:attachment":[{"href":"https:\/\/www.emmentaler.ch\/de\/wp-json\/wp\/v2\/media?parent=24397"}],"wp:term":[{"taxonomy":"post_tag","embeddable":true,"href":"https:\/\/www.emmentaler.ch\/de\/wp-json\/wp\/v2\/tags?post=24397"},{"taxonomy":"recipe_categories","embeddable":true,"href":"https:\/\/www.emmentaler.ch\/de\/wp-json\/wp\/v2\/recipe_categories?post=24397"},{"taxonomy":"et_countries","embeddable":true,"href":"https:\/\/www.emmentaler.ch\/de\/wp-json\/wp\/v2\/et_countries?post=24397"},{"taxonomy":"recipe_main_ingredient","embeddable":true,"href":"https:\/\/www.emmentaler.ch\/de\/wp-json\/wp\/v2\/recipe_main_ingredient?post=24397"},{"taxonomy":"recipe_difficulty","embeddable":true,"href":"https:\/\/www.emmentaler.ch\/de\/wp-json\/wp\/v2\/recipe_difficulty?post=24397"},{"taxonomy":"recipe_preparation_time","embeddable":true,"href":"https:\/\/www.emmentaler.ch\/de\/wp-json\/wp\/v2\/recipe_preparation_time?post=24397"},{"taxonomy":"recipe_diet_type","embeddable":true,"href":"https:\/\/www.emmentaler.ch\/de\/wp-json\/wp\/v2\/recipe_diet_type?post=24397"},{"taxonomy":"recipe_saison","embeddable":true,"href":"https:\/\/www.emmentaler.ch\/de\/wp-json\/wp\/v2\/recipe_saison?post=24397"}],"curies":[{"name":"wp","href":"https:\/\/api.w.org\/{rel}","templated":true}]}}