{"id":24490,"date":"2022-04-27T13:41:19","date_gmt":"2022-04-27T11:41:19","guid":{"rendered":"https:\/\/www.emmentaler.ch\/rezept\/spargeln-mit-emmentalersauce"},"modified":"2024-07-24T13:14:56","modified_gmt":"2024-07-24T11:14:56","slug":"spargeln-mit-emmentalersauce","status":"publish","type":"recipes","link":"https:\/\/www.emmentaler.ch\/de\/rezept\/spargeln-mit-emmentalersauce","title":{"rendered":"Spargeln mit Emmentalersauce"},"author":2,"featured_media":24506,"menu_order":0,"template":"","meta":{"inline_featured_image":false},"tags":[788],"recipe_categories":[86],"et_countries":[],"recipe_main_ingredient":[123],"recipe_difficulty":[125],"recipe_preparation_time":[436],"recipe_diet_type":[134,132],"recipe_saison":[138,135],"acf":{"recipe_preparation_time":436,"recipe_categories":86,"recipe_time_txt":"","recipe_type":5195,"recipe_difficulty":125,"recipe_diet_type":[134,132],"recipe_main_ingredient":[123],"recipe_saison":[138,135],"recipe_count_portions":4,"recipe_ingedients":[{"recipe_ingedients_amount":"","recipe_ingedients_unit":"g","recipe_ingedients_product":""}],"temporare_zutaten":"175 g Emmentaler AOP\r\n1,5 dl Milch\r\n2 Eigelb\r\nSalz, Pfeffer\r\n500 g weisse Spargeln\r\n500 g gr\u00fcne Spargeln\r\n3 dl Bouillon\r\n\u00bd Bund Radiesli","recipe_preparation":"K\u00e4se fein reiben. Mit Milch und Eigelb in eine Sch\u00fcssel geben.\r\n\r\nSpargelenden abschneiden, weisse Spargeln ganz, gr\u00fcne nur am unteren Drittel sch\u00e4len. Weisse Spargeln mit der Bouillon in eine grosse, weite Pfanne geben, zugedeckt bei schwacher Hitze w\u00e4hrend ca. 3 Minuten garen. Gr\u00fcne Spargeln zuf\u00fcgen, alles weitere 7 Minuten bissfest garen.\r\n\r\nRadiesli in d\u00fcnne R\u00e4dchen schneiden.\r\n\r\nKurz vor dem Servieren die Sch\u00fcssel \u00fcber ein warmes Wasserbad h\u00e4ngen. Sauce unter R\u00fchren so lange erw\u00e4rmen, bis sie leicht bindet. Mit Salz und Pfeffer abschmecken.\r\n\r\nSpargeln auf eine Platte anrichten. Radiesli dar\u00fcber verteilen. K\u00e4sesauce separat dazu servieren.","recipe_images":[24506]},"_links":{"self":[{"href":"https:\/\/www.emmentaler.ch\/de\/wp-json\/wp\/v2\/recipes\/24490"}],"collection":[{"href":"https:\/\/www.emmentaler.ch\/de\/wp-json\/wp\/v2\/recipes"}],"about":[{"href":"https:\/\/www.emmentaler.ch\/de\/wp-json\/wp\/v2\/types\/recipes"}],"author":[{"embeddable":true,"href":"https:\/\/www.emmentaler.ch\/de\/wp-json\/wp\/v2\/users\/2"}],"version-history":[{"count":1,"href":"https:\/\/www.emmentaler.ch\/de\/wp-json\/wp\/v2\/recipes\/24490\/revisions"}],"predecessor-version":[{"id":137824,"href":"https:\/\/www.emmentaler.ch\/de\/wp-json\/wp\/v2\/recipes\/24490\/revisions\/137824"}],"acf:attachment":[{"embeddable":true,"href":"https:\/\/www.emmentaler.ch\/de\/wp-json\/wp\/v2\/media\/24506"}],"acf:term":[{"embeddable":true,"taxonomy":"recipe_saison","href":"https:\/\/www.emmentaler.ch\/de\/wp-json\/wp\/v2\/recipe_saison\/135"},{"embeddable":true,"taxonomy":"recipe_saison","href":"https:\/\/www.emmentaler.ch\/de\/wp-json\/wp\/v2\/recipe_saison\/138"},{"embeddable":true,"taxonomy":"recipe_main_ingredient","href":"https:\/\/www.emmentaler.ch\/de\/wp-json\/wp\/v2\/recipe_main_ingredient\/123"},{"embeddable":true,"taxonomy":"recipe_diet_type","href":"https:\/\/www.emmentaler.ch\/de\/wp-json\/wp\/v2\/recipe_diet_type\/132"},{"embeddable":true,"taxonomy":"recipe_diet_type","href":"https:\/\/www.emmentaler.ch\/de\/wp-json\/wp\/v2\/recipe_diet_type\/134"},{"embeddable":true,"taxonomy":"recipe_difficulty","href":"https:\/\/www.emmentaler.ch\/de\/wp-json\/wp\/v2\/recipe_difficulty\/125"},{"embeddable":true,"taxonomy":"recipe_categories","href":"https:\/\/www.emmentaler.ch\/de\/wp-json\/wp\/v2\/recipe_categories\/86"},{"embeddable":true,"taxonomy":"recipe_preparation_time","href":"https:\/\/www.emmentaler.ch\/de\/wp-json\/wp\/v2\/recipe_preparation_time\/436"}],"acf:post":[{"embeddable":true,"href":"https:\/\/www.emmentaler.ch\/de\/wp-json\/wp\/v2\/pages\/5195"}],"wp:featuredmedia":[{"embeddable":true,"href":"https:\/\/www.emmentaler.ch\/de\/wp-json\/wp\/v2\/media\/24506"}],"wp:attachment":[{"href":"https:\/\/www.emmentaler.ch\/de\/wp-json\/wp\/v2\/media?parent=24490"}],"wp:term":[{"taxonomy":"post_tag","embeddable":true,"href":"https:\/\/www.emmentaler.ch\/de\/wp-json\/wp\/v2\/tags?post=24490"},{"taxonomy":"recipe_categories","embeddable":true,"href":"https:\/\/www.emmentaler.ch\/de\/wp-json\/wp\/v2\/recipe_categories?post=24490"},{"taxonomy":"et_countries","embeddable":true,"href":"https:\/\/www.emmentaler.ch\/de\/wp-json\/wp\/v2\/et_countries?post=24490"},{"taxonomy":"recipe_main_ingredient","embeddable":true,"href":"https:\/\/www.emmentaler.ch\/de\/wp-json\/wp\/v2\/recipe_main_ingredient?post=24490"},{"taxonomy":"recipe_difficulty","embeddable":true,"href":"https:\/\/www.emmentaler.ch\/de\/wp-json\/wp\/v2\/recipe_difficulty?post=24490"},{"taxonomy":"recipe_preparation_time","embeddable":true,"href":"https:\/\/www.emmentaler.ch\/de\/wp-json\/wp\/v2\/recipe_preparation_time?post=24490"},{"taxonomy":"recipe_diet_type","embeddable":true,"href":"https:\/\/www.emmentaler.ch\/de\/wp-json\/wp\/v2\/recipe_diet_type?post=24490"},{"taxonomy":"recipe_saison","embeddable":true,"href":"https:\/\/www.emmentaler.ch\/de\/wp-json\/wp\/v2\/recipe_saison?post=24490"}],"curies":[{"name":"wp","href":"https:\/\/api.w.org\/{rel}","templated":true}]}}