{"id":24521,"date":"2022-04-27T13:41:56","date_gmt":"2022-04-27T11:41:56","guid":{"rendered":"https:\/\/www.emmentaler.ch\/rezept\/spargelnudeln-mit-kraeuterpesto"},"modified":"2024-07-24T13:14:22","modified_gmt":"2024-07-24T11:14:22","slug":"spargelnudeln-mit-kraeuterpesto","status":"publish","type":"recipes","link":"https:\/\/www.emmentaler.ch\/de\/rezept\/spargelnudeln-mit-kraeuterpesto","title":{"rendered":"Spargelnudeln mit Kr\u00e4uterpesto"},"author":2,"featured_media":24537,"menu_order":0,"template":"","meta":{"inline_featured_image":false},"tags":[788],"recipe_categories":[86],"et_countries":[],"recipe_main_ingredient":[123],"recipe_difficulty":[125],"recipe_preparation_time":[436],"recipe_diet_type":[132],"recipe_saison":[138],"acf":{"recipe_preparation_time":436,"recipe_categories":86,"recipe_time_txt":"","recipe_type":5221,"recipe_difficulty":125,"recipe_diet_type":[132],"recipe_main_ingredient":[123],"recipe_saison":[138],"recipe_count_portions":4,"recipe_ingedients":[{"recipe_ingedients_amount":"","recipe_ingedients_unit":"g","recipe_ingedients_product":""}],"temporare_zutaten":"500 g gr\u00fcne Spargeln\r\n350 g Nudeln\r\n20 g Butter\r\n120 g rezenter Emmentaler AOP\r\n50 g Cashewkerne\r\n2 Bund gemischte Kr\u00e4uter, z.B: Kerbel, Petersilie, Schnittlauch\r\n4 EL Raps\u00f6l\r\nca. 0,75 dl Gem\u00fcsebouillon\r\nSalz, Pfeffer","recipe_preparation":"K\u00e4se fein reiben. Cashewkerne und Kr\u00e4uter grob hacken. Alles in ein schmales, hohes Gef\u00e4ss geben. \u00d6l und Bouillon zuf\u00fcgen und mit dem Stabmixer zu einem Pesto verarbeiten. Mit Salz und Pfeffer abschmecken.\r\n\r\nSpargeln mit einem Sparsch\u00e4ler vom unteren Teil her in lange, d\u00fcnne Streifen schneiden.\r\n\r\nNudeln in Salzwasser bissfest garen. Abgiessen, dabei etwas Nudelwasser auffangen und beiseite stellen. Spargelstreifen in der heissen Butter anbraten. 3-4 Essl\u00f6ffel Nudelwasser zuf\u00fcgen, mit Salz und Pfeffer w\u00fcrzen. Abgetropfte Nudeln, Spargeln und Pesto zusammen vermischen.","recipe_images":[24537]},"_links":{"self":[{"href":"https:\/\/www.emmentaler.ch\/de\/wp-json\/wp\/v2\/recipes\/24521"}],"collection":[{"href":"https:\/\/www.emmentaler.ch\/de\/wp-json\/wp\/v2\/recipes"}],"about":[{"href":"https:\/\/www.emmentaler.ch\/de\/wp-json\/wp\/v2\/types\/recipes"}],"author":[{"embeddable":true,"href":"https:\/\/www.emmentaler.ch\/de\/wp-json\/wp\/v2\/users\/2"}],"version-history":[{"count":1,"href":"https:\/\/www.emmentaler.ch\/de\/wp-json\/wp\/v2\/recipes\/24521\/revisions"}],"predecessor-version":[{"id":137812,"href":"https:\/\/www.emmentaler.ch\/de\/wp-json\/wp\/v2\/recipes\/24521\/revisions\/137812"}],"acf:attachment":[{"embeddable":true,"href":"https:\/\/www.emmentaler.ch\/de\/wp-json\/wp\/v2\/media\/24537"}],"acf:term":[{"embeddable":true,"taxonomy":"recipe_saison","href":"https:\/\/www.emmentaler.ch\/de\/wp-json\/wp\/v2\/recipe_saison\/138"},{"embeddable":true,"taxonomy":"recipe_main_ingredient","href":"https:\/\/www.emmentaler.ch\/de\/wp-json\/wp\/v2\/recipe_main_ingredient\/123"},{"embeddable":true,"taxonomy":"recipe_diet_type","href":"https:\/\/www.emmentaler.ch\/de\/wp-json\/wp\/v2\/recipe_diet_type\/132"},{"embeddable":true,"taxonomy":"recipe_difficulty","href":"https:\/\/www.emmentaler.ch\/de\/wp-json\/wp\/v2\/recipe_difficulty\/125"},{"embeddable":true,"taxonomy":"recipe_categories","href":"https:\/\/www.emmentaler.ch\/de\/wp-json\/wp\/v2\/recipe_categories\/86"},{"embeddable":true,"taxonomy":"recipe_preparation_time","href":"https:\/\/www.emmentaler.ch\/de\/wp-json\/wp\/v2\/recipe_preparation_time\/436"}],"acf:post":[{"embeddable":true,"href":"https:\/\/www.emmentaler.ch\/de\/wp-json\/wp\/v2\/pages\/5221"}],"wp:featuredmedia":[{"embeddable":true,"href":"https:\/\/www.emmentaler.ch\/de\/wp-json\/wp\/v2\/media\/24537"}],"wp:attachment":[{"href":"https:\/\/www.emmentaler.ch\/de\/wp-json\/wp\/v2\/media?parent=24521"}],"wp:term":[{"taxonomy":"post_tag","embeddable":true,"href":"https:\/\/www.emmentaler.ch\/de\/wp-json\/wp\/v2\/tags?post=24521"},{"taxonomy":"recipe_categories","embeddable":true,"href":"https:\/\/www.emmentaler.ch\/de\/wp-json\/wp\/v2\/recipe_categories?post=24521"},{"taxonomy":"et_countries","embeddable":true,"href":"https:\/\/www.emmentaler.ch\/de\/wp-json\/wp\/v2\/et_countries?post=24521"},{"taxonomy":"recipe_main_ingredient","embeddable":true,"href":"https:\/\/www.emmentaler.ch\/de\/wp-json\/wp\/v2\/recipe_main_ingredient?post=24521"},{"taxonomy":"recipe_difficulty","embeddable":true,"href":"https:\/\/www.emmentaler.ch\/de\/wp-json\/wp\/v2\/recipe_difficulty?post=24521"},{"taxonomy":"recipe_preparation_time","embeddable":true,"href":"https:\/\/www.emmentaler.ch\/de\/wp-json\/wp\/v2\/recipe_preparation_time?post=24521"},{"taxonomy":"recipe_diet_type","embeddable":true,"href":"https:\/\/www.emmentaler.ch\/de\/wp-json\/wp\/v2\/recipe_diet_type?post=24521"},{"taxonomy":"recipe_saison","embeddable":true,"href":"https:\/\/www.emmentaler.ch\/de\/wp-json\/wp\/v2\/recipe_saison?post=24521"}],"curies":[{"name":"wp","href":"https:\/\/api.w.org\/{rel}","templated":true}]}}