{"id":24644,"date":"2022-04-27T13:41:56","date_gmt":"2022-04-27T11:41:56","guid":{"rendered":"https:\/\/www.emmentaler.ch\/rezept\/tarte-mit-gruenem-gemuese-und-emmentaler-aop"},"modified":"2022-06-28T11:42:15","modified_gmt":"2022-06-28T09:42:15","slug":"tarte-mit-gruenem-gemuese","status":"publish","type":"recipes","link":"https:\/\/www.emmentaler.ch\/de\/rezept\/tarte-mit-gruenem-gemuese","title":{"rendered":"Tarte mit gr\u00fcnem Gem\u00fcse"},"author":2,"featured_media":24660,"menu_order":0,"template":"","meta":{"inline_featured_image":false},"tags":[],"recipe_categories":[149],"et_countries":[],"recipe_main_ingredient":[123],"recipe_difficulty":[126],"recipe_preparation_time":[153],"recipe_diet_type":[132],"recipe_saison":[142,138,143],"acf":{"recipe_preparation_time":153,"recipe_categories":149,"recipe_time_txt":"20 Minuten, plus 30 Minuten zum Backen","recipe_type":5193,"recipe_difficulty":126,"recipe_diet_type":[132],"recipe_main_ingredient":[123],"recipe_saison":[142,138,143],"recipe_count_portions":4,"recipe_ingedients":[{"recipe_ingedients_amount":"","recipe_ingedients_unit":"g","recipe_ingedients_product":""}],"temporare_zutaten":"3 Bundzwiebeln\r\n200 g Zucchetti\r\n2 EL Oliven\u00f6l\r\n100 g Erbsen, frisch oder tiefgek\u00fchlt\r\n100 g Kefen, frisch oder tiefgek\u00fchlt\r\nSalz, Pfeffer\r\n175 g Emmentaler AOP\r\n1 rechteckig ausgewallter Bl\u00e4tterteig, ca. 300 g\r\n100 g Sauerrahm\r\n1 Handvoll Rucola","recipe_preparation":"Bundzwiebeln in ca. 3 cm lange St\u00fccke schneiden. Grosse Zwiebelknollen l\u00e4ngs halbieren. Zucchetti l\u00e4ngs halbieren, in 5 mm d\u00fcnne Scheiben schneiden. \u00d6l in einer Bratpfanne erhitzen. Zucchetti, Bundzwiebeln, Erbsen und Kefen zuf\u00fcgen, bei guter Hitze 5 Minuten braten. Gelegentlich wenden, mit Salz und Pfeffer w\u00fcrzen, leicht ausk\u00fchlen lassen.\r\n\r\nEmmentaler AOP an einer groben Raffel reiben. Bl\u00e4tterteig auf einem Backblech auslegen, mit einer Gabel mehrmals einstechen. Teig mit Sauerrahm besteichen, Gem\u00fcse darauf verteilen und mit geriebenem Emmentaler AOP bestreuen.\r\n\r\nAuf der untersten Schiene des 220 Grad heissen Ofen 20-30 Minuten backen.\r\n\r\nRucola auf der Tarte verteilen, in St\u00fccke schneiden und servieren.","recipe_images":[24660]},"_links":{"self":[{"href":"https:\/\/www.emmentaler.ch\/de\/wp-json\/wp\/v2\/recipes\/24644"}],"collection":[{"href":"https:\/\/www.emmentaler.ch\/de\/wp-json\/wp\/v2\/recipes"}],"about":[{"href":"https:\/\/www.emmentaler.ch\/de\/wp-json\/wp\/v2\/types\/recipes"}],"author":[{"embeddable":true,"href":"https:\/\/www.emmentaler.ch\/de\/wp-json\/wp\/v2\/users\/2"}],"version-history":[{"count":0,"href":"https:\/\/www.emmentaler.ch\/de\/wp-json\/wp\/v2\/recipes\/24644\/revisions"}],"acf:attachment":[{"embeddable":true,"href":"https:\/\/www.emmentaler.ch\/de\/wp-json\/wp\/v2\/media\/24660"}],"acf:term":[{"embeddable":true,"taxonomy":"recipe_saison","href":"https:\/\/www.emmentaler.ch\/de\/wp-json\/wp\/v2\/recipe_saison\/143"},{"embeddable":true,"taxonomy":"recipe_saison","href":"https:\/\/www.emmentaler.ch\/de\/wp-json\/wp\/v2\/recipe_saison\/138"},{"embeddable":true,"taxonomy":"recipe_saison","href":"https:\/\/www.emmentaler.ch\/de\/wp-json\/wp\/v2\/recipe_saison\/142"},{"embeddable":true,"taxonomy":"recipe_main_ingredient","href":"https:\/\/www.emmentaler.ch\/de\/wp-json\/wp\/v2\/recipe_main_ingredient\/123"},{"embeddable":true,"taxonomy":"recipe_diet_type","href":"https:\/\/www.emmentaler.ch\/de\/wp-json\/wp\/v2\/recipe_diet_type\/132"},{"embeddable":true,"taxonomy":"recipe_difficulty","href":"https:\/\/www.emmentaler.ch\/de\/wp-json\/wp\/v2\/recipe_difficulty\/126"},{"embeddable":true,"taxonomy":"recipe_categories","href":"https:\/\/www.emmentaler.ch\/de\/wp-json\/wp\/v2\/recipe_categories\/149"},{"embeddable":true,"taxonomy":"recipe_preparation_time","href":"https:\/\/www.emmentaler.ch\/de\/wp-json\/wp\/v2\/recipe_preparation_time\/153"}],"acf:post":[{"embeddable":true,"href":"https:\/\/www.emmentaler.ch\/de\/wp-json\/wp\/v2\/pages\/5193"}],"wp:featuredmedia":[{"embeddable":true,"href":"https:\/\/www.emmentaler.ch\/de\/wp-json\/wp\/v2\/media\/24660"}],"wp:attachment":[{"href":"https:\/\/www.emmentaler.ch\/de\/wp-json\/wp\/v2\/media?parent=24644"}],"wp:term":[{"taxonomy":"post_tag","embeddable":true,"href":"https:\/\/www.emmentaler.ch\/de\/wp-json\/wp\/v2\/tags?post=24644"},{"taxonomy":"recipe_categories","embeddable":true,"href":"https:\/\/www.emmentaler.ch\/de\/wp-json\/wp\/v2\/recipe_categories?post=24644"},{"taxonomy":"et_countries","embeddable":true,"href":"https:\/\/www.emmentaler.ch\/de\/wp-json\/wp\/v2\/et_countries?post=24644"},{"taxonomy":"recipe_main_ingredient","embeddable":true,"href":"https:\/\/www.emmentaler.ch\/de\/wp-json\/wp\/v2\/recipe_main_ingredient?post=24644"},{"taxonomy":"recipe_difficulty","embeddable":true,"href":"https:\/\/www.emmentaler.ch\/de\/wp-json\/wp\/v2\/recipe_difficulty?post=24644"},{"taxonomy":"recipe_preparation_time","embeddable":true,"href":"https:\/\/www.emmentaler.ch\/de\/wp-json\/wp\/v2\/recipe_preparation_time?post=24644"},{"taxonomy":"recipe_diet_type","embeddable":true,"href":"https:\/\/www.emmentaler.ch\/de\/wp-json\/wp\/v2\/recipe_diet_type?post=24644"},{"taxonomy":"recipe_saison","embeddable":true,"href":"https:\/\/www.emmentaler.ch\/de\/wp-json\/wp\/v2\/recipe_saison?post=24644"}],"curies":[{"name":"wp","href":"https:\/\/api.w.org\/{rel}","templated":true}]}}