{"id":24829,"date":"2022-04-27T13:41:56","date_gmt":"2022-04-27T11:41:56","guid":{"rendered":"https:\/\/www.emmentaler.ch\/rezept\/gemuese-paeckli-mit-tomatendip"},"modified":"2024-07-24T13:14:33","modified_gmt":"2024-07-24T11:14:33","slug":"gemuese-paeckli-mit-tomatendip","status":"publish","type":"recipes","link":"https:\/\/www.emmentaler.ch\/de\/rezept\/gemuese-paeckli-mit-tomatendip","title":{"rendered":"Gem\u00fcse-P\u00e4ckli mit Tomatendip"},"author":2,"featured_media":24855,"menu_order":0,"template":"","meta":{"inline_featured_image":false},"tags":[788],"recipe_categories":[429],"et_countries":[],"recipe_main_ingredient":[123],"recipe_difficulty":[125],"recipe_preparation_time":[151],"recipe_diet_type":[134,133,132],"recipe_saison":[142,143],"acf":{"recipe_preparation_time":151,"recipe_categories":429,"recipe_time_txt":"","recipe_type":5208,"recipe_difficulty":125,"recipe_diet_type":[134,133,132],"recipe_main_ingredient":[123],"recipe_saison":[142,143],"recipe_count_portions":4,"recipe_ingedients":[{"recipe_ingedients_amount":"","recipe_ingedients_unit":"g","recipe_ingedients_product":""}],"temporare_zutaten":"2 Fleischtomaten\r\nSalz, Pfeffer\r\n4 St\u00e4ngel Stangensellerie\r\n1 gelbe Peperoni\r\n\u00bd Salatgurke\r\n150 g Emmentaler AOP\r\n1 Bund Basilikum\r\n12 grosse Lattichbl\u00e4tter\r\n12 Zahnstocher","recipe_preparation":"Tomaten \u00fcber Kreuz einritzen und Stielansatz herausschneiden. Tomaten 30 Sekunden in kochendes Wasser tauchen, sofort in kaltem Wasser abschrecken. Tomaten h\u00e4uten, grob w\u00fcrfeln und mit dem Stabmixer fein p\u00fcrieren. Mit Salz und Pfeffer w\u00fcrzen, in Sch\u00e4lchen f\u00fcllen.\r\n\r\nZ\u00e4he F\u00e4den vom Stangensellerie entfernen. Peperoni halbieren und entkernen. Stangensellerie, Peperoni, Gurke und Emmentaler AOP in ca. 10 cm lange und 1 cm breite St\u00e4bchen schneiden. Basilikumbl\u00e4tter von den Stielen zupfen.\r\n\r\nDen Strunk der Lattichbl\u00e4tter herausschneiden. Bl\u00e4tter der L\u00e4nge nach zusammenfalten. Stangensellerie, Peperoni, Gurke, K\u00e4se und Basilikum gleichm\u00e4ssig auf den Lattichbl\u00e4tter verteilen. Bl\u00e4tter aufrollen und mit einem Zahnstocher fixieren.\r\n\r\nGem\u00fcse-P\u00e4ckli mit Tomatendip servieren.","recipe_images":[24860,24865,24855]},"_links":{"self":[{"href":"https:\/\/www.emmentaler.ch\/de\/wp-json\/wp\/v2\/recipes\/24829"}],"collection":[{"href":"https:\/\/www.emmentaler.ch\/de\/wp-json\/wp\/v2\/recipes"}],"about":[{"href":"https:\/\/www.emmentaler.ch\/de\/wp-json\/wp\/v2\/types\/recipes"}],"author":[{"embeddable":true,"href":"https:\/\/www.emmentaler.ch\/de\/wp-json\/wp\/v2\/users\/2"}],"version-history":[{"count":1,"href":"https:\/\/www.emmentaler.ch\/de\/wp-json\/wp\/v2\/recipes\/24829\/revisions"}],"predecessor-version":[{"id":137816,"href":"https:\/\/www.emmentaler.ch\/de\/wp-json\/wp\/v2\/recipes\/24829\/revisions\/137816"}],"acf:attachment":[{"embeddable":true,"href":"https:\/\/www.emmentaler.ch\/de\/wp-json\/wp\/v2\/media\/24855"},{"embeddable":true,"href":"https:\/\/www.emmentaler.ch\/de\/wp-json\/wp\/v2\/media\/24865"},{"embeddable":true,"href":"https:\/\/www.emmentaler.ch\/de\/wp-json\/wp\/v2\/media\/24860"}],"acf:term":[{"embeddable":true,"taxonomy":"recipe_saison","href":"https:\/\/www.emmentaler.ch\/de\/wp-json\/wp\/v2\/recipe_saison\/143"},{"embeddable":true,"taxonomy":"recipe_saison","href":"https:\/\/www.emmentaler.ch\/de\/wp-json\/wp\/v2\/recipe_saison\/142"},{"embeddable":true,"taxonomy":"recipe_main_ingredient","href":"https:\/\/www.emmentaler.ch\/de\/wp-json\/wp\/v2\/recipe_main_ingredient\/123"},{"embeddable":true,"taxonomy":"recipe_diet_type","href":"https:\/\/www.emmentaler.ch\/de\/wp-json\/wp\/v2\/recipe_diet_type\/132"},{"embeddable":true,"taxonomy":"recipe_diet_type","href":"https:\/\/www.emmentaler.ch\/de\/wp-json\/wp\/v2\/recipe_diet_type\/133"},{"embeddable":true,"taxonomy":"recipe_diet_type","href":"https:\/\/www.emmentaler.ch\/de\/wp-json\/wp\/v2\/recipe_diet_type\/134"},{"embeddable":true,"taxonomy":"recipe_difficulty","href":"https:\/\/www.emmentaler.ch\/de\/wp-json\/wp\/v2\/recipe_difficulty\/125"},{"embeddable":true,"taxonomy":"recipe_categories","href":"https:\/\/www.emmentaler.ch\/de\/wp-json\/wp\/v2\/recipe_categories\/429"},{"embeddable":true,"taxonomy":"recipe_preparation_time","href":"https:\/\/www.emmentaler.ch\/de\/wp-json\/wp\/v2\/recipe_preparation_time\/151"}],"acf:post":[{"embeddable":true,"href":"https:\/\/www.emmentaler.ch\/de\/wp-json\/wp\/v2\/pages\/5208"}],"wp:featuredmedia":[{"embeddable":true,"href":"https:\/\/www.emmentaler.ch\/de\/wp-json\/wp\/v2\/media\/24855"}],"wp:attachment":[{"href":"https:\/\/www.emmentaler.ch\/de\/wp-json\/wp\/v2\/media?parent=24829"}],"wp:term":[{"taxonomy":"post_tag","embeddable":true,"href":"https:\/\/www.emmentaler.ch\/de\/wp-json\/wp\/v2\/tags?post=24829"},{"taxonomy":"recipe_categories","embeddable":true,"href":"https:\/\/www.emmentaler.ch\/de\/wp-json\/wp\/v2\/recipe_categories?post=24829"},{"taxonomy":"et_countries","embeddable":true,"href":"https:\/\/www.emmentaler.ch\/de\/wp-json\/wp\/v2\/et_countries?post=24829"},{"taxonomy":"recipe_main_ingredient","embeddable":true,"href":"https:\/\/www.emmentaler.ch\/de\/wp-json\/wp\/v2\/recipe_main_ingredient?post=24829"},{"taxonomy":"recipe_difficulty","embeddable":true,"href":"https:\/\/www.emmentaler.ch\/de\/wp-json\/wp\/v2\/recipe_difficulty?post=24829"},{"taxonomy":"recipe_preparation_time","embeddable":true,"href":"https:\/\/www.emmentaler.ch\/de\/wp-json\/wp\/v2\/recipe_preparation_time?post=24829"},{"taxonomy":"recipe_diet_type","embeddable":true,"href":"https:\/\/www.emmentaler.ch\/de\/wp-json\/wp\/v2\/recipe_diet_type?post=24829"},{"taxonomy":"recipe_saison","embeddable":true,"href":"https:\/\/www.emmentaler.ch\/de\/wp-json\/wp\/v2\/recipe_saison?post=24829"}],"curies":[{"name":"wp","href":"https:\/\/api.w.org\/{rel}","templated":true}]}}