{"id":25073,"date":"2022-04-27T13:42:37","date_gmt":"2022-04-27T11:42:37","guid":{"rendered":"https:\/\/www.emmentaler.ch\/rezept\/zucchettisticks-mit-roter-sauce"},"modified":"2024-07-24T13:28:33","modified_gmt":"2024-07-24T11:28:33","slug":"zucchettisticks-mit-roter-sauce","status":"publish","type":"recipes","link":"https:\/\/www.emmentaler.ch\/de\/rezept\/zucchettisticks-mit-roter-sauce","title":{"rendered":"Zucchettisticks mit roter Sauce"},"author":2,"featured_media":25099,"menu_order":0,"template":"","meta":{"inline_featured_image":false},"tags":[],"recipe_categories":[152],"et_countries":[],"recipe_main_ingredient":[123],"recipe_difficulty":[125],"recipe_preparation_time":[156],"recipe_diet_type":[133,132],"recipe_saison":[142,138,140,135],"acf":{"recipe_preparation_time":156,"recipe_categories":152,"recipe_time_txt":"","recipe_type":5203,"recipe_difficulty":125,"recipe_diet_type":[133,132],"recipe_main_ingredient":[123],"recipe_saison":[142,138,140,135],"recipe_count_portions":4,"recipe_ingedients":[{"recipe_ingedients_amount":"","recipe_ingedients_unit":"g","recipe_ingedients_product":""}],"temporare_zutaten":"2 Zucchetti, ca. 500 g\r\n2 Eier\r\n\u00bd Bund flache Petersilie\r\n1 Knoblauchzehe\r\n100 g geriebener Emmentaler AOP\r\n25 g Paniermehl\r\netwas abgeriebene Zitronenschale\r\nSalz, Pfeffer","recipe_preparation":"Zucchetti quer halbieren. Die H\u00e4lften l\u00e4ngs in ca. 1 cm dicke St\u00e4ngel schneiden. Eier in einem tiefen Teller verquirlen. Petersilie fein hacken. Petersilie, gepresste Knoblauchzehe, Emmentaler AOP, Paniermehl, Zitronenschale, Salz und Pfeffer in einem zweiten Teller vermischen.\r\n\r\nZucchetti St\u00e4ngel einzeln in Ei tunken. Danach in der K\u00e4se-Paniermehlmischung w\u00e4lzen. Nebeneinander auf zwei mit Backpapier belegte Backbleche legen.\r\n\r\nIm 180 Grad heissen Ofen (Umluft\/Heissluft) ca. 20 Minuten backen. Nach 10 Minuten St\u00e4ngel wenden.\r\n\r\nIn der Zwischenzeit die Sauce zubereiten. Peperoncino evtl. entkernen und klein schneiden. Peperoni und Tomate grobw\u00fcrfeln. Alles zusammen mit \u00d6l und Essig fein p\u00fcrieren, mit Salz und Pfeffer abschmecken.\r\n\r\nZucchettisticks mit der Sauce servieren.","recipe_images":[25104,25109,25099]},"_links":{"self":[{"href":"https:\/\/www.emmentaler.ch\/de\/wp-json\/wp\/v2\/recipes\/25073"}],"collection":[{"href":"https:\/\/www.emmentaler.ch\/de\/wp-json\/wp\/v2\/recipes"}],"about":[{"href":"https:\/\/www.emmentaler.ch\/de\/wp-json\/wp\/v2\/types\/recipes"}],"author":[{"embeddable":true,"href":"https:\/\/www.emmentaler.ch\/de\/wp-json\/wp\/v2\/users\/2"}],"version-history":[{"count":1,"href":"https:\/\/www.emmentaler.ch\/de\/wp-json\/wp\/v2\/recipes\/25073\/revisions"}],"predecessor-version":[{"id":137806,"href":"https:\/\/www.emmentaler.ch\/de\/wp-json\/wp\/v2\/recipes\/25073\/revisions\/137806"}],"acf:attachment":[{"embeddable":true,"href":"https:\/\/www.emmentaler.ch\/de\/wp-json\/wp\/v2\/media\/25099"},{"embeddable":true,"href":"https:\/\/www.emmentaler.ch\/de\/wp-json\/wp\/v2\/media\/25109"},{"embeddable":true,"href":"https:\/\/www.emmentaler.ch\/de\/wp-json\/wp\/v2\/media\/25104"}],"acf:term":[{"embeddable":true,"taxonomy":"recipe_saison","href":"https:\/\/www.emmentaler.ch\/de\/wp-json\/wp\/v2\/recipe_saison\/135"},{"embeddable":true,"taxonomy":"recipe_saison","href":"https:\/\/www.emmentaler.ch\/de\/wp-json\/wp\/v2\/recipe_saison\/140"},{"embeddable":true,"taxonomy":"recipe_saison","href":"https:\/\/www.emmentaler.ch\/de\/wp-json\/wp\/v2\/recipe_saison\/138"},{"embeddable":true,"taxonomy":"recipe_saison","href":"https:\/\/www.emmentaler.ch\/de\/wp-json\/wp\/v2\/recipe_saison\/142"},{"embeddable":true,"taxonomy":"recipe_main_ingredient","href":"https:\/\/www.emmentaler.ch\/de\/wp-json\/wp\/v2\/recipe_main_ingredient\/123"},{"embeddable":true,"taxonomy":"recipe_diet_type","href":"https:\/\/www.emmentaler.ch\/de\/wp-json\/wp\/v2\/recipe_diet_type\/132"},{"embeddable":true,"taxonomy":"recipe_diet_type","href":"https:\/\/www.emmentaler.ch\/de\/wp-json\/wp\/v2\/recipe_diet_type\/133"},{"embeddable":true,"taxonomy":"recipe_difficulty","href":"https:\/\/www.emmentaler.ch\/de\/wp-json\/wp\/v2\/recipe_difficulty\/125"},{"embeddable":true,"taxonomy":"recipe_categories","href":"https:\/\/www.emmentaler.ch\/de\/wp-json\/wp\/v2\/recipe_categories\/152"},{"embeddable":true,"taxonomy":"recipe_preparation_time","href":"https:\/\/www.emmentaler.ch\/de\/wp-json\/wp\/v2\/recipe_preparation_time\/156"}],"acf:post":[{"embeddable":true,"href":"https:\/\/www.emmentaler.ch\/de\/wp-json\/wp\/v2\/pages\/5203"}],"wp:featuredmedia":[{"embeddable":true,"href":"https:\/\/www.emmentaler.ch\/de\/wp-json\/wp\/v2\/media\/25099"}],"wp:attachment":[{"href":"https:\/\/www.emmentaler.ch\/de\/wp-json\/wp\/v2\/media?parent=25073"}],"wp:term":[{"taxonomy":"post_tag","embeddable":true,"href":"https:\/\/www.emmentaler.ch\/de\/wp-json\/wp\/v2\/tags?post=25073"},{"taxonomy":"recipe_categories","embeddable":true,"href":"https:\/\/www.emmentaler.ch\/de\/wp-json\/wp\/v2\/recipe_categories?post=25073"},{"taxonomy":"et_countries","embeddable":true,"href":"https:\/\/www.emmentaler.ch\/de\/wp-json\/wp\/v2\/et_countries?post=25073"},{"taxonomy":"recipe_main_ingredient","embeddable":true,"href":"https:\/\/www.emmentaler.ch\/de\/wp-json\/wp\/v2\/recipe_main_ingredient?post=25073"},{"taxonomy":"recipe_difficulty","embeddable":true,"href":"https:\/\/www.emmentaler.ch\/de\/wp-json\/wp\/v2\/recipe_difficulty?post=25073"},{"taxonomy":"recipe_preparation_time","embeddable":true,"href":"https:\/\/www.emmentaler.ch\/de\/wp-json\/wp\/v2\/recipe_preparation_time?post=25073"},{"taxonomy":"recipe_diet_type","embeddable":true,"href":"https:\/\/www.emmentaler.ch\/de\/wp-json\/wp\/v2\/recipe_diet_type?post=25073"},{"taxonomy":"recipe_saison","embeddable":true,"href":"https:\/\/www.emmentaler.ch\/de\/wp-json\/wp\/v2\/recipe_saison?post=25073"}],"curies":[{"name":"wp","href":"https:\/\/api.w.org\/{rel}","templated":true}]}}