{"id":25195,"date":"2022-04-27T13:42:37","date_gmt":"2022-04-27T11:42:37","guid":{"rendered":"https:\/\/www.emmentaler.ch\/rezept\/sandwich-cake"},"modified":"2022-06-24T15:42:32","modified_gmt":"2022-06-24T13:42:32","slug":"sandwich-cake","status":"publish","type":"recipes","link":"https:\/\/www.emmentaler.ch\/de\/rezept\/sandwich-cake","title":{"rendered":"Sandwich-Cake"},"author":2,"featured_media":25221,"menu_order":0,"template":"","meta":{"inline_featured_image":false},"tags":[],"recipe_categories":[149],"et_countries":[],"recipe_main_ingredient":[120,123],"recipe_difficulty":[126],"recipe_preparation_time":[171],"recipe_diet_type":[],"recipe_saison":[142,143,140],"acf":{"recipe_preparation_time":171,"recipe_categories":149,"recipe_time_txt":"30 Minuten, plus ein paar Stunden zum K\u00fchlstellen","recipe_type":5193,"recipe_difficulty":126,"recipe_diet_type":false,"recipe_main_ingredient":[120,123],"recipe_saison":[142,143,140],"recipe_count_portions":6,"recipe_ingedients":[{"recipe_ingedients_amount":"","recipe_ingedients_unit":"g","recipe_ingedients_product":""}],"temporare_zutaten":"300 g Frischk\u00e4se\r\n250 g Magerquark\r\n150 g Schinken\r\n2 gekochte Eier\r\n2 Bund Schnittlauch\r\n150 g geriebener Emmentaler AOP\r\nSalz, Pfeffer\r\nca. \u00bd Salatgurke\r\n12 Scheiben Toastbrot\r\n125 g verschieden farbige Cherrytomaten\r\nCakeform 30 cm\r\nKlarsichtfolie","recipe_preparation":"Frischk\u00e4se mit Quark verr\u00fchren. Die H\u00e4lfte der Masse zum Fertigstellen des Cakes beiseitelegen. Restliche Masse auf drei Sch\u00fcsseln verteilen. Schinken fein hacken. Eier sch\u00e4len und fein hacken. 1 Bund Schnittlauch fein hacken. Schinken und geriebener Emmentaler AOP mit je einer Masse verr\u00fchren. Eier und Schnittlauch mit der dritten Masse vermischen. Massen mit Salz und Pfeffer abschmecken. Gurke in feine Scheiben hobeln.\r\n\r\nCakeform mit Klarsichtfolie auslegen. 3 Scheiben Toastbrot nebeneinander in die Form legen, mit der H\u00e4lfte der Gurkenscheiben belegen. K\u00e4semischung darauf verteilen, mit restlichen Gurken belegen und mit 3 Toastbrotscheiben bedecken. Weiterfahren mit Schinkenmischung, Toastbrot, Eiermischung und mit Toastbrot abschliessen. Mit Klarsichtfolie bedecken und f\u00fcr ein paar Stunden in den K\u00fchlschrank stellen.\r\n\r\nCake aus der Form nehmen und vorsichtig auf eine Platte stellen. Cake mit der restlichen Masse bestreichen. Tomaten halbieren oder vierteln. Schnittlauch fein schneiden. Cake mit Tomaten und Schnittlauch garnieren.","recipe_images":[25226,25231,25216]},"_links":{"self":[{"href":"https:\/\/www.emmentaler.ch\/de\/wp-json\/wp\/v2\/recipes\/25195"}],"collection":[{"href":"https:\/\/www.emmentaler.ch\/de\/wp-json\/wp\/v2\/recipes"}],"about":[{"href":"https:\/\/www.emmentaler.ch\/de\/wp-json\/wp\/v2\/types\/recipes"}],"author":[{"embeddable":true,"href":"https:\/\/www.emmentaler.ch\/de\/wp-json\/wp\/v2\/users\/2"}],"version-history":[{"count":0,"href":"https:\/\/www.emmentaler.ch\/de\/wp-json\/wp\/v2\/recipes\/25195\/revisions"}],"acf:attachment":[{"embeddable":true,"href":"https:\/\/www.emmentaler.ch\/de\/wp-json\/wp\/v2\/media\/25216"},{"embeddable":true,"href":"https:\/\/www.emmentaler.ch\/de\/wp-json\/wp\/v2\/media\/25231"},{"embeddable":true,"href":"https:\/\/www.emmentaler.ch\/de\/wp-json\/wp\/v2\/media\/25226"}],"acf:term":[{"embeddable":true,"taxonomy":"recipe_saison","href":"https:\/\/www.emmentaler.ch\/de\/wp-json\/wp\/v2\/recipe_saison\/140"},{"embeddable":true,"taxonomy":"recipe_saison","href":"https:\/\/www.emmentaler.ch\/de\/wp-json\/wp\/v2\/recipe_saison\/143"},{"embeddable":true,"taxonomy":"recipe_saison","href":"https:\/\/www.emmentaler.ch\/de\/wp-json\/wp\/v2\/recipe_saison\/142"},{"embeddable":true,"taxonomy":"recipe_main_ingredient","href":"https:\/\/www.emmentaler.ch\/de\/wp-json\/wp\/v2\/recipe_main_ingredient\/123"},{"embeddable":true,"taxonomy":"recipe_main_ingredient","href":"https:\/\/www.emmentaler.ch\/de\/wp-json\/wp\/v2\/recipe_main_ingredient\/120"},{"embeddable":true,"taxonomy":"recipe_difficulty","href":"https:\/\/www.emmentaler.ch\/de\/wp-json\/wp\/v2\/recipe_difficulty\/126"},{"embeddable":true,"taxonomy":"recipe_categories","href":"https:\/\/www.emmentaler.ch\/de\/wp-json\/wp\/v2\/recipe_categories\/149"},{"embeddable":true,"taxonomy":"recipe_preparation_time","href":"https:\/\/www.emmentaler.ch\/de\/wp-json\/wp\/v2\/recipe_preparation_time\/171"}],"acf:post":[{"embeddable":true,"href":"https:\/\/www.emmentaler.ch\/de\/wp-json\/wp\/v2\/pages\/5193"}],"wp:featuredmedia":[{"embeddable":true,"href":"https:\/\/www.emmentaler.ch\/de\/wp-json\/wp\/v2\/media\/25221"}],"wp:attachment":[{"href":"https:\/\/www.emmentaler.ch\/de\/wp-json\/wp\/v2\/media?parent=25195"}],"wp:term":[{"taxonomy":"post_tag","embeddable":true,"href":"https:\/\/www.emmentaler.ch\/de\/wp-json\/wp\/v2\/tags?post=25195"},{"taxonomy":"recipe_categories","embeddable":true,"href":"https:\/\/www.emmentaler.ch\/de\/wp-json\/wp\/v2\/recipe_categories?post=25195"},{"taxonomy":"et_countries","embeddable":true,"href":"https:\/\/www.emmentaler.ch\/de\/wp-json\/wp\/v2\/et_countries?post=25195"},{"taxonomy":"recipe_main_ingredient","embeddable":true,"href":"https:\/\/www.emmentaler.ch\/de\/wp-json\/wp\/v2\/recipe_main_ingredient?post=25195"},{"taxonomy":"recipe_difficulty","embeddable":true,"href":"https:\/\/www.emmentaler.ch\/de\/wp-json\/wp\/v2\/recipe_difficulty?post=25195"},{"taxonomy":"recipe_preparation_time","embeddable":true,"href":"https:\/\/www.emmentaler.ch\/de\/wp-json\/wp\/v2\/recipe_preparation_time?post=25195"},{"taxonomy":"recipe_diet_type","embeddable":true,"href":"https:\/\/www.emmentaler.ch\/de\/wp-json\/wp\/v2\/recipe_diet_type?post=25195"},{"taxonomy":"recipe_saison","embeddable":true,"href":"https:\/\/www.emmentaler.ch\/de\/wp-json\/wp\/v2\/recipe_saison?post=25195"}],"curies":[{"name":"wp","href":"https:\/\/api.w.org\/{rel}","templated":true}]}}