{"id":25424,"date":"2022-04-27T13:42:37","date_gmt":"2022-04-27T11:42:37","guid":{"rendered":"https:\/\/www.emmentaler.ch\/rezept\/gemuese-auf-knusperkaese-mit-meerrettich-nuesslersalat"},"modified":"2024-07-24T13:34:38","modified_gmt":"2024-07-24T11:34:38","slug":"gemuese-auf-knusperkaese-mit-meerrettich-nuesslersalat","status":"publish","type":"recipes","link":"https:\/\/www.emmentaler.ch\/de\/rezept\/gemuese-auf-knusperkaese-mit-meerrettich-nuesslersalat","title":{"rendered":"Gem\u00fcse auf Knusperk\u00e4se mit Meerrettich-N\u00fcsslersalat"},"author":2,"featured_media":25450,"menu_order":0,"template":"","meta":{"inline_featured_image":false},"tags":[],"recipe_categories":[86],"et_countries":[],"recipe_main_ingredient":[123],"recipe_difficulty":[125],"recipe_preparation_time":[153],"recipe_diet_type":[134,133,132],"recipe_saison":[142,138,140,137,136],"acf":{"recipe_preparation_time":153,"recipe_categories":86,"recipe_time_txt":"20 Minuten, plus 30 Minuten zum Backen","recipe_type":216,"recipe_difficulty":125,"recipe_diet_type":[134,133,132],"recipe_main_ingredient":[123],"recipe_saison":[142,138,140,137,136],"recipe_count_portions":4,"recipe_ingedients":[{"recipe_ingedients_amount":"","recipe_ingedients_unit":"g","recipe_ingedients_product":""}],"temporare_zutaten":"200 g rezenter Emmentaler AOP, gerieben\r\n500 g S\u00fcsskartoffeln\r\n500 g Knollensellerie\r\n500 g rohe Randen\r\nSalz, Pfeffer\r\n150 g N\u00fcsslersalat\r\n3 EL Aceto balsamico\r\n5 EL Oliven\u00f6l\r\n2 EL Bouillon oder Wasser\r\n1 TL Meerrettich-Senf\r\nSalz, Pfeffer","recipe_preparation":"Emmentaler AOP auf zwei mit Backpapier belegte Backbleche streuen. S\u00fcsskartoffeln, Knollensellerie und Randen sch\u00e4len. Randen in ca. 1 cm dicke Scheiben schneiden. S\u00fcsskartoffel und Sellerie in 1,5 - 2 cm und dicke Scheiben schneiden und je nach Gr\u00f6sse halbieren oder vierteln. Gem\u00fcse mit Salz und Pfeffer w\u00fcrzen. Auf dem K\u00e4se verteilen.\r\n\r\nIm 180 Grad (Umluft\/Heissluft) heissen Ofen etwa 30 Minuten backen. Aus dem Ofen nehmen und ca. 5 Minuten abk\u00fchlen lassen.\r\n\r\nN\u00fcsslersalat gut waschen. F\u00fcr die Sauce Aceto balsamico, Oliven\u00f6l, Bouillon, Senf, Salz und Pfeffer in einer Sch\u00fcssel verr\u00fchren. N\u00fcsslersalat zuf\u00fcgen, gut mischen. Gem\u00fcse mit dem K\u00e4se in St\u00fccke brechen und mit dem Salat servieren.","recipe_images":[25455,25460,25445]},"_links":{"self":[{"href":"https:\/\/www.emmentaler.ch\/de\/wp-json\/wp\/v2\/recipes\/25424"}],"collection":[{"href":"https:\/\/www.emmentaler.ch\/de\/wp-json\/wp\/v2\/recipes"}],"about":[{"href":"https:\/\/www.emmentaler.ch\/de\/wp-json\/wp\/v2\/types\/recipes"}],"author":[{"embeddable":true,"href":"https:\/\/www.emmentaler.ch\/de\/wp-json\/wp\/v2\/users\/2"}],"version-history":[{"count":1,"href":"https:\/\/www.emmentaler.ch\/de\/wp-json\/wp\/v2\/recipes\/25424\/revisions"}],"predecessor-version":[{"id":137810,"href":"https:\/\/www.emmentaler.ch\/de\/wp-json\/wp\/v2\/recipes\/25424\/revisions\/137810"}],"acf:attachment":[{"embeddable":true,"href":"https:\/\/www.emmentaler.ch\/de\/wp-json\/wp\/v2\/media\/25445"},{"embeddable":true,"href":"https:\/\/www.emmentaler.ch\/de\/wp-json\/wp\/v2\/media\/25460"},{"embeddable":true,"href":"https:\/\/www.emmentaler.ch\/de\/wp-json\/wp\/v2\/media\/25455"}],"acf:term":[{"embeddable":true,"taxonomy":"recipe_saison","href":"https:\/\/www.emmentaler.ch\/de\/wp-json\/wp\/v2\/recipe_saison\/136"},{"embeddable":true,"taxonomy":"recipe_saison","href":"https:\/\/www.emmentaler.ch\/de\/wp-json\/wp\/v2\/recipe_saison\/137"},{"embeddable":true,"taxonomy":"recipe_saison","href":"https:\/\/www.emmentaler.ch\/de\/wp-json\/wp\/v2\/recipe_saison\/140"},{"embeddable":true,"taxonomy":"recipe_saison","href":"https:\/\/www.emmentaler.ch\/de\/wp-json\/wp\/v2\/recipe_saison\/138"},{"embeddable":true,"taxonomy":"recipe_saison","href":"https:\/\/www.emmentaler.ch\/de\/wp-json\/wp\/v2\/recipe_saison\/142"},{"embeddable":true,"taxonomy":"recipe_main_ingredient","href":"https:\/\/www.emmentaler.ch\/de\/wp-json\/wp\/v2\/recipe_main_ingredient\/123"},{"embeddable":true,"taxonomy":"recipe_diet_type","href":"https:\/\/www.emmentaler.ch\/de\/wp-json\/wp\/v2\/recipe_diet_type\/132"},{"embeddable":true,"taxonomy":"recipe_diet_type","href":"https:\/\/www.emmentaler.ch\/de\/wp-json\/wp\/v2\/recipe_diet_type\/133"},{"embeddable":true,"taxonomy":"recipe_diet_type","href":"https:\/\/www.emmentaler.ch\/de\/wp-json\/wp\/v2\/recipe_diet_type\/134"},{"embeddable":true,"taxonomy":"recipe_difficulty","href":"https:\/\/www.emmentaler.ch\/de\/wp-json\/wp\/v2\/recipe_difficulty\/125"},{"embeddable":true,"taxonomy":"recipe_categories","href":"https:\/\/www.emmentaler.ch\/de\/wp-json\/wp\/v2\/recipe_categories\/86"},{"embeddable":true,"taxonomy":"recipe_preparation_time","href":"https:\/\/www.emmentaler.ch\/de\/wp-json\/wp\/v2\/recipe_preparation_time\/153"}],"acf:post":[{"embeddable":true,"href":"https:\/\/www.emmentaler.ch\/de\/wp-json\/wp\/v2\/pages\/216"}],"wp:featuredmedia":[{"embeddable":true,"href":"https:\/\/www.emmentaler.ch\/de\/wp-json\/wp\/v2\/media\/25450"}],"wp:attachment":[{"href":"https:\/\/www.emmentaler.ch\/de\/wp-json\/wp\/v2\/media?parent=25424"}],"wp:term":[{"taxonomy":"post_tag","embeddable":true,"href":"https:\/\/www.emmentaler.ch\/de\/wp-json\/wp\/v2\/tags?post=25424"},{"taxonomy":"recipe_categories","embeddable":true,"href":"https:\/\/www.emmentaler.ch\/de\/wp-json\/wp\/v2\/recipe_categories?post=25424"},{"taxonomy":"et_countries","embeddable":true,"href":"https:\/\/www.emmentaler.ch\/de\/wp-json\/wp\/v2\/et_countries?post=25424"},{"taxonomy":"recipe_main_ingredient","embeddable":true,"href":"https:\/\/www.emmentaler.ch\/de\/wp-json\/wp\/v2\/recipe_main_ingredient?post=25424"},{"taxonomy":"recipe_difficulty","embeddable":true,"href":"https:\/\/www.emmentaler.ch\/de\/wp-json\/wp\/v2\/recipe_difficulty?post=25424"},{"taxonomy":"recipe_preparation_time","embeddable":true,"href":"https:\/\/www.emmentaler.ch\/de\/wp-json\/wp\/v2\/recipe_preparation_time?post=25424"},{"taxonomy":"recipe_diet_type","embeddable":true,"href":"https:\/\/www.emmentaler.ch\/de\/wp-json\/wp\/v2\/recipe_diet_type?post=25424"},{"taxonomy":"recipe_saison","embeddable":true,"href":"https:\/\/www.emmentaler.ch\/de\/wp-json\/wp\/v2\/recipe_saison?post=25424"}],"curies":[{"name":"wp","href":"https:\/\/api.w.org\/{rel}","templated":true}]}}