{"id":25546,"date":"2022-04-27T13:45:45","date_gmt":"2022-04-27T11:45:45","guid":{"rendered":"https:\/\/www.emmentaler.ch\/rezept\/zwiebelkuchen-mit-emmentaler-aop"},"modified":"2024-07-24T13:36:54","modified_gmt":"2024-07-24T11:36:54","slug":"zwiebelkuchen-mit-emmentaler-aop","status":"publish","type":"recipes","link":"https:\/\/www.emmentaler.ch\/de\/rezept\/zwiebelkuchen-mit-emmentaler-aop","title":{"rendered":"Zwiebelkuchen mit Emmentaler AOP"},"author":2,"featured_media":25567,"menu_order":0,"template":"","meta":{"inline_featured_image":false},"tags":[708],"recipe_categories":[149],"et_countries":[],"recipe_main_ingredient":[120],"recipe_difficulty":[125],"recipe_preparation_time":[130],"recipe_diet_type":[],"recipe_saison":[143],"acf":{"recipe_preparation_time":130,"recipe_categories":149,"recipe_time_txt":"20 Minuten plus 40 Minuten im Ofen","recipe_type":5236,"recipe_difficulty":125,"recipe_diet_type":false,"recipe_main_ingredient":[120],"recipe_saison":[143],"recipe_count_portions":4,"recipe_ingedients":[{"recipe_ingedients_amount":"","recipe_ingedients_unit":"g","recipe_ingedients_product":""}],"temporare_zutaten":"500 g Zwiebeln\r\n75 g Speckw\u00fcrfeli\r\n1 EL Raps\u00f6l\r\n3 dl Milch\r\n3 Eier\r\nSalz, Pfeffer; Muskatnuss\r\n250 g rezenter Emmentaler AOP\r\n1 rund ausgewallter Kuchenteig (f\u00fcr ein Kuchenblech von ca. 28 cm Durchmesser)","recipe_preparation":"Zwiebeln in feine Streifen schneiden. Zwiebelstreifen und Speckw\u00fcrfeli im \u00d6l bei schwacher Hitze etwa 20 Minuten d\u00fcnsten. Ausk\u00fchlen lassen.\r\n\r\nMilch und Eier zu einem Guss verquirlen, w\u00fcrzen. Emmentaler AOP an der R\u00f6stiraffel reiben.\r\n\r\nKuchenblech mit Teig auslegen. Boden mit einer Gabel einstechen. Zwiebeln und Emmentaler AOP auf dem Teigboden verteilen. Guss dar\u00fcber giessen. Im 220 Grad heissen Ofen auf der untersten Rille etwa 40 Minuten backen.","recipe_images":[25582,25577,25567]},"_links":{"self":[{"href":"https:\/\/www.emmentaler.ch\/de\/wp-json\/wp\/v2\/recipes\/25546"}],"collection":[{"href":"https:\/\/www.emmentaler.ch\/de\/wp-json\/wp\/v2\/recipes"}],"about":[{"href":"https:\/\/www.emmentaler.ch\/de\/wp-json\/wp\/v2\/types\/recipes"}],"author":[{"embeddable":true,"href":"https:\/\/www.emmentaler.ch\/de\/wp-json\/wp\/v2\/users\/2"}],"version-history":[{"count":1,"href":"https:\/\/www.emmentaler.ch\/de\/wp-json\/wp\/v2\/recipes\/25546\/revisions"}],"predecessor-version":[{"id":137798,"href":"https:\/\/www.emmentaler.ch\/de\/wp-json\/wp\/v2\/recipes\/25546\/revisions\/137798"}],"acf:attachment":[{"embeddable":true,"href":"https:\/\/www.emmentaler.ch\/de\/wp-json\/wp\/v2\/media\/25567"},{"embeddable":true,"href":"https:\/\/www.emmentaler.ch\/de\/wp-json\/wp\/v2\/media\/25577"},{"embeddable":true,"href":"https:\/\/www.emmentaler.ch\/de\/wp-json\/wp\/v2\/media\/25582"}],"acf:term":[{"embeddable":true,"taxonomy":"recipe_saison","href":"https:\/\/www.emmentaler.ch\/de\/wp-json\/wp\/v2\/recipe_saison\/143"},{"embeddable":true,"taxonomy":"recipe_main_ingredient","href":"https:\/\/www.emmentaler.ch\/de\/wp-json\/wp\/v2\/recipe_main_ingredient\/120"},{"embeddable":true,"taxonomy":"recipe_difficulty","href":"https:\/\/www.emmentaler.ch\/de\/wp-json\/wp\/v2\/recipe_difficulty\/125"},{"embeddable":true,"taxonomy":"recipe_categories","href":"https:\/\/www.emmentaler.ch\/de\/wp-json\/wp\/v2\/recipe_categories\/149"},{"embeddable":true,"taxonomy":"recipe_preparation_time","href":"https:\/\/www.emmentaler.ch\/de\/wp-json\/wp\/v2\/recipe_preparation_time\/130"}],"acf:post":[{"embeddable":true,"href":"https:\/\/www.emmentaler.ch\/de\/wp-json\/wp\/v2\/pages\/5236"}],"wp:featuredmedia":[{"embeddable":true,"href":"https:\/\/www.emmentaler.ch\/de\/wp-json\/wp\/v2\/media\/25567"}],"wp:attachment":[{"href":"https:\/\/www.emmentaler.ch\/de\/wp-json\/wp\/v2\/media?parent=25546"}],"wp:term":[{"taxonomy":"post_tag","embeddable":true,"href":"https:\/\/www.emmentaler.ch\/de\/wp-json\/wp\/v2\/tags?post=25546"},{"taxonomy":"recipe_categories","embeddable":true,"href":"https:\/\/www.emmentaler.ch\/de\/wp-json\/wp\/v2\/recipe_categories?post=25546"},{"taxonomy":"et_countries","embeddable":true,"href":"https:\/\/www.emmentaler.ch\/de\/wp-json\/wp\/v2\/et_countries?post=25546"},{"taxonomy":"recipe_main_ingredient","embeddable":true,"href":"https:\/\/www.emmentaler.ch\/de\/wp-json\/wp\/v2\/recipe_main_ingredient?post=25546"},{"taxonomy":"recipe_difficulty","embeddable":true,"href":"https:\/\/www.emmentaler.ch\/de\/wp-json\/wp\/v2\/recipe_difficulty?post=25546"},{"taxonomy":"recipe_preparation_time","embeddable":true,"href":"https:\/\/www.emmentaler.ch\/de\/wp-json\/wp\/v2\/recipe_preparation_time?post=25546"},{"taxonomy":"recipe_diet_type","embeddable":true,"href":"https:\/\/www.emmentaler.ch\/de\/wp-json\/wp\/v2\/recipe_diet_type?post=25546"},{"taxonomy":"recipe_saison","embeddable":true,"href":"https:\/\/www.emmentaler.ch\/de\/wp-json\/wp\/v2\/recipe_saison?post=25546"}],"curies":[{"name":"wp","href":"https:\/\/api.w.org\/{rel}","templated":true}]}}