{"id":25638,"date":"2022-04-27T13:45:45","date_gmt":"2022-04-27T11:45:45","guid":{"rendered":"https:\/\/www.emmentaler.ch\/rezept\/kaese-melonensalat"},"modified":"2024-07-24T13:13:46","modified_gmt":"2024-07-24T11:13:46","slug":"kaese-melonensalat","status":"publish","type":"recipes","link":"https:\/\/www.emmentaler.ch\/de\/rezept\/kaese-melonensalat","title":{"rendered":"K\u00e4se-Melonensalat"},"author":2,"featured_media":25664,"menu_order":0,"template":"","meta":{"inline_featured_image":false},"tags":[788,769],"recipe_categories":[86],"et_countries":[],"recipe_main_ingredient":[120],"recipe_difficulty":[125],"recipe_preparation_time":[151],"recipe_diet_type":[134,132],"recipe_saison":[142,135],"acf":{"recipe_preparation_time":151,"recipe_categories":86,"recipe_time_txt":"","recipe_type":216,"recipe_difficulty":125,"recipe_diet_type":[134,132],"recipe_main_ingredient":[120],"recipe_saison":[142,135],"recipe_count_portions":4,"recipe_ingedients":[{"recipe_ingedients_amount":"","recipe_ingedients_unit":"g","recipe_ingedients_product":""}],"temporare_zutaten":"2 EL Zitronensaft\r\n2 EL Balsamicoessig\r\n2 EL Bouillon oder Wasser\r\n5 EL Oliven\u00f6l\r\nSalz, Pfeffer\r\n2 EL Pinienkerne\r\n250 g rezenter Emmentaler AOP\r\n1 roter Peperoncino\r\n2 Melonen\r\n2 Bund Basilikum\r\n150 g Rucola\r\n50 g schwarze entsteinte Oliven","recipe_preparation":"Zitronensaft, Balsamicoessig, Bouillon und \u00d6l mit Salz und Pfeffer zu einer Sauce verr\u00fchren.\r\n\r\nPinienkerne ohne Fett in einer Bratpfanne leicht r\u00f6sten. Emmentaler AOP in ca. 1 cm grosse W\u00fcrfel schneiden. Peperoncino l\u00e4ngs halbieren, entkernen und in feine Streifen schneiden. Melonen halbieren, entkernen und mit einem Kugelausstecher Kugeln aus dem Fruchtfleisch stechen. Basilikumbl\u00e4tter von den Stielen zupfen.\r\n\r\nAlle Zutaten inklusive Rucola und Oliven zu der Sauce geben und gut vermischen.","recipe_images":[25659,25669,25674]},"_links":{"self":[{"href":"https:\/\/www.emmentaler.ch\/de\/wp-json\/wp\/v2\/recipes\/25638"}],"collection":[{"href":"https:\/\/www.emmentaler.ch\/de\/wp-json\/wp\/v2\/recipes"}],"about":[{"href":"https:\/\/www.emmentaler.ch\/de\/wp-json\/wp\/v2\/types\/recipes"}],"author":[{"embeddable":true,"href":"https:\/\/www.emmentaler.ch\/de\/wp-json\/wp\/v2\/users\/2"}],"version-history":[{"count":1,"href":"https:\/\/www.emmentaler.ch\/de\/wp-json\/wp\/v2\/recipes\/25638\/revisions"}],"predecessor-version":[{"id":137800,"href":"https:\/\/www.emmentaler.ch\/de\/wp-json\/wp\/v2\/recipes\/25638\/revisions\/137800"}],"acf:attachment":[{"embeddable":true,"href":"https:\/\/www.emmentaler.ch\/de\/wp-json\/wp\/v2\/media\/25674"},{"embeddable":true,"href":"https:\/\/www.emmentaler.ch\/de\/wp-json\/wp\/v2\/media\/25669"},{"embeddable":true,"href":"https:\/\/www.emmentaler.ch\/de\/wp-json\/wp\/v2\/media\/25659"}],"acf:term":[{"embeddable":true,"taxonomy":"recipe_saison","href":"https:\/\/www.emmentaler.ch\/de\/wp-json\/wp\/v2\/recipe_saison\/135"},{"embeddable":true,"taxonomy":"recipe_saison","href":"https:\/\/www.emmentaler.ch\/de\/wp-json\/wp\/v2\/recipe_saison\/142"},{"embeddable":true,"taxonomy":"recipe_main_ingredient","href":"https:\/\/www.emmentaler.ch\/de\/wp-json\/wp\/v2\/recipe_main_ingredient\/120"},{"embeddable":true,"taxonomy":"recipe_diet_type","href":"https:\/\/www.emmentaler.ch\/de\/wp-json\/wp\/v2\/recipe_diet_type\/132"},{"embeddable":true,"taxonomy":"recipe_diet_type","href":"https:\/\/www.emmentaler.ch\/de\/wp-json\/wp\/v2\/recipe_diet_type\/134"},{"embeddable":true,"taxonomy":"recipe_difficulty","href":"https:\/\/www.emmentaler.ch\/de\/wp-json\/wp\/v2\/recipe_difficulty\/125"},{"embeddable":true,"taxonomy":"recipe_categories","href":"https:\/\/www.emmentaler.ch\/de\/wp-json\/wp\/v2\/recipe_categories\/86"},{"embeddable":true,"taxonomy":"recipe_preparation_time","href":"https:\/\/www.emmentaler.ch\/de\/wp-json\/wp\/v2\/recipe_preparation_time\/151"}],"acf:post":[{"embeddable":true,"href":"https:\/\/www.emmentaler.ch\/de\/wp-json\/wp\/v2\/pages\/216"}],"wp:featuredmedia":[{"embeddable":true,"href":"https:\/\/www.emmentaler.ch\/de\/wp-json\/wp\/v2\/media\/25664"}],"wp:attachment":[{"href":"https:\/\/www.emmentaler.ch\/de\/wp-json\/wp\/v2\/media?parent=25638"}],"wp:term":[{"taxonomy":"post_tag","embeddable":true,"href":"https:\/\/www.emmentaler.ch\/de\/wp-json\/wp\/v2\/tags?post=25638"},{"taxonomy":"recipe_categories","embeddable":true,"href":"https:\/\/www.emmentaler.ch\/de\/wp-json\/wp\/v2\/recipe_categories?post=25638"},{"taxonomy":"et_countries","embeddable":true,"href":"https:\/\/www.emmentaler.ch\/de\/wp-json\/wp\/v2\/et_countries?post=25638"},{"taxonomy":"recipe_main_ingredient","embeddable":true,"href":"https:\/\/www.emmentaler.ch\/de\/wp-json\/wp\/v2\/recipe_main_ingredient?post=25638"},{"taxonomy":"recipe_difficulty","embeddable":true,"href":"https:\/\/www.emmentaler.ch\/de\/wp-json\/wp\/v2\/recipe_difficulty?post=25638"},{"taxonomy":"recipe_preparation_time","embeddable":true,"href":"https:\/\/www.emmentaler.ch\/de\/wp-json\/wp\/v2\/recipe_preparation_time?post=25638"},{"taxonomy":"recipe_diet_type","embeddable":true,"href":"https:\/\/www.emmentaler.ch\/de\/wp-json\/wp\/v2\/recipe_diet_type?post=25638"},{"taxonomy":"recipe_saison","embeddable":true,"href":"https:\/\/www.emmentaler.ch\/de\/wp-json\/wp\/v2\/recipe_saison?post=25638"}],"curies":[{"name":"wp","href":"https:\/\/api.w.org\/{rel}","templated":true}]}}