{"id":25821,"date":"2022-04-27T13:45:45","date_gmt":"2022-04-27T11:45:45","guid":{"rendered":"https:\/\/www.emmentaler.ch\/rezept\/linsen-gemuesesuppe"},"modified":"2024-07-24T13:33:26","modified_gmt":"2024-07-24T11:33:26","slug":"linsen-gemuesesuppe","status":"publish","type":"recipes","link":"https:\/\/www.emmentaler.ch\/de\/rezept\/linsen-gemuesesuppe","title":{"rendered":"Linsen-Gem\u00fcsesuppe"},"author":2,"featured_media":47688,"menu_order":0,"template":"","meta":{"inline_featured_image":false},"tags":[],"recipe_categories":[86],"et_countries":[],"recipe_main_ingredient":[123],"recipe_difficulty":[125],"recipe_preparation_time":[161],"recipe_diet_type":[134,132],"recipe_saison":[137,136],"acf":{"recipe_preparation_time":161,"recipe_categories":86,"recipe_time_txt":"","recipe_type":5231,"recipe_difficulty":125,"recipe_diet_type":[134,132],"recipe_main_ingredient":[123],"recipe_saison":[137,136],"recipe_count_portions":4,"recipe_ingedients":[{"recipe_ingedients_amount":"","recipe_ingedients_unit":"g","recipe_ingedients_product":""}],"temporare_zutaten":"150 g braune Linsen\r\n1 Lorbeerblatt\r\n1 grosse Zwiebel\r\n2 R\u00fcebli, ca. 200 g\r\n1 Pastinake, ca.150 g\r\n\u00bc Sellerie, ca. 150 g\r\n1-2 EL Raps\u00f6l\r\n1,2 l Gem\u00fcsebouillon\r\n1 s\u00e4uerlicher Apfel\r\nSalz, Pfeffer\r\n1 Bund Petersilie\r\n120 g rezenter Emmentaler AOP","recipe_preparation":"Linsen mit Lorbeerblatt in reichlich Wasser w\u00e4hrend 30-45 Minuten weichkochen. Zwiebel fein hacken. Gem\u00fcse sch\u00e4len und in ca. 1,5 cm grosse W\u00fcrfel oder R\u00e4dchen schneiden. Zwiebel und Gem\u00fcse im heissen \u00d6l etwa 10 Minuten d\u00fcnsten. Bouillon dazugiessen, zugedeckt ca. 15 Minuten k\u00f6cheln.\r\n\r\nAbgetropfte Linsen ohne Lorbeerblatt zur Suppe geben. Etwa ein Viertel der Suppe in ein hohes Gef\u00e4ss geben und mit dem Stabmixer p\u00fcrieren. Zur\u00fcck in die Pfanne giessen. \u00c4pfel in kleine W\u00fcrfel schneiden, zur Suppe geben und 2-3 Minuten k\u00f6cheln. Mit Salz und Pfeffer abschmecken. Petersilie fein hacken, \u00fcber die Suppe streuen.\r\n\r\nEmmentaler AOP mit einem Sparsch\u00e4ler in Sp\u00e4ne schneiden und zur Suppe servieren.","recipe_images":[25847,25852,25857]},"_links":{"self":[{"href":"https:\/\/www.emmentaler.ch\/de\/wp-json\/wp\/v2\/recipes\/25821"}],"collection":[{"href":"https:\/\/www.emmentaler.ch\/de\/wp-json\/wp\/v2\/recipes"}],"about":[{"href":"https:\/\/www.emmentaler.ch\/de\/wp-json\/wp\/v2\/types\/recipes"}],"author":[{"embeddable":true,"href":"https:\/\/www.emmentaler.ch\/de\/wp-json\/wp\/v2\/users\/2"}],"version-history":[{"count":1,"href":"https:\/\/www.emmentaler.ch\/de\/wp-json\/wp\/v2\/recipes\/25821\/revisions"}],"predecessor-version":[{"id":137802,"href":"https:\/\/www.emmentaler.ch\/de\/wp-json\/wp\/v2\/recipes\/25821\/revisions\/137802"}],"acf:attachment":[{"embeddable":true,"href":"https:\/\/www.emmentaler.ch\/de\/wp-json\/wp\/v2\/media\/25857"},{"embeddable":true,"href":"https:\/\/www.emmentaler.ch\/de\/wp-json\/wp\/v2\/media\/25852"},{"embeddable":true,"href":"https:\/\/www.emmentaler.ch\/de\/wp-json\/wp\/v2\/media\/25847"}],"acf:term":[{"embeddable":true,"taxonomy":"recipe_saison","href":"https:\/\/www.emmentaler.ch\/de\/wp-json\/wp\/v2\/recipe_saison\/136"},{"embeddable":true,"taxonomy":"recipe_saison","href":"https:\/\/www.emmentaler.ch\/de\/wp-json\/wp\/v2\/recipe_saison\/137"},{"embeddable":true,"taxonomy":"recipe_main_ingredient","href":"https:\/\/www.emmentaler.ch\/de\/wp-json\/wp\/v2\/recipe_main_ingredient\/123"},{"embeddable":true,"taxonomy":"recipe_diet_type","href":"https:\/\/www.emmentaler.ch\/de\/wp-json\/wp\/v2\/recipe_diet_type\/132"},{"embeddable":true,"taxonomy":"recipe_diet_type","href":"https:\/\/www.emmentaler.ch\/de\/wp-json\/wp\/v2\/recipe_diet_type\/134"},{"embeddable":true,"taxonomy":"recipe_difficulty","href":"https:\/\/www.emmentaler.ch\/de\/wp-json\/wp\/v2\/recipe_difficulty\/125"},{"embeddable":true,"taxonomy":"recipe_categories","href":"https:\/\/www.emmentaler.ch\/de\/wp-json\/wp\/v2\/recipe_categories\/86"},{"embeddable":true,"taxonomy":"recipe_preparation_time","href":"https:\/\/www.emmentaler.ch\/de\/wp-json\/wp\/v2\/recipe_preparation_time\/161"}],"acf:post":[{"embeddable":true,"href":"https:\/\/www.emmentaler.ch\/de\/wp-json\/wp\/v2\/pages\/5231"}],"wp:featuredmedia":[{"embeddable":true,"href":"https:\/\/www.emmentaler.ch\/de\/wp-json\/wp\/v2\/media\/47688"}],"wp:attachment":[{"href":"https:\/\/www.emmentaler.ch\/de\/wp-json\/wp\/v2\/media?parent=25821"}],"wp:term":[{"taxonomy":"post_tag","embeddable":true,"href":"https:\/\/www.emmentaler.ch\/de\/wp-json\/wp\/v2\/tags?post=25821"},{"taxonomy":"recipe_categories","embeddable":true,"href":"https:\/\/www.emmentaler.ch\/de\/wp-json\/wp\/v2\/recipe_categories?post=25821"},{"taxonomy":"et_countries","embeddable":true,"href":"https:\/\/www.emmentaler.ch\/de\/wp-json\/wp\/v2\/et_countries?post=25821"},{"taxonomy":"recipe_main_ingredient","embeddable":true,"href":"https:\/\/www.emmentaler.ch\/de\/wp-json\/wp\/v2\/recipe_main_ingredient?post=25821"},{"taxonomy":"recipe_difficulty","embeddable":true,"href":"https:\/\/www.emmentaler.ch\/de\/wp-json\/wp\/v2\/recipe_difficulty?post=25821"},{"taxonomy":"recipe_preparation_time","embeddable":true,"href":"https:\/\/www.emmentaler.ch\/de\/wp-json\/wp\/v2\/recipe_preparation_time?post=25821"},{"taxonomy":"recipe_diet_type","embeddable":true,"href":"https:\/\/www.emmentaler.ch\/de\/wp-json\/wp\/v2\/recipe_diet_type?post=25821"},{"taxonomy":"recipe_saison","embeddable":true,"href":"https:\/\/www.emmentaler.ch\/de\/wp-json\/wp\/v2\/recipe_saison?post=25821"}],"curies":[{"name":"wp","href":"https:\/\/api.w.org\/{rel}","templated":true}]}}