{"id":25882,"date":"2022-04-27T13:45:45","date_gmt":"2022-04-27T11:45:45","guid":{"rendered":"https:\/\/www.emmentaler.ch\/rezept\/pasta-mit-rosenkohl-und-kartoffeln"},"modified":"2022-06-24T14:31:37","modified_gmt":"2022-06-24T12:31:37","slug":"pasta-mit-rosenkohl-und-kartoffeln","status":"publish","type":"recipes","link":"https:\/\/www.emmentaler.ch\/de\/rezept\/pasta-mit-rosenkohl-und-kartoffeln","title":{"rendered":"Pasta mit Rosenkohl und Kartoffeln"},"author":2,"featured_media":51783,"menu_order":0,"template":"","meta":{"inline_featured_image":false},"tags":[],"recipe_categories":[86],"et_countries":[],"recipe_main_ingredient":[123],"recipe_difficulty":[126],"recipe_preparation_time":[156],"recipe_diet_type":[132],"recipe_saison":[137,136],"acf":{"recipe_preparation_time":156,"recipe_categories":86,"recipe_time_txt":"","recipe_type":216,"recipe_difficulty":126,"recipe_diet_type":[132],"recipe_main_ingredient":[123],"recipe_saison":[137,136],"recipe_count_portions":4,"recipe_ingedients":[{"recipe_ingedients_amount":"","recipe_ingedients_unit":"g","recipe_ingedients_product":""}],"temporare_zutaten":"500 g violetter oder gr\u00fcner Rosenkohl\r\n500 g violette oder gelbe Kartoffeln\r\n300 g Teigwaren\r\n4 dl Milch\r\n2 \u00bd TL Maist\u00e4rke\r\n150 g rezenter geriebener Emmentaler AOP\r\nSalz, Pfeffer, Muskatnuss\r\n1 Bio Orange, nur Schale","recipe_preparation":"Rosenkohl r\u00fcsten. Kartoffeln sch\u00e4len und in ca. 0,5 cm dicke Scheiben schneiden. Rosenkohl in wenig Salzwasser weich garen. Teigwaren in Salzwasser al dente kochen. Kartoffelscheiben 5 Minuten vor Ende der Kochzeit beigeben. Alles abtropfen lassen.\r\n\r\nF\u00fcr die Sauce Milch mit Maisst\u00e4rke unter R\u00fchren aufkochen. Emmentaler AOP zuf\u00fcgen, bei kleiner Hitze unter R\u00fchren schmelzen, w\u00fcrzen. Rosenkohl, Kartoffeln und Teigwaren beif\u00fcgen, alles gut mischen und kurz erhitzen.\r\n\r\nOrangenschale d\u00fcnn abreiben oder mit einem Zestenmesser feine Streifchen schneiden und \u00fcber die Teigwaren streuen.","recipe_images":[25903,25908,25913]},"_links":{"self":[{"href":"https:\/\/www.emmentaler.ch\/de\/wp-json\/wp\/v2\/recipes\/25882"}],"collection":[{"href":"https:\/\/www.emmentaler.ch\/de\/wp-json\/wp\/v2\/recipes"}],"about":[{"href":"https:\/\/www.emmentaler.ch\/de\/wp-json\/wp\/v2\/types\/recipes"}],"author":[{"embeddable":true,"href":"https:\/\/www.emmentaler.ch\/de\/wp-json\/wp\/v2\/users\/2"}],"version-history":[{"count":0,"href":"https:\/\/www.emmentaler.ch\/de\/wp-json\/wp\/v2\/recipes\/25882\/revisions"}],"acf:attachment":[{"embeddable":true,"href":"https:\/\/www.emmentaler.ch\/de\/wp-json\/wp\/v2\/media\/25913"},{"embeddable":true,"href":"https:\/\/www.emmentaler.ch\/de\/wp-json\/wp\/v2\/media\/25908"},{"embeddable":true,"href":"https:\/\/www.emmentaler.ch\/de\/wp-json\/wp\/v2\/media\/25903"}],"acf:term":[{"embeddable":true,"taxonomy":"recipe_saison","href":"https:\/\/www.emmentaler.ch\/de\/wp-json\/wp\/v2\/recipe_saison\/136"},{"embeddable":true,"taxonomy":"recipe_saison","href":"https:\/\/www.emmentaler.ch\/de\/wp-json\/wp\/v2\/recipe_saison\/137"},{"embeddable":true,"taxonomy":"recipe_main_ingredient","href":"https:\/\/www.emmentaler.ch\/de\/wp-json\/wp\/v2\/recipe_main_ingredient\/123"},{"embeddable":true,"taxonomy":"recipe_diet_type","href":"https:\/\/www.emmentaler.ch\/de\/wp-json\/wp\/v2\/recipe_diet_type\/132"},{"embeddable":true,"taxonomy":"recipe_difficulty","href":"https:\/\/www.emmentaler.ch\/de\/wp-json\/wp\/v2\/recipe_difficulty\/126"},{"embeddable":true,"taxonomy":"recipe_categories","href":"https:\/\/www.emmentaler.ch\/de\/wp-json\/wp\/v2\/recipe_categories\/86"},{"embeddable":true,"taxonomy":"recipe_preparation_time","href":"https:\/\/www.emmentaler.ch\/de\/wp-json\/wp\/v2\/recipe_preparation_time\/156"}],"acf:post":[{"embeddable":true,"href":"https:\/\/www.emmentaler.ch\/de\/wp-json\/wp\/v2\/pages\/216"}],"wp:featuredmedia":[{"embeddable":true,"href":"https:\/\/www.emmentaler.ch\/de\/wp-json\/wp\/v2\/media\/51783"}],"wp:attachment":[{"href":"https:\/\/www.emmentaler.ch\/de\/wp-json\/wp\/v2\/media?parent=25882"}],"wp:term":[{"taxonomy":"post_tag","embeddable":true,"href":"https:\/\/www.emmentaler.ch\/de\/wp-json\/wp\/v2\/tags?post=25882"},{"taxonomy":"recipe_categories","embeddable":true,"href":"https:\/\/www.emmentaler.ch\/de\/wp-json\/wp\/v2\/recipe_categories?post=25882"},{"taxonomy":"et_countries","embeddable":true,"href":"https:\/\/www.emmentaler.ch\/de\/wp-json\/wp\/v2\/et_countries?post=25882"},{"taxonomy":"recipe_main_ingredient","embeddable":true,"href":"https:\/\/www.emmentaler.ch\/de\/wp-json\/wp\/v2\/recipe_main_ingredient?post=25882"},{"taxonomy":"recipe_difficulty","embeddable":true,"href":"https:\/\/www.emmentaler.ch\/de\/wp-json\/wp\/v2\/recipe_difficulty?post=25882"},{"taxonomy":"recipe_preparation_time","embeddable":true,"href":"https:\/\/www.emmentaler.ch\/de\/wp-json\/wp\/v2\/recipe_preparation_time?post=25882"},{"taxonomy":"recipe_diet_type","embeddable":true,"href":"https:\/\/www.emmentaler.ch\/de\/wp-json\/wp\/v2\/recipe_diet_type?post=25882"},{"taxonomy":"recipe_saison","embeddable":true,"href":"https:\/\/www.emmentaler.ch\/de\/wp-json\/wp\/v2\/recipe_saison?post=25882"}],"curies":[{"name":"wp","href":"https:\/\/api.w.org\/{rel}","templated":true}]}}