{"id":26225,"date":"2022-04-27T13:47:25","date_gmt":"2022-04-27T11:47:25","guid":{"rendered":"https:\/\/www.emmentaler.ch\/rezept\/windbeutel-mit-pflaumensenf"},"modified":"2024-07-23T14:10:23","modified_gmt":"2024-07-23T12:10:23","slug":"windbeutel-mit-pflaumensenf","status":"publish","type":"recipes","link":"https:\/\/www.emmentaler.ch\/de\/rezept\/windbeutel-mit-pflaumensenf","title":{"rendered":"Windbeutel mit Pflaumensenf"},"author":2,"featured_media":7914,"menu_order":0,"template":"","meta":{"inline_featured_image":false},"tags":[],"recipe_categories":[152],"et_countries":[],"recipe_main_ingredient":[124],"recipe_difficulty":[126],"recipe_preparation_time":[163],"recipe_diet_type":[132],"recipe_saison":[142,139,136],"acf":{"recipe_preparation_time":163,"recipe_categories":152,"recipe_time_txt":"30 Minuten und 25 Minuten backen","recipe_type":5231,"recipe_difficulty":126,"recipe_diet_type":[132],"recipe_main_ingredient":[124],"recipe_saison":[142,139,136],"recipe_count_portions":40,"recipe_ingedients":[{"recipe_ingedients_amount":"","recipe_ingedients_unit":"g","recipe_ingedients_product":""}],"temporare_zutaten":"2 dl Wasser\r\n\u00bd TL Salz\r\n50 g Butter\r\n125 g Mehl\r\n3 Eier, mittelgross\r\n125 g geriebener Emmentaler AOP\r\n100 g getrocknete Softpflaumen\r\nca. 75 g Senf, je nach Sch\u00e4rfe\r\n250 g Halbfettquark","recipe_preparation":"<span style=\"font-weight: 400;\">Wasser mit Salz und Butter aufkochen. Mehl auf einmal beigeben. Bei mittlerer Hitze den Teig mit einer Kelle verr\u00fchren, bis er glatt ist und sich vom Pfannenboden l\u00f6st. Den Kloss ca. 2 Minuten hin und her bewegen.\u00a0<\/span>\r\n\r\n<span style=\"font-weight: 400;\">Teig in eine Sch\u00fcssel geben, etwas abk\u00fchlen lassen. Nach und nach Eier unter kr\u00e4ftigem R\u00fchren hinzuf\u00fcgen, bis ein glatter, geschmeidiger Teig entsteht. Emmentaler AOP beimischen.<\/span>\r\n\r\n<span style=\"font-weight: 400;\">Ofen auf 180 Grad (Ober- und Unterhitze) vorheizen.<\/span>\r\n\r\n<span style=\"font-weight: 400;\">Teig in einen Spritzsack ohne T\u00fclle f\u00fcllen. Mit etwas Abstand baumnussgrosse H\u00e4ufchen auf ein mit Backpapier belegtes Blech spritzen. 25-30 Minuten im unteren Drittel des Ofens backen. Ausk\u00fchlen lassen.<\/span>\r\n\r\n<span style=\"font-weight: 400;\">F\u00fcr die F\u00fcllung Pflaumen klein schneiden. Mit den restlichen Zutaten p\u00fcrieren. Windbeutel aufschneiden und mit 1-2 Teel\u00f6ffel Pflaumensenf f\u00fcllen.<\/span>","recipe_images":[7914]},"_links":{"self":[{"href":"https:\/\/www.emmentaler.ch\/de\/wp-json\/wp\/v2\/recipes\/26225"}],"collection":[{"href":"https:\/\/www.emmentaler.ch\/de\/wp-json\/wp\/v2\/recipes"}],"about":[{"href":"https:\/\/www.emmentaler.ch\/de\/wp-json\/wp\/v2\/types\/recipes"}],"author":[{"embeddable":true,"href":"https:\/\/www.emmentaler.ch\/de\/wp-json\/wp\/v2\/users\/2"}],"version-history":[{"count":1,"href":"https:\/\/www.emmentaler.ch\/de\/wp-json\/wp\/v2\/recipes\/26225\/revisions"}],"predecessor-version":[{"id":137771,"href":"https:\/\/www.emmentaler.ch\/de\/wp-json\/wp\/v2\/recipes\/26225\/revisions\/137771"}],"acf:attachment":[{"embeddable":true,"href":"https:\/\/www.emmentaler.ch\/de\/wp-json\/wp\/v2\/media\/7914"}],"acf:term":[{"embeddable":true,"taxonomy":"recipe_saison","href":"https:\/\/www.emmentaler.ch\/de\/wp-json\/wp\/v2\/recipe_saison\/136"},{"embeddable":true,"taxonomy":"recipe_saison","href":"https:\/\/www.emmentaler.ch\/de\/wp-json\/wp\/v2\/recipe_saison\/139"},{"embeddable":true,"taxonomy":"recipe_saison","href":"https:\/\/www.emmentaler.ch\/de\/wp-json\/wp\/v2\/recipe_saison\/142"},{"embeddable":true,"taxonomy":"recipe_main_ingredient","href":"https:\/\/www.emmentaler.ch\/de\/wp-json\/wp\/v2\/recipe_main_ingredient\/124"},{"embeddable":true,"taxonomy":"recipe_diet_type","href":"https:\/\/www.emmentaler.ch\/de\/wp-json\/wp\/v2\/recipe_diet_type\/132"},{"embeddable":true,"taxonomy":"recipe_difficulty","href":"https:\/\/www.emmentaler.ch\/de\/wp-json\/wp\/v2\/recipe_difficulty\/126"},{"embeddable":true,"taxonomy":"recipe_categories","href":"https:\/\/www.emmentaler.ch\/de\/wp-json\/wp\/v2\/recipe_categories\/152"},{"embeddable":true,"taxonomy":"recipe_preparation_time","href":"https:\/\/www.emmentaler.ch\/de\/wp-json\/wp\/v2\/recipe_preparation_time\/163"}],"acf:post":[{"embeddable":true,"href":"https:\/\/www.emmentaler.ch\/de\/wp-json\/wp\/v2\/pages\/5231"}],"wp:featuredmedia":[{"embeddable":true,"href":"https:\/\/www.emmentaler.ch\/de\/wp-json\/wp\/v2\/media\/7914"}],"wp:attachment":[{"href":"https:\/\/www.emmentaler.ch\/de\/wp-json\/wp\/v2\/media?parent=26225"}],"wp:term":[{"taxonomy":"post_tag","embeddable":true,"href":"https:\/\/www.emmentaler.ch\/de\/wp-json\/wp\/v2\/tags?post=26225"},{"taxonomy":"recipe_categories","embeddable":true,"href":"https:\/\/www.emmentaler.ch\/de\/wp-json\/wp\/v2\/recipe_categories?post=26225"},{"taxonomy":"et_countries","embeddable":true,"href":"https:\/\/www.emmentaler.ch\/de\/wp-json\/wp\/v2\/et_countries?post=26225"},{"taxonomy":"recipe_main_ingredient","embeddable":true,"href":"https:\/\/www.emmentaler.ch\/de\/wp-json\/wp\/v2\/recipe_main_ingredient?post=26225"},{"taxonomy":"recipe_difficulty","embeddable":true,"href":"https:\/\/www.emmentaler.ch\/de\/wp-json\/wp\/v2\/recipe_difficulty?post=26225"},{"taxonomy":"recipe_preparation_time","embeddable":true,"href":"https:\/\/www.emmentaler.ch\/de\/wp-json\/wp\/v2\/recipe_preparation_time?post=26225"},{"taxonomy":"recipe_diet_type","embeddable":true,"href":"https:\/\/www.emmentaler.ch\/de\/wp-json\/wp\/v2\/recipe_diet_type?post=26225"},{"taxonomy":"recipe_saison","embeddable":true,"href":"https:\/\/www.emmentaler.ch\/de\/wp-json\/wp\/v2\/recipe_saison?post=26225"}],"curies":[{"name":"wp","href":"https:\/\/api.w.org\/{rel}","templated":true}]}}