{"id":26390,"date":"2022-04-27T13:47:25","date_gmt":"2022-04-27T11:47:25","guid":{"rendered":"https:\/\/www.emmentaler.ch\/rezept\/bunter-sommersalat"},"modified":"2024-07-24T13:13:38","modified_gmt":"2024-07-24T11:13:38","slug":"bunter-sommersalat","status":"publish","type":"recipes","link":"https:\/\/www.emmentaler.ch\/de\/rezept\/bunter-sommersalat","title":{"rendered":"Bunter Sommersalat"},"author":2,"featured_media":7925,"menu_order":0,"template":"","meta":{"inline_featured_image":false},"tags":[788,769],"recipe_categories":[429],"et_countries":[],"recipe_main_ingredient":[124,123],"recipe_difficulty":[125],"recipe_preparation_time":[151],"recipe_diet_type":[134,133,132],"recipe_saison":[143],"acf":{"recipe_preparation_time":151,"recipe_categories":429,"recipe_time_txt":"","recipe_type":5226,"recipe_difficulty":125,"recipe_diet_type":[134,133,132],"recipe_main_ingredient":[124,123],"recipe_saison":[143],"recipe_count_portions":4,"recipe_ingedients":[{"recipe_ingedients_amount":"","recipe_ingedients_unit":"g","recipe_ingedients_product":""}],"temporare_zutaten":"5 EL Raps\u00f6l\r\n3 EL Essig\r\n1 EL Zitronensaft\r\n1 EL Senf\r\nSalz, Pfeffer\r\n2 Avocados\r\n300 g Cherrytomaten\r\n2 Fr\u00fchlingszwiebeln oder Zwiebeln\r\n200 g rezenter Emmentaler AOP","recipe_preparation":"Raps\u00f6l, Essig, Zitronensaft, Senf, Salz und Pfeffer zu einer Sauce verr\u00fchren.\r\n\r\nAvocados halbieren, Kerne entfernen, Fruchtfleisch aus der Schale l\u00f6sen und in W\u00fcrfel schneiden. Tomaten halbieren. Fr\u00fchlingszwiebeln mit dem Gr\u00fcn in d\u00fcnne Ringe schneiden. Emmentaler AOP in St\u00e4bchen schneiden. Alle Zutaten mit der Sauce vermischen und m\u00f6glichst bald servieren.","recipe_images":[7925]},"_links":{"self":[{"href":"https:\/\/www.emmentaler.ch\/de\/wp-json\/wp\/v2\/recipes\/26390"}],"collection":[{"href":"https:\/\/www.emmentaler.ch\/de\/wp-json\/wp\/v2\/recipes"}],"about":[{"href":"https:\/\/www.emmentaler.ch\/de\/wp-json\/wp\/v2\/types\/recipes"}],"author":[{"embeddable":true,"href":"https:\/\/www.emmentaler.ch\/de\/wp-json\/wp\/v2\/users\/2"}],"version-history":[{"count":1,"href":"https:\/\/www.emmentaler.ch\/de\/wp-json\/wp\/v2\/recipes\/26390\/revisions"}],"predecessor-version":[{"id":137797,"href":"https:\/\/www.emmentaler.ch\/de\/wp-json\/wp\/v2\/recipes\/26390\/revisions\/137797"}],"acf:attachment":[{"embeddable":true,"href":"https:\/\/www.emmentaler.ch\/de\/wp-json\/wp\/v2\/media\/7925"}],"acf:term":[{"embeddable":true,"taxonomy":"recipe_saison","href":"https:\/\/www.emmentaler.ch\/de\/wp-json\/wp\/v2\/recipe_saison\/143"},{"embeddable":true,"taxonomy":"recipe_main_ingredient","href":"https:\/\/www.emmentaler.ch\/de\/wp-json\/wp\/v2\/recipe_main_ingredient\/123"},{"embeddable":true,"taxonomy":"recipe_main_ingredient","href":"https:\/\/www.emmentaler.ch\/de\/wp-json\/wp\/v2\/recipe_main_ingredient\/124"},{"embeddable":true,"taxonomy":"recipe_diet_type","href":"https:\/\/www.emmentaler.ch\/de\/wp-json\/wp\/v2\/recipe_diet_type\/132"},{"embeddable":true,"taxonomy":"recipe_diet_type","href":"https:\/\/www.emmentaler.ch\/de\/wp-json\/wp\/v2\/recipe_diet_type\/133"},{"embeddable":true,"taxonomy":"recipe_diet_type","href":"https:\/\/www.emmentaler.ch\/de\/wp-json\/wp\/v2\/recipe_diet_type\/134"},{"embeddable":true,"taxonomy":"recipe_difficulty","href":"https:\/\/www.emmentaler.ch\/de\/wp-json\/wp\/v2\/recipe_difficulty\/125"},{"embeddable":true,"taxonomy":"recipe_categories","href":"https:\/\/www.emmentaler.ch\/de\/wp-json\/wp\/v2\/recipe_categories\/429"},{"embeddable":true,"taxonomy":"recipe_preparation_time","href":"https:\/\/www.emmentaler.ch\/de\/wp-json\/wp\/v2\/recipe_preparation_time\/151"}],"acf:post":[{"embeddable":true,"href":"https:\/\/www.emmentaler.ch\/de\/wp-json\/wp\/v2\/pages\/5226"}],"wp:featuredmedia":[{"embeddable":true,"href":"https:\/\/www.emmentaler.ch\/de\/wp-json\/wp\/v2\/media\/7925"}],"wp:attachment":[{"href":"https:\/\/www.emmentaler.ch\/de\/wp-json\/wp\/v2\/media?parent=26390"}],"wp:term":[{"taxonomy":"post_tag","embeddable":true,"href":"https:\/\/www.emmentaler.ch\/de\/wp-json\/wp\/v2\/tags?post=26390"},{"taxonomy":"recipe_categories","embeddable":true,"href":"https:\/\/www.emmentaler.ch\/de\/wp-json\/wp\/v2\/recipe_categories?post=26390"},{"taxonomy":"et_countries","embeddable":true,"href":"https:\/\/www.emmentaler.ch\/de\/wp-json\/wp\/v2\/et_countries?post=26390"},{"taxonomy":"recipe_main_ingredient","embeddable":true,"href":"https:\/\/www.emmentaler.ch\/de\/wp-json\/wp\/v2\/recipe_main_ingredient?post=26390"},{"taxonomy":"recipe_difficulty","embeddable":true,"href":"https:\/\/www.emmentaler.ch\/de\/wp-json\/wp\/v2\/recipe_difficulty?post=26390"},{"taxonomy":"recipe_preparation_time","embeddable":true,"href":"https:\/\/www.emmentaler.ch\/de\/wp-json\/wp\/v2\/recipe_preparation_time?post=26390"},{"taxonomy":"recipe_diet_type","embeddable":true,"href":"https:\/\/www.emmentaler.ch\/de\/wp-json\/wp\/v2\/recipe_diet_type?post=26390"},{"taxonomy":"recipe_saison","embeddable":true,"href":"https:\/\/www.emmentaler.ch\/de\/wp-json\/wp\/v2\/recipe_saison?post=26390"}],"curies":[{"name":"wp","href":"https:\/\/api.w.org\/{rel}","templated":true}]}}